{"id":1854,"date":"2026-02-25T18:14:47","date_gmt":"2026-02-25T18:14:47","guid":{"rendered":"https:\/\/kcpecinci.rs\/virtuelni-muzej\/?page_id=1854"},"modified":"2026-02-25T22:16:23","modified_gmt":"2026-02-25T22:16:23","slug":"zanimljivosti","status":"publish","type":"page","link":"https:\/\/kcpecinci.rs\/virtuelni-muzej\/zanimljivosti\/","title":{"rendered":"Zanimljivosti"},"content":{"rendered":"\n<main class=\"wp-block-group is-style-section-1 has-global-padding is-content-justification-center is-layout-constrained wp-block-group-is-layout-constrained is-style-section-1--1\" style=\"margin-top:0;margin-bottom:0;padding-top:var(--wp--preset--spacing--50);padding-bottom:var(--wp--preset--spacing--50)\">\n<h1 class=\"wp-block-heading has-text-align-left is-style-text-display has-raleway-font-family is-style-text-display--2\" style=\"line-height:1.6\"><strong>Zanimljivosti<\/strong><\/h1>\n\n\n\n<div class=\"wp-block-query is-layout-flow wp-block-query-is-layout-flow\"><ul class=\"wp-block-post-template is-layout-flow wp-container-core-post-template-is-layout-3ee800f6 wp-block-post-template-is-layout-flow\"><li class=\"wp-block-post post-1872 post type-post status-publish format-standard has-post-thumbnail hentry category-uncategorized\">\n\n<div class=\"wp-block-columns alignwide has-border-color is-layout-flex wp-container-core-columns-is-layout-f3e73c6b wp-block-columns-is-layout-flex\" style=\"border-color:#686868;border-width:2px;border-top-left-radius:0px;border-top-right-radius:0px;border-bottom-left-radius:0px;border-bottom-right-radius:0px;padding-top:var(--wp--preset--spacing--30);padding-right:var(--wp--preset--spacing--30);padding-bottom:var(--wp--preset--spacing--30);padding-left:var(--wp--preset--spacing--30);box-shadow:var(--wp--preset--shadow--sharp)\">\n<div class=\"wp-block-column is-layout-flow wp-block-column-is-layout-flow\" style=\"padding-top:0;padding-bottom:0;flex-basis:33.3%\"><figure style=\"aspect-ratio:4\/3;\" class=\"wp-block-post-featured-image\"><a href=\"https:\/\/kcpecinci.rs\/virtuelni-muzej\/zmaj-ognjeni-vuk-kao-simbol-kupinika-i-srednjovekovne-moci-srema\/\" target=\"_self\"  ><img loading=\"lazy\" decoding=\"async\" width=\"300\" height=\"158\" src=\"https:\/\/kcpecinci.rs\/virtuelni-muzej\/wp-content\/uploads\/sites\/2\/2026\/02\/zmaj-ognjeni-vuk-1024x539-1-300x158.jpg\" class=\"attachment-medium size-medium wp-post-image\" alt=\"Zmaj Ognjeni Vuk kao simbol Kupinika i srednjovekovne mo\u0107i Srema\" style=\"width:100%;height:100%;object-fit:cover;\" srcset=\"https:\/\/kcpecinci.rs\/virtuelni-muzej\/wp-content\/uploads\/sites\/2\/2026\/02\/zmaj-ognjeni-vuk-1024x539-1-300x158.jpg 300w, https:\/\/kcpecinci.rs\/virtuelni-muzej\/wp-content\/uploads\/sites\/2\/2026\/02\/zmaj-ognjeni-vuk-1024x539-1-768x404.jpg 768w, https:\/\/kcpecinci.rs\/virtuelni-muzej\/wp-content\/uploads\/sites\/2\/2026\/02\/zmaj-ognjeni-vuk-1024x539-1.jpg 1024w\" sizes=\"auto, (max-width: 300px) 100vw, 300px\" \/><\/a><\/figure><\/div>\n\n\n\n<div class=\"wp-block-column is-layout-flow wp-block-column-is-layout-flow\" style=\"flex-basis:66.7%\"><div style=\"padding-top:0;padding-bottom:0;padding-left:0;padding-right:0;margin-top:0;margin-bottom:0;margin-left:0;margin-right:0;\" class=\"wp-block-post-date__modified-date wp-block-post-date\"><time datetime=\"2026-02-27T14:43:03+00:00\">02\/27\/2026<\/time><\/div>\n\n<h2 style=\"margin-top:0;margin-bottom:0;\" class=\"wp-block-post-title has-x-large-font-size\"><a href=\"https:\/\/kcpecinci.rs\/virtuelni-muzej\/zmaj-ognjeni-vuk-kao-simbol-kupinika-i-srednjovekovne-moci-srema\/\" target=\"_self\" >Zmaj Ognjeni Vuk kao simbol Kupinika i srednjovekovne mo\u0107i Srema<\/a><\/h2>\n\n<div class=\"wp-block-post-excerpt has-small-font-size\"><p class=\"wp-block-post-excerpt__excerpt\">U istoriji Donjeg Srema posebno mesto zauzimaju despoti iz loze Brankovi\u0107a, \u010dija je vlast u 15. veku oblikovala politi\u010dki i kulturni pejza\u017e ovog prostora. Nakon pada srednjovekovne Srbije pod sve ja\u010dim osmanskim pritiskom, Srem je postao nova politi\u010dka i duhovna oaza srpskog dr\u017eavotvornog \u017eivota. Despoti Brankovi\u0107i, oslanjaju\u0107i se na ugarsku podr\u0161ku, upravljali su Sremom kao<\/p><p class=\"wp-block-post-excerpt__more-text\"><a class=\"wp-block-post-excerpt__more-link\" href=\"https:\/\/kcpecinci.rs\/virtuelni-muzej\/zmaj-ognjeni-vuk-kao-simbol-kupinika-i-srednjovekovne-moci-srema\/\">Vidi jo\u0161&#8230;<\/a><\/p><\/div><\/div>\n<\/div>\n\n<\/li><li class=\"wp-block-post post-1868 post type-post status-publish format-standard has-post-thumbnail hentry category-uncategorized\">\n\n<div class=\"wp-block-columns alignwide has-border-color is-layout-flex wp-container-core-columns-is-layout-f3e73c6b wp-block-columns-is-layout-flex\" style=\"border-color:#686868;border-width:2px;border-top-left-radius:0px;border-top-right-radius:0px;border-bottom-left-radius:0px;border-bottom-right-radius:0px;padding-top:var(--wp--preset--spacing--30);padding-right:var(--wp--preset--spacing--30);padding-bottom:var(--wp--preset--spacing--30);padding-left:var(--wp--preset--spacing--30);box-shadow:var(--wp--preset--shadow--sharp)\">\n<div class=\"wp-block-column is-layout-flow wp-block-column-is-layout-flow\" style=\"padding-top:0;padding-bottom:0;flex-basis:33.3%\"><figure style=\"aspect-ratio:4\/3;\" class=\"wp-block-post-featured-image\"><a href=\"https:\/\/kcpecinci.rs\/virtuelni-muzej\/boravak-karadjordja-u-donjem-sremu\/\" target=\"_self\"  ><img loading=\"lazy\" decoding=\"async\" width=\"300\" height=\"232\" src=\"https:\/\/kcpecinci.rs\/virtuelni-muzej\/wp-content\/uploads\/sites\/2\/2026\/02\/The-Assassination-of-Karadjordje-1863.-National-Museum-Belgrade-300x232.jpg\" class=\"attachment-medium size-medium wp-post-image\" alt=\"Boravak Kara\u0111or\u0111a u Donjem Sremu\" style=\"width:100%;height:100%;object-fit:cover;\" srcset=\"https:\/\/kcpecinci.rs\/virtuelni-muzej\/wp-content\/uploads\/sites\/2\/2026\/02\/The-Assassination-of-Karadjordje-1863.-National-Museum-Belgrade-300x232.jpg 300w, https:\/\/kcpecinci.rs\/virtuelni-muzej\/wp-content\/uploads\/sites\/2\/2026\/02\/The-Assassination-of-Karadjordje-1863.-National-Museum-Belgrade-768x594.jpg 768w, https:\/\/kcpecinci.rs\/virtuelni-muzej\/wp-content\/uploads\/sites\/2\/2026\/02\/The-Assassination-of-Karadjordje-1863.-National-Museum-Belgrade.jpg 800w\" sizes=\"auto, (max-width: 300px) 100vw, 300px\" \/><\/a><\/figure><\/div>\n\n\n\n<div class=\"wp-block-column is-layout-flow wp-block-column-is-layout-flow\" style=\"flex-basis:66.7%\"><div style=\"padding-top:0;padding-bottom:0;padding-left:0;padding-right:0;margin-top:0;margin-bottom:0;margin-left:0;margin-right:0;\" class=\"wp-block-post-date__modified-date wp-block-post-date\"><time datetime=\"2026-02-27T14:33:36+00:00\">02\/27\/2026<\/time><\/div>\n\n<h2 style=\"margin-top:0;margin-bottom:0;\" class=\"wp-block-post-title has-x-large-font-size\"><a href=\"https:\/\/kcpecinci.rs\/virtuelni-muzej\/boravak-karadjordja-u-donjem-sremu\/\" target=\"_self\" >Boravak Kara\u0111or\u0111a u Donjem Sremu<\/a><\/h2>\n\n<div class=\"wp-block-post-excerpt has-small-font-size\"><p class=\"wp-block-post-excerpt__excerpt\">Kada se govori o Donjem Sremu kao prostoru kulturnog i istorijskog nasle\u0111a, \u010desto se pominju manastiri, stare seoske ku\u0107e i tragovi nekada\u0161njih puteva koji su povezivali Srem sa ostatkom Balkana. Jedan od tih tragova vezan je za 1787. godinu \u2013 vreme Austro-turskog rata \u2013 kada je mladi \u0110or\u0111e Petrovi\u0107, kasnije poznat kao Kara\u0111or\u0111e, prolazio kroz<\/p><p class=\"wp-block-post-excerpt__more-text\"><a class=\"wp-block-post-excerpt__more-link\" href=\"https:\/\/kcpecinci.rs\/virtuelni-muzej\/boravak-karadjordja-u-donjem-sremu\/\">Vidi jo\u0161&#8230;<\/a><\/p><\/div><\/div>\n<\/div>\n\n<\/li><li class=\"wp-block-post post-1819 post type-post status-publish format-standard has-post-thumbnail hentry category-uncategorized\">\n\n<div class=\"wp-block-columns alignwide has-border-color is-layout-flex wp-container-core-columns-is-layout-f3e73c6b wp-block-columns-is-layout-flex\" style=\"border-color:#686868;border-width:2px;border-top-left-radius:0px;border-top-right-radius:0px;border-bottom-left-radius:0px;border-bottom-right-radius:0px;padding-top:var(--wp--preset--spacing--30);padding-right:var(--wp--preset--spacing--30);padding-bottom:var(--wp--preset--spacing--30);padding-left:var(--wp--preset--spacing--30);box-shadow:var(--wp--preset--shadow--sharp)\">\n<div class=\"wp-block-column is-layout-flow wp-block-column-is-layout-flow\" style=\"padding-top:0;padding-bottom:0;flex-basis:33.3%\"><figure style=\"aspect-ratio:4\/3;\" class=\"wp-block-post-featured-image\"><a href=\"https:\/\/kcpecinci.rs\/virtuelni-muzej\/beletinci-kao-znacajan-dokaz-postojanja-praistorijskog-zivota-u-donjem-sremu\/\" target=\"_self\"  ><img loading=\"lazy\" decoding=\"async\" width=\"300\" height=\"225\" src=\"https:\/\/kcpecinci.rs\/virtuelni-muzej\/wp-content\/uploads\/sites\/2\/2026\/01\/arheoloski-lokalitet-beletinci-obrez-Stare-09-300x225.webp\" class=\"attachment-medium size-medium wp-post-image\" alt=\"&#8222;Beletinci&#8220; kao zna\u010dajan dokaz postojanja praistorijskog \u017eivota u Donjem Sremu\" style=\"width:100%;height:100%;object-fit:cover;\" srcset=\"https:\/\/kcpecinci.rs\/virtuelni-muzej\/wp-content\/uploads\/sites\/2\/2026\/01\/arheoloski-lokalitet-beletinci-obrez-Stare-09-300x225.webp 300w, https:\/\/kcpecinci.rs\/virtuelni-muzej\/wp-content\/uploads\/sites\/2\/2026\/01\/arheoloski-lokalitet-beletinci-obrez-Stare-09-1024x768.webp 1024w, https:\/\/kcpecinci.rs\/virtuelni-muzej\/wp-content\/uploads\/sites\/2\/2026\/01\/arheoloski-lokalitet-beletinci-obrez-Stare-09-768x576.webp 768w, https:\/\/kcpecinci.rs\/virtuelni-muzej\/wp-content\/uploads\/sites\/2\/2026\/01\/arheoloski-lokalitet-beletinci-obrez-Stare-09-1536x1152.webp 1536w, https:\/\/kcpecinci.rs\/virtuelni-muzej\/wp-content\/uploads\/sites\/2\/2026\/01\/arheoloski-lokalitet-beletinci-obrez-Stare-09.webp 1600w\" sizes=\"auto, (max-width: 300px) 100vw, 300px\" \/><\/a><\/figure><\/div>\n\n\n\n<div class=\"wp-block-column is-layout-flow wp-block-column-is-layout-flow\" style=\"flex-basis:66.7%\"><div style=\"padding-top:0;padding-bottom:0;padding-left:0;padding-right:0;margin-top:0;margin-bottom:0;margin-left:0;margin-right:0;\" class=\"wp-block-post-date__modified-date wp-block-post-date\"><time datetime=\"2026-02-25T17:41:01+00:00\">02\/25\/2026<\/time><\/div>\n\n<h2 style=\"margin-top:0;margin-bottom:0;\" class=\"wp-block-post-title has-x-large-font-size\"><a href=\"https:\/\/kcpecinci.rs\/virtuelni-muzej\/beletinci-kao-znacajan-dokaz-postojanja-praistorijskog-zivota-u-donjem-sremu\/\" target=\"_self\" >&#8222;Beletinci&#8220; kao zna\u010dajan dokaz postojanja praistorijskog \u017eivota u Donjem Sremu<\/a><\/h2>\n\n<div class=\"wp-block-post-excerpt has-small-font-size\"><p class=\"wp-block-post-excerpt__excerpt\">Lokacija i istorijski kontekst Lokalitet Beletinci nalazi se u potesu \u201eBeletinci\u201c u blizini sela Obre\u017e, na teritoriji op\u0161tine Pe\u0107inci u Sremu. Sme\u0161ten je oko 4 km jugozapadno od sela, uz seoski put ka Vitojevcima i Grabovcima, izme\u0111u \u0161ume \u201eAluga\u201c i vodoplavnog terena bare \u201eKova\u010dice\u201c. Praistorijsko naselje i arheolo\u0161ki nalazi Istra\u017eivanja ovog lokaliteta ukazuju da se<\/p><p class=\"wp-block-post-excerpt__more-text\"><a class=\"wp-block-post-excerpt__more-link\" href=\"https:\/\/kcpecinci.rs\/virtuelni-muzej\/beletinci-kao-znacajan-dokaz-postojanja-praistorijskog-zivota-u-donjem-sremu\/\">Vidi jo\u0161&#8230;<\/a><\/p><\/div><\/div>\n<\/div>\n\n<\/li><\/ul>\n\n\n<div class=\"wp-block-group alignwide has-global-padding is-layout-constrained wp-block-group-is-layout-constrained\"><\/div>\n<\/div>\n<\/main>\n","protected":false},"excerpt":{"rendered":"<p>Zanimljivosti<\/p>\n","protected":false},"author":1,"featured_media":112,"parent":0,"menu_order":0,"comment_status":"closed","ping_status":"closed","template":"page-no-title","meta":{"_acf_changed":false,"footnotes":""},"class_list":["post-1854","page","type-page","status-publish","has-post-thumbnail","hentry"],"acf":[],"mb":[],"yoast_head":"<!-- This site is optimized with the Yoast SEO plugin v26.8 - https:\/\/yoast.com\/product\/yoast-seo-wordpress\/ -->\n<title>Zanimljivosti - Virtuelni muzej nepokretnog kulturnog nasle\u0111a u Donjem Sremu<\/title>\n<meta name=\"robots\" content=\"index, follow, max-snippet:-1, max-image-preview:large, max-video-preview:-1\" \/>\n<link rel=\"canonical\" href=\"https:\/\/kcpecinci.rs\/virtuelni-muzej\/zanimljivosti\/\" \/>\n<meta property=\"og:locale\" content=\"sr_RS\" \/>\n<meta property=\"og:type\" content=\"article\" \/>\n<meta property=\"og:title\" content=\"Zanimljivosti - Virtuelni muzej nepokretnog kulturnog nasle\u0111a u Donjem Sremu\" \/>\n<meta property=\"og:description\" content=\"Zanimljivosti\" \/>\n<meta property=\"og:url\" content=\"https:\/\/kcpecinci.rs\/virtuelni-muzej\/zanimljivosti\/\" \/>\n<meta property=\"og:site_name\" content=\"Virtuelni muzej nepokretnog kulturnog nasle\u0111a u Donjem Sremu\" \/>\n<meta property=\"article:modified_time\" content=\"2026-02-25T22:16:23+00:00\" \/>\n<meta property=\"og:image\" content=\"https:\/\/kcpecinci.rs\/virtuelni-muzej\/wp-content\/uploads\/sites\/2\/2026\/01\/muzej-removebg-preview-edited.png\" \/>\n\t<meta property=\"og:image:width\" content=\"612\" \/>\n\t<meta property=\"og:image:height\" content=\"344\" \/>\n\t<meta property=\"og:image:type\" content=\"image\/png\" \/>\n<meta name=\"twitter:card\" content=\"summary_large_image\" \/>\n<meta name=\"twitter:label1\" content=\"Procenjeno vreme \u010ditanja\" \/>\n\t<meta name=\"twitter:data1\" content=\"1 minut\" \/>\n<script type=\"application\/ld+json\" class=\"yoast-schema-graph\">{\"@context\":\"https:\/\/schema.org\",\"@graph\":[{\"@type\":\"WebPage\",\"@id\":\"https:\/\/kcpecinci.rs\/virtuelni-muzej\/zanimljivosti\/\",\"url\":\"https:\/\/kcpecinci.rs\/virtuelni-muzej\/zanimljivosti\/\",\"name\":\"Zanimljivosti - Virtuelni muzej nepokretnog kulturnog nasle\u0111a u Donjem Sremu\",\"isPartOf\":{\"@id\":\"https:\/\/kcpecinci.rs\/virtuelni-muzej\/#website\"},\"primaryImageOfPage\":{\"@id\":\"https:\/\/kcpecinci.rs\/virtuelni-muzej\/zanimljivosti\/#primaryimage\"},\"image\":{\"@id\":\"https:\/\/kcpecinci.rs\/virtuelni-muzej\/zanimljivosti\/#primaryimage\"},\"thumbnailUrl\":\"https:\/\/kcpecinci.rs\/virtuelni-muzej\/wp-content\/uploads\/sites\/2\/2026\/01\/muzej-removebg-preview-edited.png\",\"datePublished\":\"2026-02-25T18:14:47+00:00\",\"dateModified\":\"2026-02-25T22:16:23+00:00\",\"breadcrumb\":{\"@id\":\"https:\/\/kcpecinci.rs\/virtuelni-muzej\/zanimljivosti\/#breadcrumb\"},\"inLanguage\":\"sr-RS\",\"potentialAction\":[{\"@type\":\"ReadAction\",\"target\":[\"https:\/\/kcpecinci.rs\/virtuelni-muzej\/zanimljivosti\/\"]}]},{\"@type\":\"ImageObject\",\"inLanguage\":\"sr-RS\",\"@id\":\"https:\/\/kcpecinci.rs\/virtuelni-muzej\/zanimljivosti\/#primaryimage\",\"url\":\"https:\/\/kcpecinci.rs\/virtuelni-muzej\/wp-content\/uploads\/sites\/2\/2026\/01\/muzej-removebg-preview-edited.png\",\"contentUrl\":\"https:\/\/kcpecinci.rs\/virtuelni-muzej\/wp-content\/uploads\/sites\/2\/2026\/01\/muzej-removebg-preview-edited.png\",\"width\":612,\"height\":344,\"caption\":\"Muzej kulturnog centra logo\"},{\"@type\":\"BreadcrumbList\",\"@id\":\"https:\/\/kcpecinci.rs\/virtuelni-muzej\/zanimljivosti\/#breadcrumb\",\"itemListElement\":[{\"@type\":\"ListItem\",\"position\":1,\"name\":\"\u041f\u043e\u0447\u0435\u0442\u043d\u0430\",\"item\":\"https:\/\/kcpecinci.rs\/virtuelni-muzej\/\"},{\"@type\":\"ListItem\",\"position\":2,\"name\":\"Zanimljivosti\"}]},{\"@type\":\"WebSite\",\"@id\":\"https:\/\/kcpecinci.rs\/virtuelni-muzej\/#website\",\"url\":\"https:\/\/kcpecinci.rs\/virtuelni-muzej\/\",\"name\":\"Virtuelni muzej nepokretnog kulturnog nasle\u0111a u Donjem Sremu\",\"description\":\"Pri\u010de i spomenici Donjeg Srema\",\"publisher\":{\"@id\":\"https:\/\/kcpecinci.rs\/virtuelni-muzej\/#organization\"},\"potentialAction\":[{\"@type\":\"SearchAction\",\"target\":{\"@type\":\"EntryPoint\",\"urlTemplate\":\"https:\/\/kcpecinci.rs\/virtuelni-muzej\/?s={search_term_string}\"},\"query-input\":{\"@type\":\"PropertyValueSpecification\",\"valueRequired\":true,\"valueName\":\"search_term_string\"}}],\"inLanguage\":\"sr-RS\"},{\"@type\":\"Organization\",\"@id\":\"https:\/\/kcpecinci.rs\/virtuelni-muzej\/#organization\",\"name\":\"Virtuelni muzej nepokretnog kulturnog nasle\u0111a u Donjem Sremu\",\"url\":\"https:\/\/kcpecinci.rs\/virtuelni-muzej\/\",\"logo\":{\"@type\":\"ImageObject\",\"inLanguage\":\"sr-RS\",\"@id\":\"https:\/\/kcpecinci.rs\/virtuelni-muzej\/#\/schema\/logo\/image\/\",\"url\":\"https:\/\/kcpecinci.rs\/virtuelni-muzej\/wp-content\/uploads\/sites\/2\/2026\/02\/logo-nobg.png\",\"contentUrl\":\"https:\/\/kcpecinci.rs\/virtuelni-muzej\/wp-content\/uploads\/sites\/2\/2026\/02\/logo-nobg.png\",\"width\":542,\"height\":443,\"caption\":\"Virtuelni muzej nepokretnog kulturnog nasle\u0111a u Donjem Sremu\"},\"image\":{\"@id\":\"https:\/\/kcpecinci.rs\/virtuelni-muzej\/#\/schema\/logo\/image\/\"}}]}<\/script>\n<!-- \/ Yoast SEO plugin. -->","yoast_head_json":{"title":"Zanimljivosti - Virtuelni muzej nepokretnog kulturnog nasle\u0111a u Donjem Sremu","robots":{"index":"index","follow":"follow","max-snippet":"max-snippet:-1","max-image-preview":"max-image-preview:large","max-video-preview":"max-video-preview:-1"},"canonical":"https:\/\/kcpecinci.rs\/virtuelni-muzej\/zanimljivosti\/","og_locale":"sr_RS","og_type":"article","og_title":"Zanimljivosti - Virtuelni muzej nepokretnog kulturnog nasle\u0111a u Donjem Sremu","og_description":"Zanimljivosti","og_url":"https:\/\/kcpecinci.rs\/virtuelni-muzej\/zanimljivosti\/","og_site_name":"Virtuelni muzej nepokretnog kulturnog nasle\u0111a u Donjem Sremu","article_modified_time":"2026-02-25T22:16:23+00:00","og_image":[{"width":612,"height":344,"url":"https:\/\/kcpecinci.rs\/virtuelni-muzej\/wp-content\/uploads\/sites\/2\/2026\/01\/muzej-removebg-preview-edited.png","type":"image\/png"}],"twitter_card":"summary_large_image","twitter_misc":{"\u041f\u0440\u043e\u0446\u0435\u045a\u0435\u043d\u043e \u0432\u0440\u0435\u043c\u0435 \u0447\u0438\u0442\u0430\u045a\u0430":"1 minut"},"schema":{"@context":"https:\/\/schema.org","@graph":[{"@type":"WebPage","@id":"https:\/\/kcpecinci.rs\/virtuelni-muzej\/zanimljivosti\/","url":"https:\/\/kcpecinci.rs\/virtuelni-muzej\/zanimljivosti\/","name":"Zanimljivosti - Virtuelni muzej nepokretnog kulturnog nasle\u0111a u Donjem Sremu","isPartOf":{"@id":"https:\/\/kcpecinci.rs\/virtuelni-muzej\/#website"},"primaryImageOfPage":{"@id":"https:\/\/kcpecinci.rs\/virtuelni-muzej\/zanimljivosti\/#primaryimage"},"image":{"@id":"https:\/\/kcpecinci.rs\/virtuelni-muzej\/zanimljivosti\/#primaryimage"},"thumbnailUrl":"https:\/\/kcpecinci.rs\/virtuelni-muzej\/wp-content\/uploads\/sites\/2\/2026\/01\/muzej-removebg-preview-edited.png","datePublished":"2026-02-25T18:14:47+00:00","dateModified":"2026-02-25T22:16:23+00:00","breadcrumb":{"@id":"https:\/\/kcpecinci.rs\/virtuelni-muzej\/zanimljivosti\/#breadcrumb"},"inLanguage":"sr-RS","potentialAction":[{"@type":"ReadAction","target":["https:\/\/kcpecinci.rs\/virtuelni-muzej\/zanimljivosti\/"]}]},{"@type":"ImageObject","inLanguage":"sr-RS","@id":"https:\/\/kcpecinci.rs\/virtuelni-muzej\/zanimljivosti\/#primaryimage","url":"https:\/\/kcpecinci.rs\/virtuelni-muzej\/wp-content\/uploads\/sites\/2\/2026\/01\/muzej-removebg-preview-edited.png","contentUrl":"https:\/\/kcpecinci.rs\/virtuelni-muzej\/wp-content\/uploads\/sites\/2\/2026\/01\/muzej-removebg-preview-edited.png","width":612,"height":344,"caption":"Muzej kulturnog centra logo"},{"@type":"BreadcrumbList","@id":"https:\/\/kcpecinci.rs\/virtuelni-muzej\/zanimljivosti\/#breadcrumb","itemListElement":[{"@type":"ListItem","position":1,"name":"Po\u010detna","item":"https:\/\/kcpecinci.rs\/virtuelni-muzej\/"},{"@type":"ListItem","position":2,"name":"Zanimljivosti"}]},{"@type":"WebSite","@id":"https:\/\/kcpecinci.rs\/virtuelni-muzej\/#website","url":"https:\/\/kcpecinci.rs\/virtuelni-muzej\/","name":"Virtuelni muzej nepokretnog kulturnog nasle\u0111a u Donjem Sremu","description":"Pri\u010de i spomenici Donjeg Srema","publisher":{"@id":"https:\/\/kcpecinci.rs\/virtuelni-muzej\/#organization"},"potentialAction":[{"@type":"SearchAction","target":{"@type":"EntryPoint","urlTemplate":"https:\/\/kcpecinci.rs\/virtuelni-muzej\/?s={search_term_string}"},"query-input":{"@type":"PropertyValueSpecification","valueRequired":true,"valueName":"search_term_string"}}],"inLanguage":"sr-RS"},{"@type":"Organization","@id":"https:\/\/kcpecinci.rs\/virtuelni-muzej\/#organization","name":"Virtuelni muzej nepokretnog kulturnog nasle\u0111a u Donjem Sremu","url":"https:\/\/kcpecinci.rs\/virtuelni-muzej\/","logo":{"@type":"ImageObject","inLanguage":"sr-RS","@id":"https:\/\/kcpecinci.rs\/virtuelni-muzej\/#\/schema\/logo\/image\/","url":"https:\/\/kcpecinci.rs\/virtuelni-muzej\/wp-content\/uploads\/sites\/2\/2026\/02\/logo-nobg.png","contentUrl":"https:\/\/kcpecinci.rs\/virtuelni-muzej\/wp-content\/uploads\/sites\/2\/2026\/02\/logo-nobg.png","width":542,"height":443,"caption":"Virtuelni muzej nepokretnog kulturnog nasle\u0111a u Donjem Sremu"},"image":{"@id":"https:\/\/kcpecinci.rs\/virtuelni-muzej\/#\/schema\/logo\/image\/"}}]}},"mfb_rest_fields":["title","yoast_head","yoast_head_json"],"_links":{"self":[{"href":"https:\/\/kcpecinci.rs\/virtuelni-muzej\/wp-json\/wp\/v2\/pages\/1854","targetHints":{"allow":["GET"]}}],"collection":[{"href":"https:\/\/kcpecinci.rs\/virtuelni-muzej\/wp-json\/wp\/v2\/pages"}],"about":[{"href":"https:\/\/kcpecinci.rs\/virtuelni-muzej\/wp-json\/wp\/v2\/types\/page"}],"author":[{"embeddable":true,"href":"https:\/\/kcpecinci.rs\/virtuelni-muzej\/wp-json\/wp\/v2\/users\/1"}],"replies":[{"embeddable":true,"href":"https:\/\/kcpecinci.rs\/virtuelni-muzej\/wp-json\/wp\/v2\/comments?post=1854"}],"version-history":[{"count":5,"href":"https:\/\/kcpecinci.rs\/virtuelni-muzej\/wp-json\/wp\/v2\/pages\/1854\/revisions"}],"predecessor-version":[{"id":1865,"href":"https:\/\/kcpecinci.rs\/virtuelni-muzej\/wp-json\/wp\/v2\/pages\/1854\/revisions\/1865"}],"wp:featuredmedia":[{"embeddable":true,"href":"https:\/\/kcpecinci.rs\/virtuelni-muzej\/wp-json\/wp\/v2\/media\/112"}],"wp:attachment":[{"href":"https:\/\/kcpecinci.rs\/virtuelni-muzej\/wp-json\/wp\/v2\/media?parent=1854"}],"curies":[{"name":"wp","href":"https:\/\/api.w.org\/{rel}","templated":true}]}}