{"id":13,"date":"2025-11-15T14:15:54","date_gmt":"2025-11-15T14:15:54","guid":{"rendered":"https:\/\/kcpecinci.rs\/virtuelni-muzej\/?page_id=13"},"modified":"2026-02-04T19:11:24","modified_gmt":"2026-02-04T19:11:24","slug":"pocetna-virtue-m","status":"publish","type":"page","link":"https:\/\/kcpecinci.rs\/virtuelni-muzej\/","title":{"rendered":"MuzejHome"},"content":{"rendered":"\n<div class=\"wp-block-cover alignfull has-accent-1-color has-text-color has-link-color wp-elements-e2d8aae3cacc9e016700a74c3572e3b0\" style=\"margin-top:0;margin-bottom:0;padding-top:280px;padding-right:var(--wp--preset--spacing--50);padding-bottom:280px;padding-left:var(--wp--preset--spacing--50);min-height:100vh;aspect-ratio:unset;\"><img loading=\"lazy\" decoding=\"async\" width=\"1600\" height=\"1065\" class=\"wp-block-cover__image-background wp-image-978 size-full\" alt=\"slika uru\u0161ene spc Svetog Duha u Kupinovu\" src=\"https:\/\/kcpecinci.rs\/virtuelni-muzej\/wp-content\/uploads\/sites\/2\/2026\/01\/kupinovo-spc-sv-duha-Stare-07.webp\" data-object-fit=\"cover\" srcset=\"https:\/\/kcpecinci.rs\/virtuelni-muzej\/wp-content\/uploads\/sites\/2\/2026\/01\/kupinovo-spc-sv-duha-Stare-07.webp 1600w, https:\/\/kcpecinci.rs\/virtuelni-muzej\/wp-content\/uploads\/sites\/2\/2026\/01\/kupinovo-spc-sv-duha-Stare-07-300x200.webp 300w, https:\/\/kcpecinci.rs\/virtuelni-muzej\/wp-content\/uploads\/sites\/2\/2026\/01\/kupinovo-spc-sv-duha-Stare-07-1024x682.webp 1024w, https:\/\/kcpecinci.rs\/virtuelni-muzej\/wp-content\/uploads\/sites\/2\/2026\/01\/kupinovo-spc-sv-duha-Stare-07-768x511.webp 768w, https:\/\/kcpecinci.rs\/virtuelni-muzej\/wp-content\/uploads\/sites\/2\/2026\/01\/kupinovo-spc-sv-duha-Stare-07-1536x1022.webp 1536w\" sizes=\"auto, (max-width: 1600px) 100vw, 1600px\" \/><span aria-hidden=\"true\" class=\"wp-block-cover__background has-background-dim-70 has-background-dim\" style=\"background-color:#483309\"><\/span><div class=\"wp-block-cover__inner-container has-global-padding is-layout-constrained wp-container-core-cover-is-layout-e3b7aab2 wp-block-cover-is-layout-constrained\">\n<h3 class=\"wp-block-heading has-text-align-center has-xx-large-font-size\" style=\"font-style:normal;font-weight:500;text-transform:uppercase\"><strong>Otkrijte Mesta Koja \u010cuvaju Istoriju<\/strong><\/h3>\n\n\n\n<p class=\"has-text-align-center\">Projekat obuhvata 15 naselja Donjeg Srema, od A\u0161anje do \u0160imanovaca. Svako od ovih mesta nosi jedinstvenu kulturnu ba\u0161tinu, od narodnog graditeljstva do sakralnih objekata. Otkrijte kako ova mesta \u010duvaju pro\u0161lost i tradiciju<\/p>\n\n\n\n<div class=\"wp-block-buttons is-content-justification-center is-layout-flex wp-container-core-buttons-is-layout-a89b3969 wp-block-buttons-is-layout-flex\">\n<div class=\"wp-block-button is-style-fill custom-home-button\"><a class=\"wp-block-button__link has-custom-lime-color has-text-color has-background has-link-color has-border-color wp-element-button\" href=\"\/virtuelni-muzej\/mesto\/asanja\/\" style=\"border-color:#d0ff00;border-width:2px;border-top-left-radius:46px;border-top-right-radius:46px;border-bottom-left-radius:46px;border-bottom-right-radius:46px;background-color:#3b110900\">Istra\u017eite Mesta<\/a><\/div>\n<\/div>\n<\/div><\/div>\n\n\n\n<div class=\"wp-block-cover alignfull has-accent-1-color has-text-color has-link-color wp-elements-0dbfc64f6fc842bf39e7e028af8cc668\" style=\"margin-top:0;margin-bottom:0;padding-top:280px;padding-right:var(--wp--preset--spacing--50);padding-bottom:280px;padding-left:var(--wp--preset--spacing--50);min-height:100vh;aspect-ratio:unset;\"><img loading=\"lazy\" decoding=\"async\" width=\"1600\" height=\"1539\" class=\"wp-block-cover__image-background wp-image-1083 size-full\" alt=\"\" src=\"https:\/\/kcpecinci.rs\/virtuelni-muzej\/wp-content\/uploads\/sites\/2\/2026\/01\/simanovci-spc-sv-nikole-marsala-tita-Nove-20.webp\" data-object-fit=\"cover\" srcset=\"https:\/\/kcpecinci.rs\/virtuelni-muzej\/wp-content\/uploads\/sites\/2\/2026\/01\/simanovci-spc-sv-nikole-marsala-tita-Nove-20.webp 1600w, https:\/\/kcpecinci.rs\/virtuelni-muzej\/wp-content\/uploads\/sites\/2\/2026\/01\/simanovci-spc-sv-nikole-marsala-tita-Nove-20-300x289.webp 300w, https:\/\/kcpecinci.rs\/virtuelni-muzej\/wp-content\/uploads\/sites\/2\/2026\/01\/simanovci-spc-sv-nikole-marsala-tita-Nove-20-1024x985.webp 1024w, https:\/\/kcpecinci.rs\/virtuelni-muzej\/wp-content\/uploads\/sites\/2\/2026\/01\/simanovci-spc-sv-nikole-marsala-tita-Nove-20-768x739.webp 768w, https:\/\/kcpecinci.rs\/virtuelni-muzej\/wp-content\/uploads\/sites\/2\/2026\/01\/simanovci-spc-sv-nikole-marsala-tita-Nove-20-1536x1477.webp 1536w\" sizes=\"auto, (max-width: 1600px) 100vw, 1600px\" \/><span aria-hidden=\"true\" class=\"wp-block-cover__background has-background-dim-70 has-background-dim\" style=\"background-color:#483309\"><\/span><div class=\"wp-block-cover__inner-container has-global-padding is-layout-constrained wp-container-core-cover-is-layout-e3b7aab2 wp-block-cover-is-layout-constrained\">\n<h3 class=\"wp-block-heading has-text-align-center has-xx-large-font-size\" style=\"text-transform:uppercase\"><strong>Raznoliki Spomenici, Jedinstvena Ba\u0161tina<\/strong><\/h3>\n\n\n\n<p class=\"has-text-align-center\">Bilo da su to spomenici, tvr\u0111ave, arheolo\u0161ka nalazi\u0161ta ili objekti narodne arhitekture, svaki od ovih spomenika doprinosi bogatstvu kulturnog identiteta ovog kraja. Svaka vrsta spomenika ima svoju pri\u010du<br><\/p>\n\n\n\n<div class=\"wp-block-buttons is-content-justification-center is-layout-flex wp-container-core-buttons-is-layout-a89b3969 wp-block-buttons-is-layout-flex\">\n<div class=\"wp-block-button is-style-fill custom-home-button\"><a class=\"wp-block-button__link has-custom-lime-color has-text-color has-background has-link-color has-border-color wp-element-button\" href=\"\/virtuelni-muzej\/vrsta-spomenika\/narodno-graditeljstvo\/\" style=\"border-color:#d0ff00;border-width:2px;border-top-left-radius:42px;border-top-right-radius:42px;border-bottom-left-radius:42px;border-bottom-right-radius:42px;background-color:#1a1a1a00\">Prona\u0111ite Spomenike<\/a><\/div>\n<\/div>\n<\/div><\/div>\n\n\n\n\n\n<div class=\"wp-block-cover alignfull has-accent-1-color has-text-color has-link-color wp-elements-6071204fe0bfd10657329697428151cd\" style=\"margin-top:0;margin-bottom:0;padding-top:280px;padding-right:var(--wp--preset--spacing--50);padding-bottom:280px;padding-left:var(--wp--preset--spacing--50);min-height:100vh;aspect-ratio:unset;\"><img loading=\"lazy\" decoding=\"async\" width=\"1600\" height=\"1200\" class=\"wp-block-cover__image-background wp-image-1215 size-full\" alt=\"Slika detalja na ambaru u Sremskim Mihaljevcima\" src=\"https:\/\/kcpecinci.rs\/virtuelni-muzej\/wp-content\/uploads\/sites\/2\/2026\/01\/sremski-mihaljevci-ambar-kotobanja-prhovacka-70-Nove-17.webp\" data-object-fit=\"cover\" srcset=\"https:\/\/kcpecinci.rs\/virtuelni-muzej\/wp-content\/uploads\/sites\/2\/2026\/01\/sremski-mihaljevci-ambar-kotobanja-prhovacka-70-Nove-17.webp 1600w, https:\/\/kcpecinci.rs\/virtuelni-muzej\/wp-content\/uploads\/sites\/2\/2026\/01\/sremski-mihaljevci-ambar-kotobanja-prhovacka-70-Nove-17-300x225.webp 300w, https:\/\/kcpecinci.rs\/virtuelni-muzej\/wp-content\/uploads\/sites\/2\/2026\/01\/sremski-mihaljevci-ambar-kotobanja-prhovacka-70-Nove-17-1024x768.webp 1024w, https:\/\/kcpecinci.rs\/virtuelni-muzej\/wp-content\/uploads\/sites\/2\/2026\/01\/sremski-mihaljevci-ambar-kotobanja-prhovacka-70-Nove-17-768x576.webp 768w, https:\/\/kcpecinci.rs\/virtuelni-muzej\/wp-content\/uploads\/sites\/2\/2026\/01\/sremski-mihaljevci-ambar-kotobanja-prhovacka-70-Nove-17-1536x1152.webp 1536w\" sizes=\"auto, (max-width: 1600px) 100vw, 1600px\" \/><span aria-hidden=\"true\" class=\"wp-block-cover__background has-background-dim-70 has-background-dim\" style=\"background-color:#483309\"><\/span><div class=\"wp-block-cover__inner-container has-global-padding is-layout-constrained wp-container-core-cover-is-layout-e3b7aab2 wp-block-cover-is-layout-constrained\">\n<h3 class=\"wp-block-heading has-text-align-center has-xx-large-font-size\" style=\"text-transform:uppercase\"><strong><strong>Za\u0161tita Koja \u010cuva Na\u0161u Ba\u0161tinu<\/strong><\/strong><\/h3>\n\n\n\n<p class=\"has-text-align-center\">Kulturna dobra Donjeg Srema za\u0161ti\u0107ena su kroz razli\u010dite zakonske kategorije kao nepokretna kulturna dobra od izuzetnog zna\u010daja, nepokretna kulturna dobra od velikog zna\u010daja i za\u0161ti\u0107ena nepokretna kulturna dobra. Bez obzira na stepen za\u0161tite, sva ova dobra povezuje ista svrha: njihovo o\u010duvanje i preno\u0161enje budu\u0107im generacijama.<br><\/p>\n\n\n\n<div class=\"wp-block-buttons is-content-justification-center is-layout-flex wp-container-core-buttons-is-layout-a89b3969 wp-block-buttons-is-layout-flex\">\n<div class=\"wp-block-button is-style-fill custom-home-button\"><a class=\"wp-block-button__link has-custom-lime-color has-text-color has-background has-link-color has-border-color has-custom-lime-border-color wp-element-button\" href=\"\/virtuelni-muzej\/nivo-zakonske-zastite\/izuzetni-znacaj\/\" style=\"border-width:2px;border-top-left-radius:68px;border-top-right-radius:68px;border-bottom-left-radius:68px;border-bottom-right-radius:68px;background-color:#ffffff00\">Pogledajte Za\u0161titu<\/a><\/div>\n<\/div>\n<\/div><\/div>\n","protected":false},"excerpt":{"rendered":"<p>O\u010duvajmo kulturno nasle\u0111e za generacije koje dolaze. Podr\u017ei digitalno o\u010duvanje kulturnih dobara Donjeg Srema. PODR\u017ei projekat<\/p>\n","protected":false},"author":1,"featured_media":112,"parent":0,"menu_order":0,"comment_status":"closed","ping_status":"closed","template":"pocetna","meta":{"_acf_changed":false,"footnotes":""},"class_list":["post-13","page","type-page","status-publish","has-post-thumbnail","hentry"],"acf":[],"mb":[],"yoast_head":"<!-- This site is optimized with the Yoast SEO plugin v26.8 - https:\/\/yoast.com\/product\/yoast-seo-wordpress\/ -->\n<title>Po\u010detna - Virtuelni muzej kulturnog centra Pe\u0107inci<\/title>\n<meta name=\"description\" content=\"Dobrodo\u0161li u Virtuelni muzej! Istra\u017eite 34 kulturna dobra Donjeg Srema kroz 3D modele, virtuelne ture i interaktivne sadr\u017eaje.\" \/>\n<meta name=\"robots\" content=\"index, follow, max-snippet:-1, max-image-preview:large, max-video-preview:-1\" \/>\n<link rel=\"canonical\" href=\"https:\/\/kcpecinci.rs\/virtuelni-muzej\/\" \/>\n<meta property=\"og:locale\" content=\"sr_RS\" \/>\n<meta property=\"og:type\" content=\"article\" \/>\n<meta property=\"og:title\" content=\"Po\u010detna - Virtuelni muzej kulturnog centra Pe\u0107inci\" \/>\n<meta property=\"og:description\" content=\"Dobrodo\u0161li u Virtuelni muzej! Istra\u017eite 34 kulturna dobra Donjeg Srema kroz 3D modele, virtuelne ture i interaktivne sadr\u017eaje.\" \/>\n<meta property=\"og:url\" content=\"https:\/\/kcpecinci.rs\/virtuelni-muzej\/\" \/>\n<meta property=\"og:site_name\" content=\"Virtuelni muzej nepokretnog kulturnog nasle\u0111a u Donjem Sremu\" \/>\n<meta property=\"article:modified_time\" content=\"2026-02-04T19:11:24+00:00\" \/>\n<meta property=\"og:image\" content=\"https:\/\/kcpecinci.rs\/virtuelni-muzej\/wp-content\/uploads\/sites\/2\/2026\/01\/muzej-removebg-preview-edited.png\" \/>\n\t<meta property=\"og:image:width\" content=\"612\" \/>\n\t<meta property=\"og:image:height\" content=\"344\" \/>\n\t<meta property=\"og:image:type\" content=\"image\/png\" \/>\n<meta name=\"twitter:card\" content=\"summary_large_image\" \/>\n<meta name=\"twitter:label1\" content=\"Procenjeno vreme \u010ditanja\" \/>\n\t<meta name=\"twitter:data1\" content=\"2 minuta\" \/>\n<script type=\"application\/ld+json\" class=\"yoast-schema-graph\">{\"@context\":\"https:\/\/schema.org\",\"@graph\":[{\"@type\":\"WebPage\",\"@id\":\"https:\/\/kcpecinci.rs\/virtuelni-muzej\/\",\"url\":\"https:\/\/kcpecinci.rs\/virtuelni-muzej\/\",\"name\":\"Po\u010detna - Virtuelni muzej kulturnog centra Pe\u0107inci\",\"isPartOf\":{\"@id\":\"https:\/\/kcpecinci.rs\/virtuelni-muzej\/#website\"},\"primaryImageOfPage\":{\"@id\":\"https:\/\/kcpecinci.rs\/virtuelni-muzej\/#primaryimage\"},\"image\":{\"@id\":\"https:\/\/kcpecinci.rs\/virtuelni-muzej\/#primaryimage\"},\"thumbnailUrl\":\"https:\/\/kcpecinci.rs\/virtuelni-muzej\/wp-content\/uploads\/sites\/2\/2026\/01\/muzej-removebg-preview-edited.png\",\"datePublished\":\"2025-11-15T14:15:54+00:00\",\"dateModified\":\"2026-02-04T19:11:24+00:00\",\"description\":\"Dobrodo\u0161li u Virtuelni muzej! Istra\u017eite 34 kulturna dobra Donjeg Srema kroz 3D modele, virtuelne ture i interaktivne sadr\u017eaje.\",\"breadcrumb\":{\"@id\":\"https:\/\/kcpecinci.rs\/virtuelni-muzej\/#breadcrumb\"},\"inLanguage\":\"sr-RS\",\"potentialAction\":[{\"@type\":\"ReadAction\",\"target\":[\"https:\/\/kcpecinci.rs\/virtuelni-muzej\/\"]}]},{\"@type\":\"ImageObject\",\"inLanguage\":\"sr-RS\",\"@id\":\"https:\/\/kcpecinci.rs\/virtuelni-muzej\/#primaryimage\",\"url\":\"https:\/\/kcpecinci.rs\/virtuelni-muzej\/wp-content\/uploads\/sites\/2\/2026\/01\/muzej-removebg-preview-edited.png\",\"contentUrl\":\"https:\/\/kcpecinci.rs\/virtuelni-muzej\/wp-content\/uploads\/sites\/2\/2026\/01\/muzej-removebg-preview-edited.png\",\"width\":612,\"height\":344,\"caption\":\"Muzej kulturnog centra logo\"},{\"@type\":\"BreadcrumbList\",\"@id\":\"https:\/\/kcpecinci.rs\/virtuelni-muzej\/#breadcrumb\",\"itemListElement\":[{\"@type\":\"ListItem\",\"position\":1,\"name\":\"\u041f\u043e\u0447\u0435\u0442\u043d\u0430\",\"item\":\"https:\/\/kcpecinci.rs\/virtuelni-muzej\/\"},{\"@type\":\"ListItem\",\"position\":2,\"name\":\"MuzejHome\"}]},{\"@type\":\"WebSite\",\"@id\":\"https:\/\/kcpecinci.rs\/virtuelni-muzej\/#website\",\"url\":\"https:\/\/kcpecinci.rs\/virtuelni-muzej\/\",\"name\":\"Virtuelni muzej nepokretnog kulturnog nasle\u0111a u Donjem Sremu\",\"description\":\"Pri\u010de i spomenici Donjeg Srema\",\"publisher\":{\"@id\":\"https:\/\/kcpecinci.rs\/virtuelni-muzej\/#organization\"},\"potentialAction\":[{\"@type\":\"SearchAction\",\"target\":{\"@type\":\"EntryPoint\",\"urlTemplate\":\"https:\/\/kcpecinci.rs\/virtuelni-muzej\/?s={search_term_string}\"},\"query-input\":{\"@type\":\"PropertyValueSpecification\",\"valueRequired\":true,\"valueName\":\"search_term_string\"}}],\"inLanguage\":\"sr-RS\"},{\"@type\":\"Organization\",\"@id\":\"https:\/\/kcpecinci.rs\/virtuelni-muzej\/#organization\",\"name\":\"Virtuelni muzej nepokretnog kulturnog nasle\u0111a u Donjem Sremu\",\"url\":\"https:\/\/kcpecinci.rs\/virtuelni-muzej\/\",\"logo\":{\"@type\":\"ImageObject\",\"inLanguage\":\"sr-RS\",\"@id\":\"https:\/\/kcpecinci.rs\/virtuelni-muzej\/#\/schema\/logo\/image\/\",\"url\":\"https:\/\/kcpecinci.rs\/virtuelni-muzej\/wp-content\/uploads\/sites\/2\/2026\/02\/logo-nobg.png\",\"contentUrl\":\"https:\/\/kcpecinci.rs\/virtuelni-muzej\/wp-content\/uploads\/sites\/2\/2026\/02\/logo-nobg.png\",\"width\":542,\"height\":443,\"caption\":\"Virtuelni muzej nepokretnog kulturnog nasle\u0111a u Donjem Sremu\"},\"image\":{\"@id\":\"https:\/\/kcpecinci.rs\/virtuelni-muzej\/#\/schema\/logo\/image\/\"}}]}<\/script>\n<!-- \/ Yoast SEO plugin. -->","yoast_head_json":{"title":"Po\u010detna - Virtuelni muzej kulturnog centra Pe\u0107inci","description":"Dobrodo\u0161li u Virtuelni muzej! Istra\u017eite 34 kulturna dobra Donjeg Srema kroz 3D modele, virtuelne ture i interaktivne sadr\u017eaje.","robots":{"index":"index","follow":"follow","max-snippet":"max-snippet:-1","max-image-preview":"max-image-preview:large","max-video-preview":"max-video-preview:-1"},"canonical":"https:\/\/kcpecinci.rs\/virtuelni-muzej\/","og_locale":"sr_RS","og_type":"article","og_title":"Po\u010detna - Virtuelni muzej kulturnog centra Pe\u0107inci","og_description":"Dobrodo\u0161li u Virtuelni muzej! Istra\u017eite 34 kulturna dobra Donjeg Srema kroz 3D modele, virtuelne ture i interaktivne sadr\u017eaje.","og_url":"https:\/\/kcpecinci.rs\/virtuelni-muzej\/","og_site_name":"Virtuelni muzej nepokretnog kulturnog nasle\u0111a u Donjem Sremu","article_modified_time":"2026-02-04T19:11:24+00:00","og_image":[{"width":612,"height":344,"url":"https:\/\/kcpecinci.rs\/virtuelni-muzej\/wp-content\/uploads\/sites\/2\/2026\/01\/muzej-removebg-preview-edited.png","type":"image\/png"}],"twitter_card":"summary_large_image","twitter_misc":{"\u041f\u0440\u043e\u0446\u0435\u045a\u0435\u043d\u043e \u0432\u0440\u0435\u043c\u0435 \u0447\u0438\u0442\u0430\u045a\u0430":"2 minuta"},"schema":{"@context":"https:\/\/schema.org","@graph":[{"@type":"WebPage","@id":"https:\/\/kcpecinci.rs\/virtuelni-muzej\/","url":"https:\/\/kcpecinci.rs\/virtuelni-muzej\/","name":"Po\u010detna - Virtuelni muzej kulturnog centra Pe\u0107inci","isPartOf":{"@id":"https:\/\/kcpecinci.rs\/virtuelni-muzej\/#website"},"primaryImageOfPage":{"@id":"https:\/\/kcpecinci.rs\/virtuelni-muzej\/#primaryimage"},"image":{"@id":"https:\/\/kcpecinci.rs\/virtuelni-muzej\/#primaryimage"},"thumbnailUrl":"https:\/\/kcpecinci.rs\/virtuelni-muzej\/wp-content\/uploads\/sites\/2\/2026\/01\/muzej-removebg-preview-edited.png","datePublished":"2025-11-15T14:15:54+00:00","dateModified":"2026-02-04T19:11:24+00:00","description":"Dobrodo\u0161li u Virtuelni muzej! Istra\u017eite 34 kulturna dobra Donjeg Srema kroz 3D modele, virtuelne ture i interaktivne sadr\u017eaje.","breadcrumb":{"@id":"https:\/\/kcpecinci.rs\/virtuelni-muzej\/#breadcrumb"},"inLanguage":"sr-RS","potentialAction":[{"@type":"ReadAction","target":["https:\/\/kcpecinci.rs\/virtuelni-muzej\/"]}]},{"@type":"ImageObject","inLanguage":"sr-RS","@id":"https:\/\/kcpecinci.rs\/virtuelni-muzej\/#primaryimage","url":"https:\/\/kcpecinci.rs\/virtuelni-muzej\/wp-content\/uploads\/sites\/2\/2026\/01\/muzej-removebg-preview-edited.png","contentUrl":"https:\/\/kcpecinci.rs\/virtuelni-muzej\/wp-content\/uploads\/sites\/2\/2026\/01\/muzej-removebg-preview-edited.png","width":612,"height":344,"caption":"Muzej kulturnog centra logo"},{"@type":"BreadcrumbList","@id":"https:\/\/kcpecinci.rs\/virtuelni-muzej\/#breadcrumb","itemListElement":[{"@type":"ListItem","position":1,"name":"Po\u010detna","item":"https:\/\/kcpecinci.rs\/virtuelni-muzej\/"},{"@type":"ListItem","position":2,"name":"MuzejHome"}]},{"@type":"WebSite","@id":"https:\/\/kcpecinci.rs\/virtuelni-muzej\/#website","url":"https:\/\/kcpecinci.rs\/virtuelni-muzej\/","name":"Virtuelni muzej nepokretnog kulturnog nasle\u0111a u Donjem Sremu","description":"Pri\u010de i spomenici Donjeg Srema","publisher":{"@id":"https:\/\/kcpecinci.rs\/virtuelni-muzej\/#organization"},"potentialAction":[{"@type":"SearchAction","target":{"@type":"EntryPoint","urlTemplate":"https:\/\/kcpecinci.rs\/virtuelni-muzej\/?s={search_term_string}"},"query-input":{"@type":"PropertyValueSpecification","valueRequired":true,"valueName":"search_term_string"}}],"inLanguage":"sr-RS"},{"@type":"Organization","@id":"https:\/\/kcpecinci.rs\/virtuelni-muzej\/#organization","name":"Virtuelni muzej nepokretnog kulturnog nasle\u0111a u Donjem Sremu","url":"https:\/\/kcpecinci.rs\/virtuelni-muzej\/","logo":{"@type":"ImageObject","inLanguage":"sr-RS","@id":"https:\/\/kcpecinci.rs\/virtuelni-muzej\/#\/schema\/logo\/image\/","url":"https:\/\/kcpecinci.rs\/virtuelni-muzej\/wp-content\/uploads\/sites\/2\/2026\/02\/logo-nobg.png","contentUrl":"https:\/\/kcpecinci.rs\/virtuelni-muzej\/wp-content\/uploads\/sites\/2\/2026\/02\/logo-nobg.png","width":542,"height":443,"caption":"Virtuelni muzej nepokretnog kulturnog nasle\u0111a u Donjem Sremu"},"image":{"@id":"https:\/\/kcpecinci.rs\/virtuelni-muzej\/#\/schema\/logo\/image\/"}}]}},"mfb_rest_fields":["title","yoast_head","yoast_head_json"],"_links":{"self":[{"href":"https:\/\/kcpecinci.rs\/virtuelni-muzej\/wp-json\/wp\/v2\/pages\/13","targetHints":{"allow":["GET"]}}],"collection":[{"href":"https:\/\/kcpecinci.rs\/virtuelni-muzej\/wp-json\/wp\/v2\/pages"}],"about":[{"href":"https:\/\/kcpecinci.rs\/virtuelni-muzej\/wp-json\/wp\/v2\/types\/page"}],"author":[{"embeddable":true,"href":"https:\/\/kcpecinci.rs\/virtuelni-muzej\/wp-json\/wp\/v2\/users\/1"}],"replies":[{"embeddable":true,"href":"https:\/\/kcpecinci.rs\/virtuelni-muzej\/wp-json\/wp\/v2\/comments?post=13"}],"version-history":[{"count":99,"href":"https:\/\/kcpecinci.rs\/virtuelni-muzej\/wp-json\/wp\/v2\/pages\/13\/revisions"}],"predecessor-version":[{"id":1663,"href":"https:\/\/kcpecinci.rs\/virtuelni-muzej\/wp-json\/wp\/v2\/pages\/13\/revisions\/1663"}],"wp:featuredmedia":[{"embeddable":true,"href":"https:\/\/kcpecinci.rs\/virtuelni-muzej\/wp-json\/wp\/v2\/media\/112"}],"wp:attachment":[{"href":"https:\/\/kcpecinci.rs\/virtuelni-muzej\/wp-json\/wp\/v2\/media?parent=13"}],"curies":[{"name":"wp","href":"https:\/\/api.w.org\/{rel}","templated":true}]}}