{"id":461,"date":"2026-01-30T00:05:53","date_gmt":"2026-01-30T00:05:53","guid":{"rendered":"https:\/\/kcpecinci.rs\/virtuelni-muzej\/?post_type=kulturno_dobro&#038;p=461"},"modified":"2026-02-17T14:54:43","modified_gmt":"2026-02-17T14:54:43","slug":"kupinovo-etno-park-kupinovo-ruralna-celina-u-ulici-branka-madzarevica-sa-crkvom-sv-luke","status":"publish","type":"kulturno_dobro","link":"https:\/\/kcpecinci.rs\/virtuelni-muzej\/kulturno_dobro\/kupinovo-etno-park-kupinovo-ruralna-celina-u-ulici-branka-madzarevica-sa-crkvom-sv-luke\/","title":{"rendered":"Etno park"},"content":{"rendered":"\n<p>U Donjem Sremu, pedesetak kilometara od Beograda, u blizini Specijalnog rezervata prirode i poznatog lovnoribolovnog podru\u010dja Obedske Bare, nalazi se selo Kupinovo \u2013 va\u017eno kraji\u0161ko mesto sa bogatom istorijom i kulturnim nasle\u0111em. Nastalo kao podgra\u0111e srednjovekovnog grada Kupinika, jedno vreme sto\u017eer srpskih despota iz porodice Brankovi\u0107a, Kupinovo je tokom vekova slu\u017eilo kao zna\u010dajan punkt Austro-turske granice, mesto odr\u017eavanja veza ustanika sa prekosavskom bra\u0107om i uto\u010di\u0161te izbeglica posle ratnih pusto\u0161enja i ustanaka u Srbiji.<\/p>\n\n\n\n<p>Centralni deo sela, oko zadu\u017ebine despotske crkve Svetog Luke, predstavlja staru ruralnu celinu sa ku\u0107ama i prate\u0107im objektima koji su sa\u010duvali tradiciju narodnog graditeljstva. Za\u0161ti\u0107ena grupacija od devet oku\u0107nica, sme\u0161tena na kraju ulice B. Ma\u0111arevi\u0107a (brojevi 50\u2013134 i 127), zami\u0161ljena je kao jezgro budu\u0107eg etnoparka koji bi bio dopunjen najvrednijim primerima narodne arhitekture iz okoline.<\/p>\n\n\n\n<p>Najstarija ku\u0107a u ovoj za\u0161ti\u0107enoj grupaciji je ku\u0107a porodice Putnik (br. 142), koja se hronolo\u0161ki svrstava u kraj XVIII veka. Ostale ku\u0107e sagra\u0111ene su u XIX i po\u010detkom XX veka, \u010desto na mestu i po uzoru na starije objekte, \u010dime se nastavlja tradicija i o\u010duvava duh starih sremskih seoskih naselja.<\/p>\n\n\n\n<p>Temeljni sanacioni i konzervatorsko-restauratorski radovi na oku\u0107nici Putnik izvedeni su u periodu od 1977. do 1981. godine, sa dodatnim obnovama 1994. i 1995. godine, \u010dime je obezbe\u0111eno o\u010duvanje njenih arhitektonskih i istorijskih vrednosti za budu\u0107e generacije. Kao kulturno dobro od velikog zna\u010daja, Kupinovo predstavlja svedo\u010danstvo bogatog istorijskog kontinuiteta, duhovnog \u017eivota i narodne tradicije Donjeg Srema, kao i va\u017ean nosilac kulturnog identiteta Op\u0161tine Pe\u0107inci i Srbije.<\/p>\n\n\n\n<h2 class=\"wp-block-heading\">Galerija<\/h2>\n\n\n\n<div data-wp-context=\"{ &quot;autoclose&quot;: false, &quot;accordionItems&quot;: [] }\" data-wp-interactive=\"core\/accordion\" role=\"group\" class=\"wp-block-accordion is-layout-flow wp-block-accordion-is-layout-flow\">\n<div data-wp-class--is-open=\"state.isOpen\" data-wp-context=\"{ &quot;id&quot;: &quot;accordion-item-1&quot;, &quot;openByDefault&quot;: false }\" data-wp-init=\"callbacks.initAccordionItems\" data-wp-on-window--hashchange=\"callbacks.hashChange\" class=\"wp-block-accordion-item is-layout-flow wp-block-accordion-item-is-layout-flow\">\n<h3 class=\"wp-block-accordion-heading\"><button aria-expanded=\"false\" aria-controls=\"accordion-item-1-panel\" data-wp-bind--aria-expanded=\"state.isOpen\" data-wp-on--click=\"actions.toggle\" data-wp-on--keydown=\"actions.handleKeyDown\" id=\"accordion-item-1\" type=\"button\" class=\"wp-block-accordion-heading__toggle\"><span class=\"wp-block-accordion-heading__toggle-icon\" aria-hidden=\"true\">+<\/span><span class=\"wp-block-accordion-heading__toggle-title\">Pogledaj sve fotografije<\/span><\/button><\/h3>\n\n\n\n<div inert aria-labelledby=\"accordion-item-1\" data-wp-bind--inert=\"!state.isOpen\" id=\"accordion-item-1-panel\" role=\"region\" class=\"wp-block-accordion-panel is-layout-flow wp-block-accordion-panel-is-layout-flow\">\n<div class=\"wp-block-envira-envira-gallery\"><div id=\"envira-gallery-wrap-1740\" class=\"envira-gallery-wrap envira-gallery-theme-base envira-lightbox-theme-base\" itemscope itemtype=\"https:\/\/schema.org\/ImageGallery\"><div data-row-height=\"150\" data-gallery-theme=\"normal\" id=\"envira-gallery-1740\" class=\"envira-gallery-public envira-gallery-justified-public envira-gallery-0-columns envira-clear enviratope envira-gallery-css-animations\" data-envira-columns=\"0\"><div id=\"envira-gallery-item-898\" class=\"envira-gallery-item enviratope-item envira-gallery-item-1 envira-lazy-load\" style=\"padding-left: 1px; padding-bottom: 1px; padding-right: 1px;\"  itemscope itemtype=\"https:\/\/schema.org\/ImageObject\"><div class=\"envira-gallery-item-inner\"><div class=\"envira-gallery-position-overlay  envira-gallery-top-left\"><\/div><div class=\"envira-gallery-position-overlay  envira-gallery-top-right\"><\/div><div class=\"envira-gallery-position-overlay  envira-gallery-bottom-left\"><\/div><div class=\"envira-gallery-position-overlay  envira-gallery-bottom-right\"><\/div><a href=\"https:\/\/kcpecinci.rs\/virtuelni-muzej\/wp-content\/uploads\/sites\/2\/2026\/01\/kupinovo-etno-park-ruralna-celina-branka-madzarevica-sv-luka.webp-Nove-10.webp\" class=\"envira-gallery-1740 envira-gallery-link\" rel=\"enviragallery1740\" title=\"kupinovo-etno-park-ruralna-celina-branka-madzarevica-sv-luka.webp-Nove-10\" data-envira-caption=\"kupinovo-etno-park-ruralna-celina-branka-madzarevica-sv-luka.webp-Nove-10\" data-envira-retina=\"\" data-thumbnail=\"\"  itemprop=\"contentUrl\"><img decoding=\"async\" id=\"envira-gallery-image-898\" class=\"envira-gallery-image envira-gallery-image-1 envira-normal envira-lazy\" data-envira-index=\"1\" src=\"https:\/\/kcpecinci.rs\/virtuelni-muzej\/wp-content\/uploads\/sites\/2\/2026\/01\/kupinovo-etno-park-ruralna-celina-branka-madzarevica-sv-luka.webp-Nove-10-1024x683-640x480.webp\" data-envira-src=\"https:\/\/kcpecinci.rs\/virtuelni-muzej\/wp-content\/uploads\/sites\/2\/2026\/01\/kupinovo-etno-park-ruralna-celina-branka-madzarevica-sv-luka.webp-Nove-10-1024x683-640x480.webp\" data-envira-gallery-id=\"1740\" data-envira-item-id=\"898\" data-envira-caption=\"kupinovo-etno-park-ruralna-celina-branka-madzarevica-sv-luka.webp-Nove-10\" alt=\"\" title=\"kupinovo-etno-park-ruralna-celina-branka-madzarevica-sv-luka.webp-Nove-10\"  itemprop=\"thumbnailUrl\" data-envira-srcset=\"https:\/\/kcpecinci.rs\/virtuelni-muzej\/wp-content\/uploads\/sites\/2\/2026\/01\/kupinovo-etno-park-ruralna-celina-branka-madzarevica-sv-luka.webp-Nove-10-1024x683-640x480.webp 400w,https:\/\/kcpecinci.rs\/virtuelni-muzej\/wp-content\/uploads\/sites\/2\/2026\/01\/kupinovo-etno-park-ruralna-celina-branka-madzarevica-sv-luka.webp-Nove-10-1024x683-640x480.webp 2x\" data-envira-width=\"300\" data-envira-height=\"200\" srcset=\"data:image\/gif;base64,R0lGODlhAQABAIAAAP\/\/\/\/\/\/\/yH5BAEKAAEALAAAAAABAAEAAAICTAEAOw==\" data-safe-src=\"data:image\/gif;base64,R0lGODlhAQABAIAAAP\/\/\/\/\/\/\/yH5BAEKAAEALAAAAAABAAEAAAICTAEAOw==\" \/><\/a><\/div><\/div><div id=\"envira-gallery-item-897\" class=\"envira-gallery-item enviratope-item envira-gallery-item-2 envira-lazy-load\" style=\"padding-left: 1px; padding-bottom: 1px; padding-right: 1px;\"  itemscope itemtype=\"https:\/\/schema.org\/ImageObject\"><div class=\"envira-gallery-item-inner\"><div class=\"envira-gallery-position-overlay  envira-gallery-top-left\"><\/div><div class=\"envira-gallery-position-overlay  envira-gallery-top-right\"><\/div><div class=\"envira-gallery-position-overlay  envira-gallery-bottom-left\"><\/div><div class=\"envira-gallery-position-overlay  envira-gallery-bottom-right\"><\/div><a href=\"https:\/\/kcpecinci.rs\/virtuelni-muzej\/wp-content\/uploads\/sites\/2\/2026\/01\/kupinovo-etno-park-ruralna-celina-branka-madzarevica-sv-luka.webp-Nove-09.webp\" class=\"envira-gallery-1740 envira-gallery-link\" rel=\"enviragallery1740\" title=\"kupinovo-etno-park-ruralna-celina-branka-madzarevica-sv-luka.webp-Nove-09\" data-envira-caption=\"kupinovo-etno-park-ruralna-celina-branka-madzarevica-sv-luka.webp-Nove-09\" data-envira-retina=\"\" data-thumbnail=\"\"  itemprop=\"contentUrl\"><img decoding=\"async\" id=\"envira-gallery-image-897\" class=\"envira-gallery-image envira-gallery-image-2 envira-normal envira-lazy\" data-envira-index=\"2\" src=\"https:\/\/kcpecinci.rs\/virtuelni-muzej\/wp-content\/uploads\/sites\/2\/2026\/01\/kupinovo-etno-park-ruralna-celina-branka-madzarevica-sv-luka.webp-Nove-09-1024x683-640x480.webp\" data-envira-src=\"https:\/\/kcpecinci.rs\/virtuelni-muzej\/wp-content\/uploads\/sites\/2\/2026\/01\/kupinovo-etno-park-ruralna-celina-branka-madzarevica-sv-luka.webp-Nove-09-1024x683-640x480.webp\" data-envira-gallery-id=\"1740\" data-envira-item-id=\"897\" data-envira-caption=\"kupinovo-etno-park-ruralna-celina-branka-madzarevica-sv-luka.webp-Nove-09\" alt=\"\" title=\"kupinovo-etno-park-ruralna-celina-branka-madzarevica-sv-luka.webp-Nove-09\"  itemprop=\"thumbnailUrl\" data-envira-srcset=\"https:\/\/kcpecinci.rs\/virtuelni-muzej\/wp-content\/uploads\/sites\/2\/2026\/01\/kupinovo-etno-park-ruralna-celina-branka-madzarevica-sv-luka.webp-Nove-09-1024x683-640x480.webp 400w,https:\/\/kcpecinci.rs\/virtuelni-muzej\/wp-content\/uploads\/sites\/2\/2026\/01\/kupinovo-etno-park-ruralna-celina-branka-madzarevica-sv-luka.webp-Nove-09-1024x683-640x480.webp 2x\" data-envira-width=\"300\" data-envira-height=\"200\" srcset=\"data:image\/gif;base64,R0lGODlhAQABAIAAAP\/\/\/\/\/\/\/yH5BAEKAAEALAAAAAABAAEAAAICTAEAOw==\" data-safe-src=\"data:image\/gif;base64,R0lGODlhAQABAIAAAP\/\/\/\/\/\/\/yH5BAEKAAEALAAAAAABAAEAAAICTAEAOw==\" \/><\/a><\/div><\/div><div id=\"envira-gallery-item-899\" class=\"envira-gallery-item enviratope-item envira-gallery-item-3 envira-lazy-load\" style=\"padding-left: 1px; padding-bottom: 1px; padding-right: 1px;\"  itemscope itemtype=\"https:\/\/schema.org\/ImageObject\"><div class=\"envira-gallery-item-inner\"><div class=\"envira-gallery-position-overlay  envira-gallery-top-left\"><\/div><div class=\"envira-gallery-position-overlay  envira-gallery-top-right\"><\/div><div class=\"envira-gallery-position-overlay  envira-gallery-bottom-left\"><\/div><div class=\"envira-gallery-position-overlay  envira-gallery-bottom-right\"><\/div><a href=\"https:\/\/kcpecinci.rs\/virtuelni-muzej\/wp-content\/uploads\/sites\/2\/2026\/01\/kupinovo-etno-park-ruralna-celina-branka-madzarevica-sv-luka.webp-Nove-11.webp\" class=\"envira-gallery-1740 envira-gallery-link\" rel=\"enviragallery1740\" title=\"kupinovo-etno-park-ruralna-celina-branka-madzarevica-sv-luka.webp-Nove-11\" data-envira-caption=\"kupinovo-etno-park-ruralna-celina-branka-madzarevica-sv-luka.webp-Nove-11\" data-envira-retina=\"\" data-thumbnail=\"\"  itemprop=\"contentUrl\"><img decoding=\"async\" id=\"envira-gallery-image-899\" class=\"envira-gallery-image envira-gallery-image-3 envira-normal envira-lazy\" data-envira-index=\"3\" src=\"https:\/\/kcpecinci.rs\/virtuelni-muzej\/wp-content\/uploads\/sites\/2\/2026\/01\/kupinovo-etno-park-ruralna-celina-branka-madzarevica-sv-luka.webp-Nove-11-1024x683-640x480.webp\" data-envira-src=\"https:\/\/kcpecinci.rs\/virtuelni-muzej\/wp-content\/uploads\/sites\/2\/2026\/01\/kupinovo-etno-park-ruralna-celina-branka-madzarevica-sv-luka.webp-Nove-11-1024x683-640x480.webp\" data-envira-gallery-id=\"1740\" data-envira-item-id=\"899\" data-envira-caption=\"kupinovo-etno-park-ruralna-celina-branka-madzarevica-sv-luka.webp-Nove-11\" alt=\"\" title=\"kupinovo-etno-park-ruralna-celina-branka-madzarevica-sv-luka.webp-Nove-11\"  itemprop=\"thumbnailUrl\" data-envira-srcset=\"https:\/\/kcpecinci.rs\/virtuelni-muzej\/wp-content\/uploads\/sites\/2\/2026\/01\/kupinovo-etno-park-ruralna-celina-branka-madzarevica-sv-luka.webp-Nove-11-1024x683-640x480.webp 400w,https:\/\/kcpecinci.rs\/virtuelni-muzej\/wp-content\/uploads\/sites\/2\/2026\/01\/kupinovo-etno-park-ruralna-celina-branka-madzarevica-sv-luka.webp-Nove-11-1024x683-640x480.webp 2x\" data-envira-width=\"300\" data-envira-height=\"200\" srcset=\"data:image\/gif;base64,R0lGODlhAQABAIAAAP\/\/\/\/\/\/\/yH5BAEKAAEALAAAAAABAAEAAAICTAEAOw==\" data-safe-src=\"data:image\/gif;base64,R0lGODlhAQABAIAAAP\/\/\/\/\/\/\/yH5BAEKAAEALAAAAAABAAEAAAICTAEAOw==\" \/><\/a><\/div><\/div><div id=\"envira-gallery-item-890\" class=\"envira-gallery-item enviratope-item envira-gallery-item-4 envira-lazy-load\" style=\"padding-left: 1px; padding-bottom: 1px; padding-right: 1px;\"  itemscope itemtype=\"https:\/\/schema.org\/ImageObject\"><div class=\"envira-gallery-item-inner\"><div class=\"envira-gallery-position-overlay  envira-gallery-top-left\"><\/div><div class=\"envira-gallery-position-overlay  envira-gallery-top-right\"><\/div><div class=\"envira-gallery-position-overlay  envira-gallery-bottom-left\"><\/div><div class=\"envira-gallery-position-overlay  envira-gallery-bottom-right\"><\/div><a href=\"https:\/\/kcpecinci.rs\/virtuelni-muzej\/wp-content\/uploads\/sites\/2\/2026\/01\/kupinovo-etno-park-ruralna-celina-branka-madzarevica-sv-luka.webp-Nove-02.webp\" class=\"envira-gallery-1740 envira-gallery-link\" rel=\"enviragallery1740\" title=\"kupinovo-etno-park-ruralna-celina-branka-madzarevica-sv-luka.webp-Nove-02\" data-envira-caption=\"kupinovo-etno-park-ruralna-celina-branka-madzarevica-sv-luka.webp-Nove-02\" data-envira-retina=\"\" data-thumbnail=\"\"  itemprop=\"contentUrl\"><img decoding=\"async\" id=\"envira-gallery-image-890\" class=\"envira-gallery-image envira-gallery-image-4 envira-normal envira-lazy\" data-envira-index=\"4\" src=\"https:\/\/kcpecinci.rs\/virtuelni-muzej\/wp-content\/uploads\/sites\/2\/2026\/01\/kupinovo-etno-park-ruralna-celina-branka-madzarevica-sv-luka.webp-Nove-02-1024x683-640x480.webp\" data-envira-src=\"https:\/\/kcpecinci.rs\/virtuelni-muzej\/wp-content\/uploads\/sites\/2\/2026\/01\/kupinovo-etno-park-ruralna-celina-branka-madzarevica-sv-luka.webp-Nove-02-1024x683-640x480.webp\" data-envira-gallery-id=\"1740\" data-envira-item-id=\"890\" data-envira-caption=\"kupinovo-etno-park-ruralna-celina-branka-madzarevica-sv-luka.webp-Nove-02\" alt=\"\" title=\"kupinovo-etno-park-ruralna-celina-branka-madzarevica-sv-luka.webp-Nove-02\"  itemprop=\"thumbnailUrl\" data-envira-srcset=\"https:\/\/kcpecinci.rs\/virtuelni-muzej\/wp-content\/uploads\/sites\/2\/2026\/01\/kupinovo-etno-park-ruralna-celina-branka-madzarevica-sv-luka.webp-Nove-02-1024x683-640x480.webp 400w,https:\/\/kcpecinci.rs\/virtuelni-muzej\/wp-content\/uploads\/sites\/2\/2026\/01\/kupinovo-etno-park-ruralna-celina-branka-madzarevica-sv-luka.webp-Nove-02-1024x683-640x480.webp 2x\" data-envira-width=\"300\" data-envira-height=\"200\" srcset=\"data:image\/gif;base64,R0lGODlhAQABAIAAAP\/\/\/\/\/\/\/yH5BAEKAAEALAAAAAABAAEAAAICTAEAOw==\" data-safe-src=\"data:image\/gif;base64,R0lGODlhAQABAIAAAP\/\/\/\/\/\/\/yH5BAEKAAEALAAAAAABAAEAAAICTAEAOw==\" \/><\/a><\/div><\/div><div id=\"envira-gallery-item-892\" class=\"envira-gallery-item enviratope-item envira-gallery-item-5 envira-lazy-load\" style=\"padding-left: 1px; padding-bottom: 1px; padding-right: 1px;\"  itemscope itemtype=\"https:\/\/schema.org\/ImageObject\"><div class=\"envira-gallery-item-inner\"><div class=\"envira-gallery-position-overlay  envira-gallery-top-left\"><\/div><div class=\"envira-gallery-position-overlay  envira-gallery-top-right\"><\/div><div class=\"envira-gallery-position-overlay  envira-gallery-bottom-left\"><\/div><div class=\"envira-gallery-position-overlay  envira-gallery-bottom-right\"><\/div><a href=\"https:\/\/kcpecinci.rs\/virtuelni-muzej\/wp-content\/uploads\/sites\/2\/2026\/01\/kupinovo-etno-park-ruralna-celina-branka-madzarevica-sv-luka.webp-Nove-04.webp\" class=\"envira-gallery-1740 envira-gallery-link\" rel=\"enviragallery1740\" title=\"kupinovo-etno-park-ruralna-celina-branka-madzarevica-sv-luka.webp-Nove-04\" data-envira-caption=\"kupinovo-etno-park-ruralna-celina-branka-madzarevica-sv-luka.webp-Nove-04\" data-envira-retina=\"\" data-thumbnail=\"\"  itemprop=\"contentUrl\"><img decoding=\"async\" id=\"envira-gallery-image-892\" class=\"envira-gallery-image envira-gallery-image-5 envira-normal envira-lazy\" data-envira-index=\"5\" src=\"https:\/\/kcpecinci.rs\/virtuelni-muzej\/wp-content\/uploads\/sites\/2\/2026\/01\/kupinovo-etno-park-ruralna-celina-branka-madzarevica-sv-luka.webp-Nove-04-1024x683-640x480.webp\" data-envira-src=\"https:\/\/kcpecinci.rs\/virtuelni-muzej\/wp-content\/uploads\/sites\/2\/2026\/01\/kupinovo-etno-park-ruralna-celina-branka-madzarevica-sv-luka.webp-Nove-04-1024x683-640x480.webp\" data-envira-gallery-id=\"1740\" data-envira-item-id=\"892\" data-envira-caption=\"kupinovo-etno-park-ruralna-celina-branka-madzarevica-sv-luka.webp-Nove-04\" alt=\"\" title=\"kupinovo-etno-park-ruralna-celina-branka-madzarevica-sv-luka.webp-Nove-04\"  itemprop=\"thumbnailUrl\" data-envira-srcset=\"https:\/\/kcpecinci.rs\/virtuelni-muzej\/wp-content\/uploads\/sites\/2\/2026\/01\/kupinovo-etno-park-ruralna-celina-branka-madzarevica-sv-luka.webp-Nove-04-1024x683-640x480.webp 400w,https:\/\/kcpecinci.rs\/virtuelni-muzej\/wp-content\/uploads\/sites\/2\/2026\/01\/kupinovo-etno-park-ruralna-celina-branka-madzarevica-sv-luka.webp-Nove-04-1024x683-640x480.webp 2x\" data-envira-width=\"300\" data-envira-height=\"200\" srcset=\"data:image\/gif;base64,R0lGODlhAQABAIAAAP\/\/\/\/\/\/\/yH5BAEKAAEALAAAAAABAAEAAAICTAEAOw==\" data-safe-src=\"data:image\/gif;base64,R0lGODlhAQABAIAAAP\/\/\/\/\/\/\/yH5BAEKAAEALAAAAAABAAEAAAICTAEAOw==\" \/><\/a><\/div><\/div><div id=\"envira-gallery-item-901\" class=\"envira-gallery-item enviratope-item envira-gallery-item-6 envira-lazy-load\" style=\"padding-left: 1px; padding-bottom: 1px; padding-right: 1px;\"  itemscope itemtype=\"https:\/\/schema.org\/ImageObject\"><div class=\"envira-gallery-item-inner\"><div class=\"envira-gallery-position-overlay  envira-gallery-top-left\"><\/div><div class=\"envira-gallery-position-overlay  envira-gallery-top-right\"><\/div><div class=\"envira-gallery-position-overlay  envira-gallery-bottom-left\"><\/div><div class=\"envira-gallery-position-overlay  envira-gallery-bottom-right\"><\/div><a href=\"https:\/\/kcpecinci.rs\/virtuelni-muzej\/wp-content\/uploads\/sites\/2\/2026\/01\/kupinovo-etno-park-ruralna-celina-branka-madzarevica-sv-luka.webp-Nove-13.webp\" class=\"envira-gallery-1740 envira-gallery-link\" rel=\"enviragallery1740\" title=\"kupinovo-etno-park-ruralna-celina-branka-madzarevica-sv-luka.webp-Nove-13\" data-envira-caption=\"kupinovo-etno-park-ruralna-celina-branka-madzarevica-sv-luka.webp-Nove-13\" data-envira-retina=\"\" data-thumbnail=\"\"  itemprop=\"contentUrl\"><img decoding=\"async\" id=\"envira-gallery-image-901\" class=\"envira-gallery-image envira-gallery-image-6 envira-normal envira-lazy\" data-envira-index=\"6\" src=\"https:\/\/kcpecinci.rs\/virtuelni-muzej\/wp-content\/uploads\/sites\/2\/2026\/01\/kupinovo-etno-park-ruralna-celina-branka-madzarevica-sv-luka.webp-Nove-13-1024x683-640x480.webp\" data-envira-src=\"https:\/\/kcpecinci.rs\/virtuelni-muzej\/wp-content\/uploads\/sites\/2\/2026\/01\/kupinovo-etno-park-ruralna-celina-branka-madzarevica-sv-luka.webp-Nove-13-1024x683-640x480.webp\" data-envira-gallery-id=\"1740\" data-envira-item-id=\"901\" data-envira-caption=\"kupinovo-etno-park-ruralna-celina-branka-madzarevica-sv-luka.webp-Nove-13\" alt=\"\" title=\"kupinovo-etno-park-ruralna-celina-branka-madzarevica-sv-luka.webp-Nove-13\"  itemprop=\"thumbnailUrl\" data-envira-srcset=\"https:\/\/kcpecinci.rs\/virtuelni-muzej\/wp-content\/uploads\/sites\/2\/2026\/01\/kupinovo-etno-park-ruralna-celina-branka-madzarevica-sv-luka.webp-Nove-13-1024x683-640x480.webp 400w,https:\/\/kcpecinci.rs\/virtuelni-muzej\/wp-content\/uploads\/sites\/2\/2026\/01\/kupinovo-etno-park-ruralna-celina-branka-madzarevica-sv-luka.webp-Nove-13-1024x683-640x480.webp 2x\" data-envira-width=\"300\" data-envira-height=\"200\" srcset=\"data:image\/gif;base64,R0lGODlhAQABAIAAAP\/\/\/\/\/\/\/yH5BAEKAAEALAAAAAABAAEAAAICTAEAOw==\" data-safe-src=\"data:image\/gif;base64,R0lGODlhAQABAIAAAP\/\/\/\/\/\/\/yH5BAEKAAEALAAAAAABAAEAAAICTAEAOw==\" \/><\/a><\/div><\/div><div id=\"envira-gallery-item-900\" class=\"envira-gallery-item enviratope-item envira-gallery-item-7 envira-lazy-load\" style=\"padding-left: 1px; padding-bottom: 1px; padding-right: 1px;\"  itemscope itemtype=\"https:\/\/schema.org\/ImageObject\"><div class=\"envira-gallery-item-inner\"><div class=\"envira-gallery-position-overlay  envira-gallery-top-left\"><\/div><div class=\"envira-gallery-position-overlay  envira-gallery-top-right\"><\/div><div class=\"envira-gallery-position-overlay  envira-gallery-bottom-left\"><\/div><div class=\"envira-gallery-position-overlay  envira-gallery-bottom-right\"><\/div><a href=\"https:\/\/kcpecinci.rs\/virtuelni-muzej\/wp-content\/uploads\/sites\/2\/2026\/01\/kupinovo-etno-park-ruralna-celina-branka-madzarevica-sv-luka.webp-Nove-12.webp\" class=\"envira-gallery-1740 envira-gallery-link\" rel=\"enviragallery1740\" title=\"kupinovo-etno-park-ruralna-celina-branka-madzarevica-sv-luka.webp-Nove-12\" data-envira-caption=\"kupinovo-etno-park-ruralna-celina-branka-madzarevica-sv-luka.webp-Nove-12\" data-envira-retina=\"\" data-thumbnail=\"\"  itemprop=\"contentUrl\"><img decoding=\"async\" id=\"envira-gallery-image-900\" class=\"envira-gallery-image envira-gallery-image-7 envira-normal envira-lazy\" data-envira-index=\"7\" src=\"https:\/\/kcpecinci.rs\/virtuelni-muzej\/wp-content\/uploads\/sites\/2\/2026\/01\/kupinovo-etno-park-ruralna-celina-branka-madzarevica-sv-luka.webp-Nove-12-1024x768-640x480.webp\" data-envira-src=\"https:\/\/kcpecinci.rs\/virtuelni-muzej\/wp-content\/uploads\/sites\/2\/2026\/01\/kupinovo-etno-park-ruralna-celina-branka-madzarevica-sv-luka.webp-Nove-12-1024x768-640x480.webp\" data-envira-gallery-id=\"1740\" data-envira-item-id=\"900\" data-envira-caption=\"kupinovo-etno-park-ruralna-celina-branka-madzarevica-sv-luka.webp-Nove-12\" alt=\"\" title=\"kupinovo-etno-park-ruralna-celina-branka-madzarevica-sv-luka.webp-Nove-12\"  itemprop=\"thumbnailUrl\" data-envira-srcset=\"https:\/\/kcpecinci.rs\/virtuelni-muzej\/wp-content\/uploads\/sites\/2\/2026\/01\/kupinovo-etno-park-ruralna-celina-branka-madzarevica-sv-luka.webp-Nove-12-1024x768-640x480.webp 400w,https:\/\/kcpecinci.rs\/virtuelni-muzej\/wp-content\/uploads\/sites\/2\/2026\/01\/kupinovo-etno-park-ruralna-celina-branka-madzarevica-sv-luka.webp-Nove-12-1024x768-640x480.webp 2x\" data-envira-width=\"300\" data-envira-height=\"225\" srcset=\"data:image\/gif;base64,R0lGODlhAQABAIAAAP\/\/\/\/\/\/\/yH5BAEKAAEALAAAAAABAAEAAAICTAEAOw==\" data-safe-src=\"data:image\/gif;base64,R0lGODlhAQABAIAAAP\/\/\/\/\/\/\/yH5BAEKAAEALAAAAAABAAEAAAICTAEAOw==\" \/><\/a><\/div><\/div><div id=\"envira-gallery-item-896\" class=\"envira-gallery-item enviratope-item envira-gallery-item-8 envira-lazy-load\" style=\"padding-left: 1px; padding-bottom: 1px; padding-right: 1px;\"  itemscope itemtype=\"https:\/\/schema.org\/ImageObject\"><div class=\"envira-gallery-item-inner\"><div class=\"envira-gallery-position-overlay  envira-gallery-top-left\"><\/div><div class=\"envira-gallery-position-overlay  envira-gallery-top-right\"><\/div><div class=\"envira-gallery-position-overlay  envira-gallery-bottom-left\"><\/div><div class=\"envira-gallery-position-overlay  envira-gallery-bottom-right\"><\/div><a href=\"https:\/\/kcpecinci.rs\/virtuelni-muzej\/wp-content\/uploads\/sites\/2\/2026\/01\/kupinovo-etno-park-ruralna-celina-branka-madzarevica-sv-luka.webp-Nove-08.webp\" class=\"envira-gallery-1740 envira-gallery-link\" rel=\"enviragallery1740\" title=\"kupinovo-etno-park-ruralna-celina-branka-madzarevica-sv-luka.webp-Nove-08\" data-envira-caption=\"kupinovo-etno-park-ruralna-celina-branka-madzarevica-sv-luka.webp-Nove-08\" data-envira-retina=\"\" data-thumbnail=\"\"  itemprop=\"contentUrl\"><img decoding=\"async\" id=\"envira-gallery-image-896\" class=\"envira-gallery-image envira-gallery-image-8 envira-normal envira-lazy\" data-envira-index=\"8\" src=\"https:\/\/kcpecinci.rs\/virtuelni-muzej\/wp-content\/uploads\/sites\/2\/2026\/01\/kupinovo-etno-park-ruralna-celina-branka-madzarevica-sv-luka.webp-Nove-08-1024x683-640x480.webp\" data-envira-src=\"https:\/\/kcpecinci.rs\/virtuelni-muzej\/wp-content\/uploads\/sites\/2\/2026\/01\/kupinovo-etno-park-ruralna-celina-branka-madzarevica-sv-luka.webp-Nove-08-1024x683-640x480.webp\" data-envira-gallery-id=\"1740\" data-envira-item-id=\"896\" data-envira-caption=\"kupinovo-etno-park-ruralna-celina-branka-madzarevica-sv-luka.webp-Nove-08\" alt=\"\" title=\"kupinovo-etno-park-ruralna-celina-branka-madzarevica-sv-luka.webp-Nove-08\"  itemprop=\"thumbnailUrl\" data-envira-srcset=\"https:\/\/kcpecinci.rs\/virtuelni-muzej\/wp-content\/uploads\/sites\/2\/2026\/01\/kupinovo-etno-park-ruralna-celina-branka-madzarevica-sv-luka.webp-Nove-08-1024x683-640x480.webp 400w,https:\/\/kcpecinci.rs\/virtuelni-muzej\/wp-content\/uploads\/sites\/2\/2026\/01\/kupinovo-etno-park-ruralna-celina-branka-madzarevica-sv-luka.webp-Nove-08-1024x683-640x480.webp 2x\" data-envira-width=\"300\" data-envira-height=\"200\" srcset=\"data:image\/gif;base64,R0lGODlhAQABAIAAAP\/\/\/\/\/\/\/yH5BAEKAAEALAAAAAABAAEAAAICTAEAOw==\" data-safe-src=\"data:image\/gif;base64,R0lGODlhAQABAIAAAP\/\/\/\/\/\/\/yH5BAEKAAEALAAAAAABAAEAAAICTAEAOw==\" \/><\/a><\/div><\/div><div id=\"envira-gallery-item-895\" class=\"envira-gallery-item enviratope-item envira-gallery-item-9 envira-lazy-load\" style=\"padding-left: 1px; padding-bottom: 1px; padding-right: 1px;\"  itemscope itemtype=\"https:\/\/schema.org\/ImageObject\"><div class=\"envira-gallery-item-inner\"><div class=\"envira-gallery-position-overlay  envira-gallery-top-left\"><\/div><div class=\"envira-gallery-position-overlay  envira-gallery-top-right\"><\/div><div class=\"envira-gallery-position-overlay  envira-gallery-bottom-left\"><\/div><div class=\"envira-gallery-position-overlay  envira-gallery-bottom-right\"><\/div><a href=\"https:\/\/kcpecinci.rs\/virtuelni-muzej\/wp-content\/uploads\/sites\/2\/2026\/01\/kupinovo-etno-park-ruralna-celina-branka-madzarevica-sv-luka.webp-Nove-07.webp\" class=\"envira-gallery-1740 envira-gallery-link\" rel=\"enviragallery1740\" title=\"kupinovo-etno-park-ruralna-celina-branka-madzarevica-sv-luka.webp-Nove-07\" data-envira-caption=\"kupinovo-etno-park-ruralna-celina-branka-madzarevica-sv-luka.webp-Nove-07\" data-envira-retina=\"\" data-thumbnail=\"\"  itemprop=\"contentUrl\"><img decoding=\"async\" id=\"envira-gallery-image-895\" class=\"envira-gallery-image envira-gallery-image-9 envira-normal envira-lazy\" data-envira-index=\"9\" src=\"https:\/\/kcpecinci.rs\/virtuelni-muzej\/wp-content\/uploads\/sites\/2\/2026\/01\/kupinovo-etno-park-ruralna-celina-branka-madzarevica-sv-luka.webp-Nove-07-1024x683-640x480.webp\" data-envira-src=\"https:\/\/kcpecinci.rs\/virtuelni-muzej\/wp-content\/uploads\/sites\/2\/2026\/01\/kupinovo-etno-park-ruralna-celina-branka-madzarevica-sv-luka.webp-Nove-07-1024x683-640x480.webp\" data-envira-gallery-id=\"1740\" data-envira-item-id=\"895\" data-envira-caption=\"kupinovo-etno-park-ruralna-celina-branka-madzarevica-sv-luka.webp-Nove-07\" alt=\"\" title=\"kupinovo-etno-park-ruralna-celina-branka-madzarevica-sv-luka.webp-Nove-07\"  itemprop=\"thumbnailUrl\" data-envira-srcset=\"https:\/\/kcpecinci.rs\/virtuelni-muzej\/wp-content\/uploads\/sites\/2\/2026\/01\/kupinovo-etno-park-ruralna-celina-branka-madzarevica-sv-luka.webp-Nove-07-1024x683-640x480.webp 400w,https:\/\/kcpecinci.rs\/virtuelni-muzej\/wp-content\/uploads\/sites\/2\/2026\/01\/kupinovo-etno-park-ruralna-celina-branka-madzarevica-sv-luka.webp-Nove-07-1024x683-640x480.webp 2x\" data-envira-width=\"300\" data-envira-height=\"200\" srcset=\"data:image\/gif;base64,R0lGODlhAQABAIAAAP\/\/\/\/\/\/\/yH5BAEKAAEALAAAAAABAAEAAAICTAEAOw==\" data-safe-src=\"data:image\/gif;base64,R0lGODlhAQABAIAAAP\/\/\/\/\/\/\/yH5BAEKAAEALAAAAAABAAEAAAICTAEAOw==\" \/><\/a><\/div><\/div><div id=\"envira-gallery-item-902\" class=\"envira-gallery-item enviratope-item envira-gallery-item-10 envira-lazy-load\" style=\"padding-left: 1px; padding-bottom: 1px; padding-right: 1px;\"  itemscope itemtype=\"https:\/\/schema.org\/ImageObject\"><div class=\"envira-gallery-item-inner\"><div class=\"envira-gallery-position-overlay  envira-gallery-top-left\"><\/div><div class=\"envira-gallery-position-overlay  envira-gallery-top-right\"><\/div><div class=\"envira-gallery-position-overlay  envira-gallery-bottom-left\"><\/div><div class=\"envira-gallery-position-overlay  envira-gallery-bottom-right\"><\/div><a href=\"https:\/\/kcpecinci.rs\/virtuelni-muzej\/wp-content\/uploads\/sites\/2\/2026\/01\/kupinovo-etno-park-ruralna-celina-branka-madzarevica-sv-luka.webp-Stare-01.webp\" class=\"envira-gallery-1740 envira-gallery-link\" rel=\"enviragallery1740\" title=\"kupinovo-etno-park-ruralna-celina-branka-madzarevica-sv-luka.webp-Stare-01\" data-envira-caption=\"kupinovo-etno-park-ruralna-celina-branka-madzarevica-sv-luka.webp-Stare-01\" data-envira-retina=\"\" data-thumbnail=\"\"  itemprop=\"contentUrl\"><img decoding=\"async\" id=\"envira-gallery-image-902\" class=\"envira-gallery-image envira-gallery-image-10 envira-normal envira-lazy\" data-envira-index=\"10\" src=\"https:\/\/kcpecinci.rs\/virtuelni-muzej\/wp-content\/uploads\/sites\/2\/2026\/01\/kupinovo-etno-park-ruralna-celina-branka-madzarevica-sv-luka.webp-Stare-01-950x1024-640x480.webp\" data-envira-src=\"https:\/\/kcpecinci.rs\/virtuelni-muzej\/wp-content\/uploads\/sites\/2\/2026\/01\/kupinovo-etno-park-ruralna-celina-branka-madzarevica-sv-luka.webp-Stare-01-950x1024-640x480.webp\" data-envira-gallery-id=\"1740\" data-envira-item-id=\"902\" data-envira-caption=\"kupinovo-etno-park-ruralna-celina-branka-madzarevica-sv-luka.webp-Stare-01\" alt=\"\" title=\"kupinovo-etno-park-ruralna-celina-branka-madzarevica-sv-luka.webp-Stare-01\"  itemprop=\"thumbnailUrl\" data-envira-srcset=\"https:\/\/kcpecinci.rs\/virtuelni-muzej\/wp-content\/uploads\/sites\/2\/2026\/01\/kupinovo-etno-park-ruralna-celina-branka-madzarevica-sv-luka.webp-Stare-01-950x1024-640x480.webp 400w,https:\/\/kcpecinci.rs\/virtuelni-muzej\/wp-content\/uploads\/sites\/2\/2026\/01\/kupinovo-etno-park-ruralna-celina-branka-madzarevica-sv-luka.webp-Stare-01-950x1024-640x480.webp 2x\" data-envira-width=\"278\" data-envira-height=\"300\" srcset=\"data:image\/gif;base64,R0lGODlhAQABAIAAAP\/\/\/\/\/\/\/yH5BAEKAAEALAAAAAABAAEAAAICTAEAOw==\" data-safe-src=\"data:image\/gif;base64,R0lGODlhAQABAIAAAP\/\/\/\/\/\/\/yH5BAEKAAEALAAAAAABAAEAAAICTAEAOw==\" \/><\/a><\/div><\/div><div id=\"envira-gallery-item-893\" class=\"envira-gallery-item enviratope-item envira-gallery-item-11 envira-lazy-load\" style=\"padding-left: 1px; padding-bottom: 1px; padding-right: 1px;\"  itemscope itemtype=\"https:\/\/schema.org\/ImageObject\"><div class=\"envira-gallery-item-inner\"><div class=\"envira-gallery-position-overlay  envira-gallery-top-left\"><\/div><div class=\"envira-gallery-position-overlay  envira-gallery-top-right\"><\/div><div class=\"envira-gallery-position-overlay  envira-gallery-bottom-left\"><\/div><div class=\"envira-gallery-position-overlay  envira-gallery-bottom-right\"><\/div><a href=\"https:\/\/kcpecinci.rs\/virtuelni-muzej\/wp-content\/uploads\/sites\/2\/2026\/01\/kupinovo-etno-park-ruralna-celina-branka-madzarevica-sv-luka.webp-Nove-05.webp\" class=\"envira-gallery-1740 envira-gallery-link\" rel=\"enviragallery1740\" title=\"kupinovo-etno-park-ruralna-celina-branka-madzarevica-sv-luka.webp-Nove-05\" data-envira-caption=\"kupinovo-etno-park-ruralna-celina-branka-madzarevica-sv-luka.webp-Nove-05\" data-envira-retina=\"\" data-thumbnail=\"\"  itemprop=\"contentUrl\"><img decoding=\"async\" id=\"envira-gallery-image-893\" class=\"envira-gallery-image envira-gallery-image-11 envira-normal envira-lazy\" data-envira-index=\"11\" src=\"https:\/\/kcpecinci.rs\/virtuelni-muzej\/wp-content\/uploads\/sites\/2\/2026\/01\/kupinovo-etno-park-ruralna-celina-branka-madzarevica-sv-luka.webp-Nove-05-1024x768-640x480.webp\" data-envira-src=\"https:\/\/kcpecinci.rs\/virtuelni-muzej\/wp-content\/uploads\/sites\/2\/2026\/01\/kupinovo-etno-park-ruralna-celina-branka-madzarevica-sv-luka.webp-Nove-05-1024x768-640x480.webp\" data-envira-gallery-id=\"1740\" data-envira-item-id=\"893\" data-envira-caption=\"kupinovo-etno-park-ruralna-celina-branka-madzarevica-sv-luka.webp-Nove-05\" alt=\"\" title=\"kupinovo-etno-park-ruralna-celina-branka-madzarevica-sv-luka.webp-Nove-05\"  itemprop=\"thumbnailUrl\" data-envira-srcset=\"https:\/\/kcpecinci.rs\/virtuelni-muzej\/wp-content\/uploads\/sites\/2\/2026\/01\/kupinovo-etno-park-ruralna-celina-branka-madzarevica-sv-luka.webp-Nove-05-1024x768-640x480.webp 400w,https:\/\/kcpecinci.rs\/virtuelni-muzej\/wp-content\/uploads\/sites\/2\/2026\/01\/kupinovo-etno-park-ruralna-celina-branka-madzarevica-sv-luka.webp-Nove-05-1024x768-640x480.webp 2x\" data-envira-width=\"300\" data-envira-height=\"225\" srcset=\"data:image\/gif;base64,R0lGODlhAQABAIAAAP\/\/\/\/\/\/\/yH5BAEKAAEALAAAAAABAAEAAAICTAEAOw==\" data-safe-src=\"data:image\/gif;base64,R0lGODlhAQABAIAAAP\/\/\/\/\/\/\/yH5BAEKAAEALAAAAAABAAEAAAICTAEAOw==\" \/><\/a><\/div><\/div><div id=\"envira-gallery-item-894\" class=\"envira-gallery-item enviratope-item envira-gallery-item-12 envira-lazy-load\" style=\"padding-left: 1px; padding-bottom: 1px; padding-right: 1px;\"  itemscope itemtype=\"https:\/\/schema.org\/ImageObject\"><div class=\"envira-gallery-item-inner\"><div class=\"envira-gallery-position-overlay  envira-gallery-top-left\"><\/div><div class=\"envira-gallery-position-overlay  envira-gallery-top-right\"><\/div><div class=\"envira-gallery-position-overlay  envira-gallery-bottom-left\"><\/div><div class=\"envira-gallery-position-overlay  envira-gallery-bottom-right\"><\/div><a href=\"https:\/\/kcpecinci.rs\/virtuelni-muzej\/wp-content\/uploads\/sites\/2\/2026\/01\/kupinovo-etno-park-ruralna-celina-branka-madzarevica-sv-luka.webp-Nove-06.webp\" class=\"envira-gallery-1740 envira-gallery-link\" rel=\"enviragallery1740\" title=\"kupinovo-etno-park-ruralna-celina-branka-madzarevica-sv-luka.webp-Nove-06\" data-envira-caption=\"kupinovo-etno-park-ruralna-celina-branka-madzarevica-sv-luka.webp-Nove-06\" data-envira-retina=\"\" data-thumbnail=\"\"  itemprop=\"contentUrl\"><img decoding=\"async\" id=\"envira-gallery-image-894\" class=\"envira-gallery-image envira-gallery-image-12 envira-normal envira-lazy\" data-envira-index=\"12\" src=\"https:\/\/kcpecinci.rs\/virtuelni-muzej\/wp-content\/uploads\/sites\/2\/2026\/01\/kupinovo-etno-park-ruralna-celina-branka-madzarevica-sv-luka.webp-Nove-06-1024x768-640x480.webp\" data-envira-src=\"https:\/\/kcpecinci.rs\/virtuelni-muzej\/wp-content\/uploads\/sites\/2\/2026\/01\/kupinovo-etno-park-ruralna-celina-branka-madzarevica-sv-luka.webp-Nove-06-1024x768-640x480.webp\" data-envira-gallery-id=\"1740\" data-envira-item-id=\"894\" data-envira-caption=\"kupinovo-etno-park-ruralna-celina-branka-madzarevica-sv-luka.webp-Nove-06\" alt=\"\" title=\"kupinovo-etno-park-ruralna-celina-branka-madzarevica-sv-luka.webp-Nove-06\"  itemprop=\"thumbnailUrl\" data-envira-srcset=\"https:\/\/kcpecinci.rs\/virtuelni-muzej\/wp-content\/uploads\/sites\/2\/2026\/01\/kupinovo-etno-park-ruralna-celina-branka-madzarevica-sv-luka.webp-Nove-06-1024x768-640x480.webp 400w,https:\/\/kcpecinci.rs\/virtuelni-muzej\/wp-content\/uploads\/sites\/2\/2026\/01\/kupinovo-etno-park-ruralna-celina-branka-madzarevica-sv-luka.webp-Nove-06-1024x768-640x480.webp 2x\" data-envira-width=\"300\" data-envira-height=\"225\" srcset=\"data:image\/gif;base64,R0lGODlhAQABAIAAAP\/\/\/\/\/\/\/yH5BAEKAAEALAAAAAABAAEAAAICTAEAOw==\" data-safe-src=\"data:image\/gif;base64,R0lGODlhAQABAIAAAP\/\/\/\/\/\/\/yH5BAEKAAEALAAAAAABAAEAAAICTAEAOw==\" \/><\/a><\/div><\/div><div id=\"envira-gallery-item-891\" class=\"envira-gallery-item enviratope-item envira-gallery-item-13 envira-lazy-load\" style=\"padding-left: 1px; padding-bottom: 1px; padding-right: 1px;\"  itemscope itemtype=\"https:\/\/schema.org\/ImageObject\"><div class=\"envira-gallery-item-inner\"><div class=\"envira-gallery-position-overlay  envira-gallery-top-left\"><\/div><div class=\"envira-gallery-position-overlay  envira-gallery-top-right\"><\/div><div class=\"envira-gallery-position-overlay  envira-gallery-bottom-left\"><\/div><div class=\"envira-gallery-position-overlay  envira-gallery-bottom-right\"><\/div><a href=\"https:\/\/kcpecinci.rs\/virtuelni-muzej\/wp-content\/uploads\/sites\/2\/2026\/01\/kupinovo-etno-park-ruralna-celina-branka-madzarevica-sv-luka.webp-Nove-03.webp\" class=\"envira-gallery-1740 envira-gallery-link\" rel=\"enviragallery1740\" title=\"kupinovo-etno-park-ruralna-celina-branka-madzarevica-sv-luka.webp-Nove-03\" data-envira-caption=\"kupinovo-etno-park-ruralna-celina-branka-madzarevica-sv-luka.webp-Nove-03\" data-envira-retina=\"\" data-thumbnail=\"\"  itemprop=\"contentUrl\"><img decoding=\"async\" id=\"envira-gallery-image-891\" class=\"envira-gallery-image envira-gallery-image-13 envira-normal envira-lazy\" data-envira-index=\"13\" src=\"https:\/\/kcpecinci.rs\/virtuelni-muzej\/wp-content\/uploads\/sites\/2\/2026\/01\/kupinovo-etno-park-ruralna-celina-branka-madzarevica-sv-luka.webp-Nove-03-1024x768-640x480.webp\" data-envira-src=\"https:\/\/kcpecinci.rs\/virtuelni-muzej\/wp-content\/uploads\/sites\/2\/2026\/01\/kupinovo-etno-park-ruralna-celina-branka-madzarevica-sv-luka.webp-Nove-03-1024x768-640x480.webp\" data-envira-gallery-id=\"1740\" data-envira-item-id=\"891\" data-envira-caption=\"kupinovo-etno-park-ruralna-celina-branka-madzarevica-sv-luka.webp-Nove-03\" alt=\"\" title=\"kupinovo-etno-park-ruralna-celina-branka-madzarevica-sv-luka.webp-Nove-03\"  itemprop=\"thumbnailUrl\" data-envira-srcset=\"https:\/\/kcpecinci.rs\/virtuelni-muzej\/wp-content\/uploads\/sites\/2\/2026\/01\/kupinovo-etno-park-ruralna-celina-branka-madzarevica-sv-luka.webp-Nove-03-1024x768-640x480.webp 400w,https:\/\/kcpecinci.rs\/virtuelni-muzej\/wp-content\/uploads\/sites\/2\/2026\/01\/kupinovo-etno-park-ruralna-celina-branka-madzarevica-sv-luka.webp-Nove-03-1024x768-640x480.webp 2x\" data-envira-width=\"300\" data-envira-height=\"225\" srcset=\"data:image\/gif;base64,R0lGODlhAQABAIAAAP\/\/\/\/\/\/\/yH5BAEKAAEALAAAAAABAAEAAAICTAEAOw==\" data-safe-src=\"data:image\/gif;base64,R0lGODlhAQABAIAAAP\/\/\/\/\/\/\/yH5BAEKAAEALAAAAAABAAEAAAICTAEAOw==\" \/><\/a><\/div><\/div><\/div><\/div><noscript><img decoding=\"async\" src=\"https:\/\/kcpecinci.rs\/virtuelni-muzej\/wp-content\/uploads\/sites\/2\/2026\/01\/kupinovo-etno-park-ruralna-celina-branka-madzarevica-sv-luka.webp-Nove-10.webp\" alt=\"\" \/><img decoding=\"async\" src=\"https:\/\/kcpecinci.rs\/virtuelni-muzej\/wp-content\/uploads\/sites\/2\/2026\/01\/kupinovo-etno-park-ruralna-celina-branka-madzarevica-sv-luka.webp-Nove-09.webp\" alt=\"\" \/><img decoding=\"async\" src=\"https:\/\/kcpecinci.rs\/virtuelni-muzej\/wp-content\/uploads\/sites\/2\/2026\/01\/kupinovo-etno-park-ruralna-celina-branka-madzarevica-sv-luka.webp-Nove-11.webp\" alt=\"\" \/><img decoding=\"async\" src=\"https:\/\/kcpecinci.rs\/virtuelni-muzej\/wp-content\/uploads\/sites\/2\/2026\/01\/kupinovo-etno-park-ruralna-celina-branka-madzarevica-sv-luka.webp-Nove-02.webp\" alt=\"\" \/><img decoding=\"async\" src=\"https:\/\/kcpecinci.rs\/virtuelni-muzej\/wp-content\/uploads\/sites\/2\/2026\/01\/kupinovo-etno-park-ruralna-celina-branka-madzarevica-sv-luka.webp-Nove-04.webp\" alt=\"\" \/><img decoding=\"async\" src=\"https:\/\/kcpecinci.rs\/virtuelni-muzej\/wp-content\/uploads\/sites\/2\/2026\/01\/kupinovo-etno-park-ruralna-celina-branka-madzarevica-sv-luka.webp-Nove-13.webp\" alt=\"\" \/><img decoding=\"async\" src=\"https:\/\/kcpecinci.rs\/virtuelni-muzej\/wp-content\/uploads\/sites\/2\/2026\/01\/kupinovo-etno-park-ruralna-celina-branka-madzarevica-sv-luka.webp-Nove-12.webp\" alt=\"\" \/><img decoding=\"async\" src=\"https:\/\/kcpecinci.rs\/virtuelni-muzej\/wp-content\/uploads\/sites\/2\/2026\/01\/kupinovo-etno-park-ruralna-celina-branka-madzarevica-sv-luka.webp-Nove-08.webp\" alt=\"\" \/><img decoding=\"async\" src=\"https:\/\/kcpecinci.rs\/virtuelni-muzej\/wp-content\/uploads\/sites\/2\/2026\/01\/kupinovo-etno-park-ruralna-celina-branka-madzarevica-sv-luka.webp-Nove-07.webp\" alt=\"\" \/><img decoding=\"async\" src=\"https:\/\/kcpecinci.rs\/virtuelni-muzej\/wp-content\/uploads\/sites\/2\/2026\/01\/kupinovo-etno-park-ruralna-celina-branka-madzarevica-sv-luka.webp-Stare-01.webp\" alt=\"\" \/><img decoding=\"async\" src=\"https:\/\/kcpecinci.rs\/virtuelni-muzej\/wp-content\/uploads\/sites\/2\/2026\/01\/kupinovo-etno-park-ruralna-celina-branka-madzarevica-sv-luka.webp-Nove-05.webp\" alt=\"\" \/><img decoding=\"async\" src=\"https:\/\/kcpecinci.rs\/virtuelni-muzej\/wp-content\/uploads\/sites\/2\/2026\/01\/kupinovo-etno-park-ruralna-celina-branka-madzarevica-sv-luka.webp-Nove-06.webp\" alt=\"\" \/><img decoding=\"async\" src=\"https:\/\/kcpecinci.rs\/virtuelni-muzej\/wp-content\/uploads\/sites\/2\/2026\/01\/kupinovo-etno-park-ruralna-celina-branka-madzarevica-sv-luka.webp-Nove-03.webp\" alt=\"\" \/><\/noscript><\/div>\n<\/div>\n<\/div>\n<\/div>\n\n\n\n<h2 class=\"wp-block-heading has-x-large-font-size\">Video<\/h2>\n\n\n\n<figure class=\"wp-block-embed is-type-video is-provider-youtube wp-block-embed-youtube wp-embed-aspect-16-9 wp-has-aspect-ratio\"><div class=\"wp-block-embed__wrapper\">\n<iframe loading=\"lazy\" title=\"VIRTUELNI MUZEJ: Kupinovo, Etno park, ruralna celina u ul. Branka Mad\u017earevi\u0107a sa crkvom Sv. Luke\" width=\"500\" height=\"281\" src=\"https:\/\/www.youtube.com\/embed\/ysPFqw9qN2s?feature=oembed\" frameborder=\"0\" allow=\"accelerometer; autoplay; clipboard-write; encrypted-media; gyroscope; picture-in-picture; web-share\" referrerpolicy=\"strict-origin-when-cross-origin\" allowfullscreen><\/iframe>\n<\/div><\/figure>\n","protected":false},"excerpt":{"rendered":"<p>U Donjem Sremu, pedesetak kilometara od Beograda, u blizini Specijalnog rezervata prirode i poznatog lovnoribolovnog podru\u010dja Obedske Bare, nalazi se selo Kupinovo \u2013 va\u017eno kraji\u0161ko mesto sa bogatom istorijom i kulturnim nasle\u0111em. Nastalo kao podgra\u0111e srednjovekovnog grada Kupinika, jedno vreme sto\u017eer srpskih despota iz porodice Brankovi\u0107a, Kupinovo je tokom vekova slu\u017eilo kao zna\u010dajan punkt Austro-turske [&hellip;]<\/p>\n","protected":false},"featured_media":892,"template":"","meta":{"_acf_changed":true},"mesto":[36],"nivo-zakonske-zastite":[50],"vrsta-spomenika":[52],"class_list":["post-461","kulturno_dobro","type-kulturno_dobro","status-publish","has-post-thumbnail","hentry","mesto-kupinovo","nivo-zakonske-zastite-veliki-znacaj","vrsta-spomenika-narodno-graditeljstvo"],"acf":[],"mb":[],"yoast_head":"<!-- This site is optimized with the Yoast SEO plugin v26.8 - https:\/\/yoast.com\/product\/yoast-seo-wordpress\/ -->\n<title>Etno park - Virtuelni muzej nepokretnog kulturnog nasle\u0111a u Donjem Sremu<\/title>\n<meta name=\"robots\" content=\"index, follow, max-snippet:-1, max-image-preview:large, max-video-preview:-1\" \/>\n<link rel=\"canonical\" href=\"https:\/\/kcpecinci.rs\/virtuelni-muzej\/kulturno_dobro\/kupinovo-etno-park-kupinovo-ruralna-celina-u-ulici-branka-madzarevica-sa-crkvom-sv-luke\/\" \/>\n<meta property=\"og:locale\" content=\"sr_RS\" \/>\n<meta property=\"og:type\" content=\"article\" \/>\n<meta property=\"og:title\" content=\"Etno park - Virtuelni muzej nepokretnog kulturnog nasle\u0111a u Donjem Sremu\" \/>\n<meta property=\"og:description\" content=\"U Donjem Sremu, pedesetak kilometara od Beograda, u blizini Specijalnog rezervata prirode i poznatog lovnoribolovnog podru\u010dja Obedske Bare, nalazi se selo Kupinovo \u2013 va\u017eno kraji\u0161ko mesto sa bogatom istorijom i kulturnim nasle\u0111em. Nastalo kao podgra\u0111e srednjovekovnog grada Kupinika, jedno vreme sto\u017eer srpskih despota iz porodice Brankovi\u0107a, Kupinovo je tokom vekova slu\u017eilo kao zna\u010dajan punkt Austro-turske [&hellip;]\" \/>\n<meta property=\"og:url\" content=\"https:\/\/kcpecinci.rs\/virtuelni-muzej\/kulturno_dobro\/kupinovo-etno-park-kupinovo-ruralna-celina-u-ulici-branka-madzarevica-sa-crkvom-sv-luke\/\" \/>\n<meta property=\"og:site_name\" content=\"Virtuelni muzej nepokretnog kulturnog nasle\u0111a u Donjem Sremu\" \/>\n<meta property=\"article:modified_time\" content=\"2026-02-17T14:54:43+00:00\" \/>\n<meta property=\"og:image\" content=\"https:\/\/kcpecinci.rs\/virtuelni-muzej\/wp-content\/uploads\/sites\/2\/2026\/01\/kupinovo-etno-park-ruralna-celina-branka-madzarevica-sv-luka.webp-Nove-04.webp\" \/>\n\t<meta property=\"og:image:width\" content=\"1600\" \/>\n\t<meta property=\"og:image:height\" content=\"1067\" \/>\n\t<meta property=\"og:image:type\" content=\"image\/webp\" \/>\n<meta name=\"twitter:card\" content=\"summary_large_image\" \/>\n<meta name=\"twitter:label1\" content=\"Procenjeno vreme \u010ditanja\" \/>\n\t<meta name=\"twitter:data1\" content=\"2 minuta\" \/>\n<script type=\"application\/ld+json\" class=\"yoast-schema-graph\">{\"@context\":\"https:\/\/schema.org\",\"@graph\":[{\"@type\":\"WebPage\",\"@id\":\"https:\/\/kcpecinci.rs\/virtuelni-muzej\/kulturno_dobro\/kupinovo-etno-park-kupinovo-ruralna-celina-u-ulici-branka-madzarevica-sa-crkvom-sv-luke\/\",\"url\":\"https:\/\/kcpecinci.rs\/virtuelni-muzej\/kulturno_dobro\/kupinovo-etno-park-kupinovo-ruralna-celina-u-ulici-branka-madzarevica-sa-crkvom-sv-luke\/\",\"name\":\"Etno park - Virtuelni muzej nepokretnog kulturnog nasle\u0111a u Donjem Sremu\",\"isPartOf\":{\"@id\":\"https:\/\/kcpecinci.rs\/virtuelni-muzej\/#website\"},\"primaryImageOfPage\":{\"@id\":\"https:\/\/kcpecinci.rs\/virtuelni-muzej\/kulturno_dobro\/kupinovo-etno-park-kupinovo-ruralna-celina-u-ulici-branka-madzarevica-sa-crkvom-sv-luke\/#primaryimage\"},\"image\":{\"@id\":\"https:\/\/kcpecinci.rs\/virtuelni-muzej\/kulturno_dobro\/kupinovo-etno-park-kupinovo-ruralna-celina-u-ulici-branka-madzarevica-sa-crkvom-sv-luke\/#primaryimage\"},\"thumbnailUrl\":\"https:\/\/kcpecinci.rs\/virtuelni-muzej\/wp-content\/uploads\/sites\/2\/2026\/01\/kupinovo-etno-park-ruralna-celina-branka-madzarevica-sv-luka.webp-Nove-04.webp\",\"datePublished\":\"2026-01-30T00:05:53+00:00\",\"dateModified\":\"2026-02-17T14:54:43+00:00\",\"breadcrumb\":{\"@id\":\"https:\/\/kcpecinci.rs\/virtuelni-muzej\/kulturno_dobro\/kupinovo-etno-park-kupinovo-ruralna-celina-u-ulici-branka-madzarevica-sa-crkvom-sv-luke\/#breadcrumb\"},\"inLanguage\":\"sr-RS\",\"potentialAction\":[{\"@type\":\"ReadAction\",\"target\":[\"https:\/\/kcpecinci.rs\/virtuelni-muzej\/kulturno_dobro\/kupinovo-etno-park-kupinovo-ruralna-celina-u-ulici-branka-madzarevica-sa-crkvom-sv-luke\/\"]}]},{\"@type\":\"ImageObject\",\"inLanguage\":\"sr-RS\",\"@id\":\"https:\/\/kcpecinci.rs\/virtuelni-muzej\/kulturno_dobro\/kupinovo-etno-park-kupinovo-ruralna-celina-u-ulici-branka-madzarevica-sa-crkvom-sv-luke\/#primaryimage\",\"url\":\"https:\/\/kcpecinci.rs\/virtuelni-muzej\/wp-content\/uploads\/sites\/2\/2026\/01\/kupinovo-etno-park-ruralna-celina-branka-madzarevica-sv-luka.webp-Nove-04.webp\",\"contentUrl\":\"https:\/\/kcpecinci.rs\/virtuelni-muzej\/wp-content\/uploads\/sites\/2\/2026\/01\/kupinovo-etno-park-ruralna-celina-branka-madzarevica-sv-luka.webp-Nove-04.webp\",\"width\":1600,\"height\":1067},{\"@type\":\"BreadcrumbList\",\"@id\":\"https:\/\/kcpecinci.rs\/virtuelni-muzej\/kulturno_dobro\/kupinovo-etno-park-kupinovo-ruralna-celina-u-ulici-branka-madzarevica-sa-crkvom-sv-luke\/#breadcrumb\",\"itemListElement\":[{\"@type\":\"ListItem\",\"position\":1,\"name\":\"\u041f\u043e\u0447\u0435\u0442\u043d\u0430\",\"item\":\"https:\/\/kcpecinci.rs\/virtuelni-muzej\/\"},{\"@type\":\"ListItem\",\"position\":2,\"name\":\"Kulturna dobra\",\"item\":\"https:\/\/kcpecinci.rs\/virtuelni-muzej\/kulturno_dobro\/\"},{\"@type\":\"ListItem\",\"position\":3,\"name\":\"Etno park\"}]},{\"@type\":\"WebSite\",\"@id\":\"https:\/\/kcpecinci.rs\/virtuelni-muzej\/#website\",\"url\":\"https:\/\/kcpecinci.rs\/virtuelni-muzej\/\",\"name\":\"Virtuelni muzej nepokretnog kulturnog nasle\u0111a u Donjem Sremu\",\"description\":\"Pri\u010de i spomenici Donjeg Srema\",\"publisher\":{\"@id\":\"https:\/\/kcpecinci.rs\/virtuelni-muzej\/#organization\"},\"potentialAction\":[{\"@type\":\"SearchAction\",\"target\":{\"@type\":\"EntryPoint\",\"urlTemplate\":\"https:\/\/kcpecinci.rs\/virtuelni-muzej\/?s={search_term_string}\"},\"query-input\":{\"@type\":\"PropertyValueSpecification\",\"valueRequired\":true,\"valueName\":\"search_term_string\"}}],\"inLanguage\":\"sr-RS\"},{\"@type\":\"Organization\",\"@id\":\"https:\/\/kcpecinci.rs\/virtuelni-muzej\/#organization\",\"name\":\"Virtuelni muzej nepokretnog kulturnog nasle\u0111a u Donjem Sremu\",\"url\":\"https:\/\/kcpecinci.rs\/virtuelni-muzej\/\",\"logo\":{\"@type\":\"ImageObject\",\"inLanguage\":\"sr-RS\",\"@id\":\"https:\/\/kcpecinci.rs\/virtuelni-muzej\/#\/schema\/logo\/image\/\",\"url\":\"https:\/\/kcpecinci.rs\/virtuelni-muzej\/wp-content\/uploads\/sites\/2\/2026\/02\/logo-nobg.png\",\"contentUrl\":\"https:\/\/kcpecinci.rs\/virtuelni-muzej\/wp-content\/uploads\/sites\/2\/2026\/02\/logo-nobg.png\",\"width\":542,\"height\":443,\"caption\":\"Virtuelni muzej nepokretnog kulturnog nasle\u0111a u Donjem Sremu\"},\"image\":{\"@id\":\"https:\/\/kcpecinci.rs\/virtuelni-muzej\/#\/schema\/logo\/image\/\"}}]}<\/script>\n<!-- \/ Yoast SEO plugin. -->","yoast_head_json":{"title":"Etno park - Virtuelni muzej nepokretnog kulturnog nasle\u0111a u Donjem Sremu","robots":{"index":"index","follow":"follow","max-snippet":"max-snippet:-1","max-image-preview":"max-image-preview:large","max-video-preview":"max-video-preview:-1"},"canonical":"https:\/\/kcpecinci.rs\/virtuelni-muzej\/kulturno_dobro\/kupinovo-etno-park-kupinovo-ruralna-celina-u-ulici-branka-madzarevica-sa-crkvom-sv-luke\/","og_locale":"sr_RS","og_type":"article","og_title":"Etno park - Virtuelni muzej nepokretnog kulturnog nasle\u0111a u Donjem Sremu","og_description":"U Donjem Sremu, pedesetak kilometara od Beograda, u blizini Specijalnog rezervata prirode i poznatog lovnoribolovnog podru\u010dja Obedske Bare, nalazi se selo Kupinovo \u2013 va\u017eno kraji\u0161ko mesto sa bogatom istorijom i kulturnim nasle\u0111em. Nastalo kao podgra\u0111e srednjovekovnog grada Kupinika, jedno vreme sto\u017eer srpskih despota iz porodice Brankovi\u0107a, Kupinovo je tokom vekova slu\u017eilo kao zna\u010dajan punkt Austro-turske [&hellip;]","og_url":"https:\/\/kcpecinci.rs\/virtuelni-muzej\/kulturno_dobro\/kupinovo-etno-park-kupinovo-ruralna-celina-u-ulici-branka-madzarevica-sa-crkvom-sv-luke\/","og_site_name":"Virtuelni muzej nepokretnog kulturnog nasle\u0111a u Donjem Sremu","article_modified_time":"2026-02-17T14:54:43+00:00","og_image":[{"width":1600,"height":1067,"url":"https:\/\/kcpecinci.rs\/virtuelni-muzej\/wp-content\/uploads\/sites\/2\/2026\/01\/kupinovo-etno-park-ruralna-celina-branka-madzarevica-sv-luka.webp-Nove-04.webp","type":"image\/webp"}],"twitter_card":"summary_large_image","twitter_misc":{"\u041f\u0440\u043e\u0446\u0435\u045a\u0435\u043d\u043e \u0432\u0440\u0435\u043c\u0435 \u0447\u0438\u0442\u0430\u045a\u0430":"2 minuta"},"schema":{"@context":"https:\/\/schema.org","@graph":[{"@type":"WebPage","@id":"https:\/\/kcpecinci.rs\/virtuelni-muzej\/kulturno_dobro\/kupinovo-etno-park-kupinovo-ruralna-celina-u-ulici-branka-madzarevica-sa-crkvom-sv-luke\/","url":"https:\/\/kcpecinci.rs\/virtuelni-muzej\/kulturno_dobro\/kupinovo-etno-park-kupinovo-ruralna-celina-u-ulici-branka-madzarevica-sa-crkvom-sv-luke\/","name":"Etno park - Virtuelni muzej nepokretnog kulturnog nasle\u0111a u Donjem Sremu","isPartOf":{"@id":"https:\/\/kcpecinci.rs\/virtuelni-muzej\/#website"},"primaryImageOfPage":{"@id":"https:\/\/kcpecinci.rs\/virtuelni-muzej\/kulturno_dobro\/kupinovo-etno-park-kupinovo-ruralna-celina-u-ulici-branka-madzarevica-sa-crkvom-sv-luke\/#primaryimage"},"image":{"@id":"https:\/\/kcpecinci.rs\/virtuelni-muzej\/kulturno_dobro\/kupinovo-etno-park-kupinovo-ruralna-celina-u-ulici-branka-madzarevica-sa-crkvom-sv-luke\/#primaryimage"},"thumbnailUrl":"https:\/\/kcpecinci.rs\/virtuelni-muzej\/wp-content\/uploads\/sites\/2\/2026\/01\/kupinovo-etno-park-ruralna-celina-branka-madzarevica-sv-luka.webp-Nove-04.webp","datePublished":"2026-01-30T00:05:53+00:00","dateModified":"2026-02-17T14:54:43+00:00","breadcrumb":{"@id":"https:\/\/kcpecinci.rs\/virtuelni-muzej\/kulturno_dobro\/kupinovo-etno-park-kupinovo-ruralna-celina-u-ulici-branka-madzarevica-sa-crkvom-sv-luke\/#breadcrumb"},"inLanguage":"sr-RS","potentialAction":[{"@type":"ReadAction","target":["https:\/\/kcpecinci.rs\/virtuelni-muzej\/kulturno_dobro\/kupinovo-etno-park-kupinovo-ruralna-celina-u-ulici-branka-madzarevica-sa-crkvom-sv-luke\/"]}]},{"@type":"ImageObject","inLanguage":"sr-RS","@id":"https:\/\/kcpecinci.rs\/virtuelni-muzej\/kulturno_dobro\/kupinovo-etno-park-kupinovo-ruralna-celina-u-ulici-branka-madzarevica-sa-crkvom-sv-luke\/#primaryimage","url":"https:\/\/kcpecinci.rs\/virtuelni-muzej\/wp-content\/uploads\/sites\/2\/2026\/01\/kupinovo-etno-park-ruralna-celina-branka-madzarevica-sv-luka.webp-Nove-04.webp","contentUrl":"https:\/\/kcpecinci.rs\/virtuelni-muzej\/wp-content\/uploads\/sites\/2\/2026\/01\/kupinovo-etno-park-ruralna-celina-branka-madzarevica-sv-luka.webp-Nove-04.webp","width":1600,"height":1067},{"@type":"BreadcrumbList","@id":"https:\/\/kcpecinci.rs\/virtuelni-muzej\/kulturno_dobro\/kupinovo-etno-park-kupinovo-ruralna-celina-u-ulici-branka-madzarevica-sa-crkvom-sv-luke\/#breadcrumb","itemListElement":[{"@type":"ListItem","position":1,"name":"Po\u010detna","item":"https:\/\/kcpecinci.rs\/virtuelni-muzej\/"},{"@type":"ListItem","position":2,"name":"Kulturna dobra","item":"https:\/\/kcpecinci.rs\/virtuelni-muzej\/kulturno_dobro\/"},{"@type":"ListItem","position":3,"name":"Etno park"}]},{"@type":"WebSite","@id":"https:\/\/kcpecinci.rs\/virtuelni-muzej\/#website","url":"https:\/\/kcpecinci.rs\/virtuelni-muzej\/","name":"Virtuelni muzej nepokretnog kulturnog nasle\u0111a u Donjem Sremu","description":"Pri\u010de i spomenici Donjeg Srema","publisher":{"@id":"https:\/\/kcpecinci.rs\/virtuelni-muzej\/#organization"},"potentialAction":[{"@type":"SearchAction","target":{"@type":"EntryPoint","urlTemplate":"https:\/\/kcpecinci.rs\/virtuelni-muzej\/?s={search_term_string}"},"query-input":{"@type":"PropertyValueSpecification","valueRequired":true,"valueName":"search_term_string"}}],"inLanguage":"sr-RS"},{"@type":"Organization","@id":"https:\/\/kcpecinci.rs\/virtuelni-muzej\/#organization","name":"Virtuelni muzej nepokretnog kulturnog nasle\u0111a u Donjem Sremu","url":"https:\/\/kcpecinci.rs\/virtuelni-muzej\/","logo":{"@type":"ImageObject","inLanguage":"sr-RS","@id":"https:\/\/kcpecinci.rs\/virtuelni-muzej\/#\/schema\/logo\/image\/","url":"https:\/\/kcpecinci.rs\/virtuelni-muzej\/wp-content\/uploads\/sites\/2\/2026\/02\/logo-nobg.png","contentUrl":"https:\/\/kcpecinci.rs\/virtuelni-muzej\/wp-content\/uploads\/sites\/2\/2026\/02\/logo-nobg.png","width":542,"height":443,"caption":"Virtuelni muzej nepokretnog kulturnog nasle\u0111a u Donjem Sremu"},"image":{"@id":"https:\/\/kcpecinci.rs\/virtuelni-muzej\/#\/schema\/logo\/image\/"}}]}},"mfb_rest_fields":["title","yoast_head","yoast_head_json"],"_links":{"self":[{"href":"https:\/\/kcpecinci.rs\/virtuelni-muzej\/wp-json\/wp\/v2\/kulturno_dobro\/461","targetHints":{"allow":["GET"]}}],"collection":[{"href":"https:\/\/kcpecinci.rs\/virtuelni-muzej\/wp-json\/wp\/v2\/kulturno_dobro"}],"about":[{"href":"https:\/\/kcpecinci.rs\/virtuelni-muzej\/wp-json\/wp\/v2\/types\/kulturno_dobro"}],"wp:featuredmedia":[{"embeddable":true,"href":"https:\/\/kcpecinci.rs\/virtuelni-muzej\/wp-json\/wp\/v2\/media\/892"}],"wp:attachment":[{"href":"https:\/\/kcpecinci.rs\/virtuelni-muzej\/wp-json\/wp\/v2\/media?parent=461"}],"wp:term":[{"taxonomy":"mesto","embeddable":true,"href":"https:\/\/kcpecinci.rs\/virtuelni-muzej\/wp-json\/wp\/v2\/mesto?post=461"},{"taxonomy":"nivo-zakonske-zastite","embeddable":true,"href":"https:\/\/kcpecinci.rs\/virtuelni-muzej\/wp-json\/wp\/v2\/nivo-zakonske-zastite?post=461"},{"taxonomy":"vrsta-spomenika","embeddable":true,"href":"https:\/\/kcpecinci.rs\/virtuelni-muzej\/wp-json\/wp\/v2\/vrsta-spomenika?post=461"}],"curies":[{"name":"wp","href":"https:\/\/api.w.org\/{rel}","templated":true}]}}