{"id":1184,"date":"2026-01-31T18:00:56","date_gmt":"2026-01-31T18:00:56","guid":{"rendered":"https:\/\/kcpecinci.rs\/virtuelni-muzej\/?post_type=kulturno_dobro&#038;p=1184"},"modified":"2026-02-17T14:52:28","modified_gmt":"2026-02-17T14:52:28","slug":"ogar-zgrada-sumske-sekcije-ulica-sumska-broj-6","status":"publish","type":"kulturno_dobro","link":"https:\/\/kcpecinci.rs\/virtuelni-muzej\/kulturno_dobro\/ogar-zgrada-sumske-sekcije-ulica-sumska-broj-6\/","title":{"rendered":"Zgrada \u0161umske sekcije"},"content":{"rendered":"\n<p>Zgrada \u0160umske sekcije nalazi se u Ogaru i predstavlja nepokretno kulturno dobro Republike Srbije, pod za\u0161titom Zavoda za za\u0161titu spomenika kulture Sremska Mitrovica.<\/p>\n\n\n\n<p>Istorijski zna\u010daj objekta proizilazi iz perioda Narodnooslobodila\u010dke borbe naroda Jugoslavije, jer je u njemu odr\u017ean prvi vojno-politi\u010dki kurs na oslobo\u0111enoj teritoriji Vojvodine. Tokom organizovanja kursa bilo je te\u0161ko prona\u0107i ljude sa op\u0161tim vojnim obrazovanjem i iskustvom iz Narodnooslobodila\u010dkih borbi, jer je ve\u0107ina partizanskih jedinica iz Srema prebegla u Bosnu. Ipak, ve\u0107ina polaznika ove prve vojne \u0161kole u Sremu kasnije je zauzimala zna\u010dajne polo\u017eaje u narodnooslobodila\u010dkoj vojsci.<\/p>\n\n\n\n<p>Naglo ja\u010danje NOP-a u Sremu i narastanje partizanskih jedinica nametnuli su potrebu za organizovanje vojnih kurseva za postoje\u0107e i budu\u0107e rukovodioce u NOV-i. Jedan od prvih vojno-politi\u010dkih kurseva, sa 25 slu\u0161alaca, odr\u017ean je u zgradi \u0160umske sekcije (\u201eFe\u0161teraja\u201c) u Ogaru od 01. maja do 01. juna 1943. godine. Vojni deo programa vodili su Naum Zafirovski i \u017darko Samarxi\u0107-Ba\u0107a, dok su politi\u010dka predavanja dr\u017eali \u010dlanovi Pokrajinskog i Okru\u017enog partijskog rukovodstva.<\/p>\n\n\n\n<p>Na fasadi zgrade postavljena je plo\u010da dimenzija 0,80 \u00d7 0,50 metara sa uklesanim tekstom:<\/p>\n\n\n\n<blockquote class=\"wp-block-quote is-layout-flow wp-block-quote-is-layout-flow\">\n<p>\u201eU ovoj ku\u0107i je po\u010dela rad<br>Prva partizanska oficirska \u0161kola<br>na oslobo\u0111enoj teritoriji Vojvodine<br>u vremenu od 01. maja do 01. juna 1943. godine.\u201c<\/p>\n<\/blockquote>\n\n\n\n<p>Zgrada je prizemna, pravougaona, slobodnostoje\u0107a stambena gra\u0111evina podignuta na regulacionoj liniji, podeljena u tri stambene jedinice. Ispod severozapadnog dela nalazi se podrum sa ulazom sa zapadne strane. U objekat se ulazi sa istoka i severa. Prvobitno je dugim hodnikom bila podeljena na dva dela, ali je hodnik delimi\u010dno zazidan i pretvoren u kupatilo i kuhinju, a na njegovom mestu nalazi se drveno stepeni\u0161te za tavan.<\/p>\n\n\n\n<p>Na severnoj, dvori\u0161noj strani nalazi se prostrana veranda sa ulazom u predsoblje, sada pregra\u0111eno na dva dela. Sa ju\u017ene, uli\u010dne strane nalazi se pet soba, dok severna strana sadr\u017ei dve sobe, dva kupatila, dva hodnika i kuhinju.<\/p>\n\n\n\n<p>Krovna konstrukcija je drvena sa izrazito dekorativno obra\u0111enim rogovima na krajevima vidljivim na dubokoj strehi. Dvovodni krov je pokriven biber crepom. Tri dvori\u0161ne fasade su glatko omaletrisane. Ju\u017ena, uli\u010dna fasada ima plitke rizalite na krajevima, zavr\u0161ene malim zabatima i dvovodnim krvi\u0107ima pokrivenim biber crepom. Rizaliti imaju po jedan dvostruki trokrilni prozor sa kutijom, a srednji deo ju\u017ene fasade sadr\u017ei pet dvokrilnih prozora sa kutijom. Svi prozori imaju nadsvetla i drvene \u0161alone iznutra. Prvobitna vrata, ulazna i od soba, dvostruka su i dvokrilna, kasetirana. Prozori na ju\u017enoj fasadi uokvireni su malterskim ramom sa stilizovanim trouglom na vrhu, a delovi malterske profilacije imaju geometrijsku dekoraciju. Sokl je nagla\u0161en, a gornja ivica profilisana.<\/p>\n\n\n\n<p>Zgrada je upisana u centralni registar 27. decembra 1999. godine pod brojem SK 1579, a u registar Zavoda za za\u0161titu spomenika kulture Sremska Mitrovica 6. decembra 1999. godine pod brojem SK 144.<\/p>\n\n\n\n<h2 class=\"wp-block-heading\">Galerija<\/h2>\n\n\n\n<div data-wp-context=\"{ &quot;autoclose&quot;: false, &quot;accordionItems&quot;: [] }\" data-wp-interactive=\"core\/accordion\" role=\"group\" class=\"wp-block-accordion is-layout-flow wp-block-accordion-is-layout-flow\">\n<div data-wp-class--is-open=\"state.isOpen\" data-wp-context=\"{ &quot;id&quot;: &quot;accordion-item-1&quot;, &quot;openByDefault&quot;: false }\" data-wp-init=\"callbacks.initAccordionItems\" data-wp-on-window--hashchange=\"callbacks.hashChange\" class=\"wp-block-accordion-item is-layout-flow wp-block-accordion-item-is-layout-flow\">\n<h3 class=\"wp-block-accordion-heading\"><button aria-expanded=\"false\" aria-controls=\"accordion-item-1-panel\" data-wp-bind--aria-expanded=\"state.isOpen\" data-wp-on--click=\"actions.toggle\" data-wp-on--keydown=\"actions.handleKeyDown\" id=\"accordion-item-1\" type=\"button\" class=\"wp-block-accordion-heading__toggle\"><span class=\"wp-block-accordion-heading__toggle-icon\" aria-hidden=\"true\">+<\/span><span class=\"wp-block-accordion-heading__toggle-title\">Pogledaj sve fotografije<\/span><\/button><\/h3>\n\n\n\n<div inert aria-labelledby=\"accordion-item-1\" data-wp-bind--inert=\"!state.isOpen\" id=\"accordion-item-1-panel\" role=\"region\" class=\"wp-block-accordion-panel is-layout-flow wp-block-accordion-panel-is-layout-flow\">\n<div class=\"wp-block-envira-envira-gallery\"><div id=\"envira-gallery-wrap-1702\" class=\"envira-gallery-wrap envira-gallery-theme-base envira-lightbox-theme-base\" itemscope itemtype=\"https:\/\/schema.org\/ImageGallery\"><div data-row-height=\"150\" data-gallery-theme=\"normal\" id=\"envira-gallery-1702\" class=\"envira-gallery-public envira-gallery-justified-public envira-gallery-0-columns envira-clear enviratope envira-gallery-css-animations\" data-envira-columns=\"0\"><div id=\"envira-gallery-item-1192\" class=\"envira-gallery-item enviratope-item envira-gallery-item-1 envira-lazy-load\" style=\"padding-left: 1px; padding-bottom: 1px; padding-right: 1px;\"  itemscope itemtype=\"https:\/\/schema.org\/ImageObject\"><div class=\"envira-gallery-item-inner\"><div class=\"envira-gallery-position-overlay  envira-gallery-top-left\"><\/div><div class=\"envira-gallery-position-overlay  envira-gallery-top-right\"><\/div><div class=\"envira-gallery-position-overlay  envira-gallery-bottom-left\"><\/div><div class=\"envira-gallery-position-overlay  envira-gallery-bottom-right\"><\/div><a href=\"https:\/\/kcpecinci.rs\/virtuelni-muzej\/wp-content\/uploads\/sites\/2\/2026\/01\/ogar-zgrada-sumske-sekcije-sumska-6-Stare-02.webp\" class=\"envira-gallery-1702 envira-gallery-link\" rel=\"enviragallery1702\" title=\"ogar-zgrada-sumske-sekcije-sumska-6-Stare-02\" data-envira-caption=\"ogar-zgrada-sumske-sekcije-sumska-6-Stare-02\" data-envira-retina=\"\" data-thumbnail=\"\"  itemprop=\"contentUrl\"><img decoding=\"async\" id=\"envira-gallery-image-1192\" class=\"envira-gallery-image envira-gallery-image-1 envira-normal envira-lazy\" data-envira-index=\"1\" src=\"https:\/\/kcpecinci.rs\/virtuelni-muzej\/wp-content\/uploads\/sites\/2\/2026\/01\/ogar-zgrada-sumske-sekcije-sumska-6-Stare-02-1024x768-640x480.webp\" data-envira-src=\"https:\/\/kcpecinci.rs\/virtuelni-muzej\/wp-content\/uploads\/sites\/2\/2026\/01\/ogar-zgrada-sumske-sekcije-sumska-6-Stare-02-1024x768-640x480.webp\" data-envira-gallery-id=\"1702\" data-envira-item-id=\"1192\" data-envira-caption=\"ogar-zgrada-sumske-sekcije-sumska-6-Stare-02\" alt=\"\" title=\"ogar-zgrada-sumske-sekcije-sumska-6-Stare-02\"  itemprop=\"thumbnailUrl\" data-envira-srcset=\"https:\/\/kcpecinci.rs\/virtuelni-muzej\/wp-content\/uploads\/sites\/2\/2026\/01\/ogar-zgrada-sumske-sekcije-sumska-6-Stare-02-1024x768-640x480.webp 400w,https:\/\/kcpecinci.rs\/virtuelni-muzej\/wp-content\/uploads\/sites\/2\/2026\/01\/ogar-zgrada-sumske-sekcije-sumska-6-Stare-02-1024x768-640x480.webp 2x\" data-envira-width=\"300\" data-envira-height=\"225\" srcset=\"data:image\/gif;base64,R0lGODlhAQABAIAAAP\/\/\/\/\/\/\/yH5BAEKAAEALAAAAAABAAEAAAICTAEAOw==\" data-safe-src=\"data:image\/gif;base64,R0lGODlhAQABAIAAAP\/\/\/\/\/\/\/yH5BAEKAAEALAAAAAABAAEAAAICTAEAOw==\" \/><\/a><\/div><\/div><div id=\"envira-gallery-item-1191\" class=\"envira-gallery-item enviratope-item envira-gallery-item-2 envira-lazy-load\" style=\"padding-left: 1px; padding-bottom: 1px; padding-right: 1px;\"  itemscope itemtype=\"https:\/\/schema.org\/ImageObject\"><div class=\"envira-gallery-item-inner\"><div class=\"envira-gallery-position-overlay  envira-gallery-top-left\"><\/div><div class=\"envira-gallery-position-overlay  envira-gallery-top-right\"><\/div><div class=\"envira-gallery-position-overlay  envira-gallery-bottom-left\"><\/div><div class=\"envira-gallery-position-overlay  envira-gallery-bottom-right\"><\/div><a href=\"https:\/\/kcpecinci.rs\/virtuelni-muzej\/wp-content\/uploads\/sites\/2\/2026\/01\/ogar-zgrada-sumske-sekcije-sumska-6-Stare-01-e1769886070576.webp\" class=\"envira-gallery-1702 envira-gallery-link\" rel=\"enviragallery1702\" title=\"ogar-zgrada-sumske-sekcije-sumska-6-Stare-01\" data-envira-caption=\"ogar-zgrada-sumske-sekcije-sumska-6-Stare-01\" data-envira-retina=\"\" data-thumbnail=\"\"  itemprop=\"contentUrl\"><img decoding=\"async\" id=\"envira-gallery-image-1191\" class=\"envira-gallery-image envira-gallery-image-2 envira-normal envira-lazy\" data-envira-index=\"2\" src=\"https:\/\/kcpecinci.rs\/virtuelni-muzej\/wp-content\/uploads\/sites\/2\/2026\/01\/ogar-zgrada-sumske-sekcije-sumska-6-Stare-01-e1769886070576-768x1024-640x480.webp\" data-envira-src=\"https:\/\/kcpecinci.rs\/virtuelni-muzej\/wp-content\/uploads\/sites\/2\/2026\/01\/ogar-zgrada-sumske-sekcije-sumska-6-Stare-01-e1769886070576-768x1024-640x480.webp\" data-envira-gallery-id=\"1702\" data-envira-item-id=\"1191\" data-envira-caption=\"ogar-zgrada-sumske-sekcije-sumska-6-Stare-01\" alt=\"\" title=\"ogar-zgrada-sumske-sekcije-sumska-6-Stare-01\"  itemprop=\"thumbnailUrl\" data-envira-srcset=\"https:\/\/kcpecinci.rs\/virtuelni-muzej\/wp-content\/uploads\/sites\/2\/2026\/01\/ogar-zgrada-sumske-sekcije-sumska-6-Stare-01-e1769886070576-768x1024-640x480.webp 400w,https:\/\/kcpecinci.rs\/virtuelni-muzej\/wp-content\/uploads\/sites\/2\/2026\/01\/ogar-zgrada-sumske-sekcije-sumska-6-Stare-01-e1769886070576-768x1024-640x480.webp 2x\" data-envira-width=\"225\" data-envira-height=\"300\" srcset=\"data:image\/gif;base64,R0lGODlhAQABAIAAAP\/\/\/\/\/\/\/yH5BAEKAAEALAAAAAABAAEAAAICTAEAOw==\" data-safe-src=\"data:image\/gif;base64,R0lGODlhAQABAIAAAP\/\/\/\/\/\/\/yH5BAEKAAEALAAAAAABAAEAAAICTAEAOw==\" \/><\/a><\/div><\/div><div id=\"envira-gallery-item-1193\" class=\"envira-gallery-item enviratope-item envira-gallery-item-3 envira-lazy-load\" style=\"padding-left: 1px; padding-bottom: 1px; padding-right: 1px;\"  itemscope itemtype=\"https:\/\/schema.org\/ImageObject\"><div class=\"envira-gallery-item-inner\"><div class=\"envira-gallery-position-overlay  envira-gallery-top-left\"><\/div><div class=\"envira-gallery-position-overlay  envira-gallery-top-right\"><\/div><div class=\"envira-gallery-position-overlay  envira-gallery-bottom-left\"><\/div><div class=\"envira-gallery-position-overlay  envira-gallery-bottom-right\"><\/div><a href=\"https:\/\/kcpecinci.rs\/virtuelni-muzej\/wp-content\/uploads\/sites\/2\/2026\/01\/ogar-zgrada-sumske-sekcije-sumska-6-Stare-03.webp\" class=\"envira-gallery-1702 envira-gallery-link\" rel=\"enviragallery1702\" title=\"ogar-zgrada-sumske-sekcije-sumska-6-Stare-03\" data-envira-caption=\"ogar-zgrada-sumske-sekcije-sumska-6-Stare-03\" data-envira-retina=\"\" data-thumbnail=\"\"  itemprop=\"contentUrl\"><img decoding=\"async\" id=\"envira-gallery-image-1193\" class=\"envira-gallery-image envira-gallery-image-3 envira-normal envira-lazy\" data-envira-index=\"3\" src=\"https:\/\/kcpecinci.rs\/virtuelni-muzej\/wp-content\/uploads\/sites\/2\/2026\/01\/ogar-zgrada-sumske-sekcije-sumska-6-Stare-03-1024x768-640x480.webp\" data-envira-src=\"https:\/\/kcpecinci.rs\/virtuelni-muzej\/wp-content\/uploads\/sites\/2\/2026\/01\/ogar-zgrada-sumske-sekcije-sumska-6-Stare-03-1024x768-640x480.webp\" data-envira-gallery-id=\"1702\" data-envira-item-id=\"1193\" data-envira-caption=\"ogar-zgrada-sumske-sekcije-sumska-6-Stare-03\" alt=\"\" title=\"ogar-zgrada-sumske-sekcije-sumska-6-Stare-03\"  itemprop=\"thumbnailUrl\" data-envira-srcset=\"https:\/\/kcpecinci.rs\/virtuelni-muzej\/wp-content\/uploads\/sites\/2\/2026\/01\/ogar-zgrada-sumske-sekcije-sumska-6-Stare-03-1024x768-640x480.webp 400w,https:\/\/kcpecinci.rs\/virtuelni-muzej\/wp-content\/uploads\/sites\/2\/2026\/01\/ogar-zgrada-sumske-sekcije-sumska-6-Stare-03-1024x768-640x480.webp 2x\" data-envira-width=\"300\" data-envira-height=\"225\" srcset=\"data:image\/gif;base64,R0lGODlhAQABAIAAAP\/\/\/\/\/\/\/yH5BAEKAAEALAAAAAABAAEAAAICTAEAOw==\" data-safe-src=\"data:image\/gif;base64,R0lGODlhAQABAIAAAP\/\/\/\/\/\/\/yH5BAEKAAEALAAAAAABAAEAAAICTAEAOw==\" \/><\/a><\/div><\/div><div id=\"envira-gallery-item-1194\" class=\"envira-gallery-item enviratope-item envira-gallery-item-4 envira-lazy-load\" style=\"padding-left: 1px; padding-bottom: 1px; padding-right: 1px;\"  itemscope itemtype=\"https:\/\/schema.org\/ImageObject\"><div class=\"envira-gallery-item-inner\"><div class=\"envira-gallery-position-overlay  envira-gallery-top-left\"><\/div><div class=\"envira-gallery-position-overlay  envira-gallery-top-right\"><\/div><div class=\"envira-gallery-position-overlay  envira-gallery-bottom-left\"><\/div><div class=\"envira-gallery-position-overlay  envira-gallery-bottom-right\"><\/div><a href=\"https:\/\/kcpecinci.rs\/virtuelni-muzej\/wp-content\/uploads\/sites\/2\/2026\/01\/ogar-zgrada-sumske-sekcije-sumska-6-Stare-04.webp\" class=\"envira-gallery-1702 envira-gallery-link\" rel=\"enviragallery1702\" title=\"ogar-zgrada-sumske-sekcije-sumska-6-Stare-04\" data-envira-caption=\"ogar-zgrada-sumske-sekcije-sumska-6-Stare-04\" data-envira-retina=\"\" data-thumbnail=\"\"  itemprop=\"contentUrl\"><img decoding=\"async\" id=\"envira-gallery-image-1194\" class=\"envira-gallery-image envira-gallery-image-4 envira-normal envira-lazy\" data-envira-index=\"4\" src=\"https:\/\/kcpecinci.rs\/virtuelni-muzej\/wp-content\/uploads\/sites\/2\/2026\/01\/ogar-zgrada-sumske-sekcije-sumska-6-Stare-04-1024x768-640x480.webp\" data-envira-src=\"https:\/\/kcpecinci.rs\/virtuelni-muzej\/wp-content\/uploads\/sites\/2\/2026\/01\/ogar-zgrada-sumske-sekcije-sumska-6-Stare-04-1024x768-640x480.webp\" data-envira-gallery-id=\"1702\" data-envira-item-id=\"1194\" data-envira-caption=\"ogar-zgrada-sumske-sekcije-sumska-6-Stare-04\" alt=\"\" title=\"ogar-zgrada-sumske-sekcije-sumska-6-Stare-04\"  itemprop=\"thumbnailUrl\" data-envira-srcset=\"https:\/\/kcpecinci.rs\/virtuelni-muzej\/wp-content\/uploads\/sites\/2\/2026\/01\/ogar-zgrada-sumske-sekcije-sumska-6-Stare-04-1024x768-640x480.webp 400w,https:\/\/kcpecinci.rs\/virtuelni-muzej\/wp-content\/uploads\/sites\/2\/2026\/01\/ogar-zgrada-sumske-sekcije-sumska-6-Stare-04-1024x768-640x480.webp 2x\" data-envira-width=\"300\" data-envira-height=\"225\" srcset=\"data:image\/gif;base64,R0lGODlhAQABAIAAAP\/\/\/\/\/\/\/yH5BAEKAAEALAAAAAABAAEAAAICTAEAOw==\" data-safe-src=\"data:image\/gif;base64,R0lGODlhAQABAIAAAP\/\/\/\/\/\/\/yH5BAEKAAEALAAAAAABAAEAAAICTAEAOw==\" \/><\/a><\/div><\/div><div id=\"envira-gallery-item-1186\" class=\"envira-gallery-item enviratope-item envira-gallery-item-5 envira-lazy-load\" style=\"padding-left: 1px; padding-bottom: 1px; padding-right: 1px;\"  itemscope itemtype=\"https:\/\/schema.org\/ImageObject\"><div class=\"envira-gallery-item-inner\"><div class=\"envira-gallery-position-overlay  envira-gallery-top-left\"><\/div><div class=\"envira-gallery-position-overlay  envira-gallery-top-right\"><\/div><div class=\"envira-gallery-position-overlay  envira-gallery-bottom-left\"><\/div><div class=\"envira-gallery-position-overlay  envira-gallery-bottom-right\"><\/div><a href=\"https:\/\/kcpecinci.rs\/virtuelni-muzej\/wp-content\/uploads\/sites\/2\/2026\/01\/ogar-zgrada-sumske-sekcije-sumska-6-Nove-05.webp\" class=\"envira-gallery-1702 envira-gallery-link\" rel=\"enviragallery1702\" title=\"ogar-zgrada-sumske-sekcije-sumska-6-Nove-05\" data-envira-caption=\"ogar-zgrada-sumske-sekcije-sumska-6-Nove-05\" data-envira-retina=\"\" data-thumbnail=\"\"  itemprop=\"contentUrl\"><img decoding=\"async\" id=\"envira-gallery-image-1186\" class=\"envira-gallery-image envira-gallery-image-5 envira-normal envira-lazy\" data-envira-index=\"5\" src=\"https:\/\/kcpecinci.rs\/virtuelni-muzej\/wp-content\/uploads\/sites\/2\/2026\/01\/ogar-zgrada-sumske-sekcije-sumska-6-Nove-05-1024x768-640x480.webp\" data-envira-src=\"https:\/\/kcpecinci.rs\/virtuelni-muzej\/wp-content\/uploads\/sites\/2\/2026\/01\/ogar-zgrada-sumske-sekcije-sumska-6-Nove-05-1024x768-640x480.webp\" data-envira-gallery-id=\"1702\" data-envira-item-id=\"1186\" data-envira-caption=\"ogar-zgrada-sumske-sekcije-sumska-6-Nove-05\" alt=\"\" title=\"ogar-zgrada-sumske-sekcije-sumska-6-Nove-05\"  itemprop=\"thumbnailUrl\" data-envira-srcset=\"https:\/\/kcpecinci.rs\/virtuelni-muzej\/wp-content\/uploads\/sites\/2\/2026\/01\/ogar-zgrada-sumske-sekcije-sumska-6-Nove-05-1024x768-640x480.webp 400w,https:\/\/kcpecinci.rs\/virtuelni-muzej\/wp-content\/uploads\/sites\/2\/2026\/01\/ogar-zgrada-sumske-sekcije-sumska-6-Nove-05-1024x768-640x480.webp 2x\" data-envira-width=\"300\" data-envira-height=\"225\" srcset=\"data:image\/gif;base64,R0lGODlhAQABAIAAAP\/\/\/\/\/\/\/yH5BAEKAAEALAAAAAABAAEAAAICTAEAOw==\" data-safe-src=\"data:image\/gif;base64,R0lGODlhAQABAIAAAP\/\/\/\/\/\/\/yH5BAEKAAEALAAAAAABAAEAAAICTAEAOw==\" \/><\/a><\/div><\/div><div id=\"envira-gallery-item-1187\" class=\"envira-gallery-item enviratope-item envira-gallery-item-6 envira-lazy-load\" style=\"padding-left: 1px; padding-bottom: 1px; padding-right: 1px;\"  itemscope itemtype=\"https:\/\/schema.org\/ImageObject\"><div class=\"envira-gallery-item-inner\"><div class=\"envira-gallery-position-overlay  envira-gallery-top-left\"><\/div><div class=\"envira-gallery-position-overlay  envira-gallery-top-right\"><\/div><div class=\"envira-gallery-position-overlay  envira-gallery-bottom-left\"><\/div><div class=\"envira-gallery-position-overlay  envira-gallery-bottom-right\"><\/div><a href=\"https:\/\/kcpecinci.rs\/virtuelni-muzej\/wp-content\/uploads\/sites\/2\/2026\/01\/ogar-zgrada-sumske-sekcije-sumska-6-Nove-06.webp\" class=\"envira-gallery-1702 envira-gallery-link\" rel=\"enviragallery1702\" title=\"ogar-zgrada-sumske-sekcije-sumska-6-Nove-06\" data-envira-caption=\"ogar-zgrada-sumske-sekcije-sumska-6-Nove-06\" data-envira-retina=\"\" data-thumbnail=\"\"  itemprop=\"contentUrl\"><img decoding=\"async\" id=\"envira-gallery-image-1187\" class=\"envira-gallery-image envira-gallery-image-6 envira-normal envira-lazy\" data-envira-index=\"6\" src=\"https:\/\/kcpecinci.rs\/virtuelni-muzej\/wp-content\/uploads\/sites\/2\/2026\/01\/ogar-zgrada-sumske-sekcije-sumska-6-Nove-06-1024x768-640x480.webp\" data-envira-src=\"https:\/\/kcpecinci.rs\/virtuelni-muzej\/wp-content\/uploads\/sites\/2\/2026\/01\/ogar-zgrada-sumske-sekcije-sumska-6-Nove-06-1024x768-640x480.webp\" data-envira-gallery-id=\"1702\" data-envira-item-id=\"1187\" data-envira-caption=\"ogar-zgrada-sumske-sekcije-sumska-6-Nove-06\" alt=\"\" title=\"ogar-zgrada-sumske-sekcije-sumska-6-Nove-06\"  itemprop=\"thumbnailUrl\" data-envira-srcset=\"https:\/\/kcpecinci.rs\/virtuelni-muzej\/wp-content\/uploads\/sites\/2\/2026\/01\/ogar-zgrada-sumske-sekcije-sumska-6-Nove-06-1024x768-640x480.webp 400w,https:\/\/kcpecinci.rs\/virtuelni-muzej\/wp-content\/uploads\/sites\/2\/2026\/01\/ogar-zgrada-sumske-sekcije-sumska-6-Nove-06-1024x768-640x480.webp 2x\" data-envira-width=\"300\" data-envira-height=\"225\" srcset=\"data:image\/gif;base64,R0lGODlhAQABAIAAAP\/\/\/\/\/\/\/yH5BAEKAAEALAAAAAABAAEAAAICTAEAOw==\" data-safe-src=\"data:image\/gif;base64,R0lGODlhAQABAIAAAP\/\/\/\/\/\/\/yH5BAEKAAEALAAAAAABAAEAAAICTAEAOw==\" \/><\/a><\/div><\/div><div id=\"envira-gallery-item-1189\" class=\"envira-gallery-item enviratope-item envira-gallery-item-7 envira-lazy-load\" style=\"padding-left: 1px; padding-bottom: 1px; padding-right: 1px;\"  itemscope itemtype=\"https:\/\/schema.org\/ImageObject\"><div class=\"envira-gallery-item-inner\"><div class=\"envira-gallery-position-overlay  envira-gallery-top-left\"><\/div><div class=\"envira-gallery-position-overlay  envira-gallery-top-right\"><\/div><div class=\"envira-gallery-position-overlay  envira-gallery-bottom-left\"><\/div><div class=\"envira-gallery-position-overlay  envira-gallery-bottom-right\"><\/div><a href=\"https:\/\/kcpecinci.rs\/virtuelni-muzej\/wp-content\/uploads\/sites\/2\/2026\/01\/ogar-zgrada-sumske-sekcije-sumska-6-Nove-08.webp\" class=\"envira-gallery-1702 envira-gallery-link\" rel=\"enviragallery1702\" title=\"ogar-zgrada-sumske-sekcije-sumska-6-Nove-08\" data-envira-caption=\"ogar-zgrada-sumske-sekcije-sumska-6-Nove-08\" data-envira-retina=\"\" data-thumbnail=\"\"  itemprop=\"contentUrl\"><img decoding=\"async\" id=\"envira-gallery-image-1189\" class=\"envira-gallery-image envira-gallery-image-7 envira-normal envira-lazy\" data-envira-index=\"7\" src=\"https:\/\/kcpecinci.rs\/virtuelni-muzej\/wp-content\/uploads\/sites\/2\/2026\/01\/ogar-zgrada-sumske-sekcije-sumska-6-Nove-08-1024x683-640x480.webp\" data-envira-src=\"https:\/\/kcpecinci.rs\/virtuelni-muzej\/wp-content\/uploads\/sites\/2\/2026\/01\/ogar-zgrada-sumske-sekcije-sumska-6-Nove-08-1024x683-640x480.webp\" data-envira-gallery-id=\"1702\" data-envira-item-id=\"1189\" data-envira-caption=\"ogar-zgrada-sumske-sekcije-sumska-6-Nove-08\" alt=\"\" title=\"ogar-zgrada-sumske-sekcije-sumska-6-Nove-08\"  itemprop=\"thumbnailUrl\" data-envira-srcset=\"https:\/\/kcpecinci.rs\/virtuelni-muzej\/wp-content\/uploads\/sites\/2\/2026\/01\/ogar-zgrada-sumske-sekcije-sumska-6-Nove-08-1024x683-640x480.webp 400w,https:\/\/kcpecinci.rs\/virtuelni-muzej\/wp-content\/uploads\/sites\/2\/2026\/01\/ogar-zgrada-sumske-sekcije-sumska-6-Nove-08-1024x683-640x480.webp 2x\" data-envira-width=\"300\" data-envira-height=\"200\" srcset=\"data:image\/gif;base64,R0lGODlhAQABAIAAAP\/\/\/\/\/\/\/yH5BAEKAAEALAAAAAABAAEAAAICTAEAOw==\" data-safe-src=\"data:image\/gif;base64,R0lGODlhAQABAIAAAP\/\/\/\/\/\/\/yH5BAEKAAEALAAAAAABAAEAAAICTAEAOw==\" \/><\/a><\/div><\/div><div id=\"envira-gallery-item-1188\" class=\"envira-gallery-item enviratope-item envira-gallery-item-8 envira-lazy-load\" style=\"padding-left: 1px; padding-bottom: 1px; padding-right: 1px;\"  itemscope itemtype=\"https:\/\/schema.org\/ImageObject\"><div class=\"envira-gallery-item-inner\"><div class=\"envira-gallery-position-overlay  envira-gallery-top-left\"><\/div><div class=\"envira-gallery-position-overlay  envira-gallery-top-right\"><\/div><div class=\"envira-gallery-position-overlay  envira-gallery-bottom-left\"><\/div><div class=\"envira-gallery-position-overlay  envira-gallery-bottom-right\"><\/div><a href=\"https:\/\/kcpecinci.rs\/virtuelni-muzej\/wp-content\/uploads\/sites\/2\/2026\/01\/ogar-zgrada-sumske-sekcije-sumska-6-Nove-07.webp\" class=\"envira-gallery-1702 envira-gallery-link\" rel=\"enviragallery1702\" title=\"ogar-zgrada-sumske-sekcije-sumska-6-Nove-07\" data-envira-caption=\"ogar-zgrada-sumske-sekcije-sumska-6-Nove-07\" data-envira-retina=\"\" data-thumbnail=\"\"  itemprop=\"contentUrl\"><img decoding=\"async\" id=\"envira-gallery-image-1188\" class=\"envira-gallery-image envira-gallery-image-8 envira-normal envira-lazy\" data-envira-index=\"8\" src=\"https:\/\/kcpecinci.rs\/virtuelni-muzej\/wp-content\/uploads\/sites\/2\/2026\/01\/ogar-zgrada-sumske-sekcije-sumska-6-Nove-07-1024x683-640x480.webp\" data-envira-src=\"https:\/\/kcpecinci.rs\/virtuelni-muzej\/wp-content\/uploads\/sites\/2\/2026\/01\/ogar-zgrada-sumske-sekcije-sumska-6-Nove-07-1024x683-640x480.webp\" data-envira-gallery-id=\"1702\" data-envira-item-id=\"1188\" data-envira-caption=\"ogar-zgrada-sumske-sekcije-sumska-6-Nove-07\" alt=\"\" title=\"ogar-zgrada-sumske-sekcije-sumska-6-Nove-07\"  itemprop=\"thumbnailUrl\" data-envira-srcset=\"https:\/\/kcpecinci.rs\/virtuelni-muzej\/wp-content\/uploads\/sites\/2\/2026\/01\/ogar-zgrada-sumske-sekcije-sumska-6-Nove-07-1024x683-640x480.webp 400w,https:\/\/kcpecinci.rs\/virtuelni-muzej\/wp-content\/uploads\/sites\/2\/2026\/01\/ogar-zgrada-sumske-sekcije-sumska-6-Nove-07-1024x683-640x480.webp 2x\" data-envira-width=\"300\" data-envira-height=\"200\" srcset=\"data:image\/gif;base64,R0lGODlhAQABAIAAAP\/\/\/\/\/\/\/yH5BAEKAAEALAAAAAABAAEAAAICTAEAOw==\" data-safe-src=\"data:image\/gif;base64,R0lGODlhAQABAIAAAP\/\/\/\/\/\/\/yH5BAEKAAEALAAAAAABAAEAAAICTAEAOw==\" \/><\/a><\/div><\/div><div id=\"envira-gallery-item-1190\" class=\"envira-gallery-item enviratope-item envira-gallery-item-9 envira-lazy-load\" style=\"padding-left: 1px; padding-bottom: 1px; padding-right: 1px;\"  itemscope itemtype=\"https:\/\/schema.org\/ImageObject\"><div class=\"envira-gallery-item-inner\"><div class=\"envira-gallery-position-overlay  envira-gallery-top-left\"><\/div><div class=\"envira-gallery-position-overlay  envira-gallery-top-right\"><\/div><div class=\"envira-gallery-position-overlay  envira-gallery-bottom-left\"><\/div><div class=\"envira-gallery-position-overlay  envira-gallery-bottom-right\"><\/div><a href=\"https:\/\/kcpecinci.rs\/virtuelni-muzej\/wp-content\/uploads\/sites\/2\/2026\/01\/ogar-zgrada-sumske-sekcije-sumska-6-Nove-09.webp\" class=\"envira-gallery-1702 envira-gallery-link\" rel=\"enviragallery1702\" title=\"ogar-zgrada-sumske-sekcije-sumska-6-Nove-09\" data-envira-caption=\"ogar-zgrada-sumske-sekcije-sumska-6-Nove-09\" data-envira-retina=\"\" data-thumbnail=\"\"  itemprop=\"contentUrl\"><img decoding=\"async\" id=\"envira-gallery-image-1190\" class=\"envira-gallery-image envira-gallery-image-9 envira-normal envira-lazy\" data-envira-index=\"9\" src=\"https:\/\/kcpecinci.rs\/virtuelni-muzej\/wp-content\/uploads\/sites\/2\/2026\/01\/ogar-zgrada-sumske-sekcije-sumska-6-Nove-09-1024x768-640x480.webp\" data-envira-src=\"https:\/\/kcpecinci.rs\/virtuelni-muzej\/wp-content\/uploads\/sites\/2\/2026\/01\/ogar-zgrada-sumske-sekcije-sumska-6-Nove-09-1024x768-640x480.webp\" data-envira-gallery-id=\"1702\" data-envira-item-id=\"1190\" data-envira-caption=\"ogar-zgrada-sumske-sekcije-sumska-6-Nove-09\" alt=\"\" title=\"ogar-zgrada-sumske-sekcije-sumska-6-Nove-09\"  itemprop=\"thumbnailUrl\" data-envira-srcset=\"https:\/\/kcpecinci.rs\/virtuelni-muzej\/wp-content\/uploads\/sites\/2\/2026\/01\/ogar-zgrada-sumske-sekcije-sumska-6-Nove-09-1024x768-640x480.webp 400w,https:\/\/kcpecinci.rs\/virtuelni-muzej\/wp-content\/uploads\/sites\/2\/2026\/01\/ogar-zgrada-sumske-sekcije-sumska-6-Nove-09-1024x768-640x480.webp 2x\" data-envira-width=\"300\" data-envira-height=\"225\" srcset=\"data:image\/gif;base64,R0lGODlhAQABAIAAAP\/\/\/\/\/\/\/yH5BAEKAAEALAAAAAABAAEAAAICTAEAOw==\" data-safe-src=\"data:image\/gif;base64,R0lGODlhAQABAIAAAP\/\/\/\/\/\/\/yH5BAEKAAEALAAAAAABAAEAAAICTAEAOw==\" \/><\/a><\/div><\/div><\/div><\/div><noscript><img decoding=\"async\" src=\"https:\/\/kcpecinci.rs\/virtuelni-muzej\/wp-content\/uploads\/sites\/2\/2026\/01\/ogar-zgrada-sumske-sekcije-sumska-6-Stare-02.webp\" alt=\"\" \/><img decoding=\"async\" src=\"https:\/\/kcpecinci.rs\/virtuelni-muzej\/wp-content\/uploads\/sites\/2\/2026\/01\/ogar-zgrada-sumske-sekcije-sumska-6-Stare-01-e1769886070576.webp\" alt=\"\" \/><img decoding=\"async\" src=\"https:\/\/kcpecinci.rs\/virtuelni-muzej\/wp-content\/uploads\/sites\/2\/2026\/01\/ogar-zgrada-sumske-sekcije-sumska-6-Stare-03.webp\" alt=\"\" \/><img decoding=\"async\" src=\"https:\/\/kcpecinci.rs\/virtuelni-muzej\/wp-content\/uploads\/sites\/2\/2026\/01\/ogar-zgrada-sumske-sekcije-sumska-6-Stare-04.webp\" alt=\"\" \/><img decoding=\"async\" src=\"https:\/\/kcpecinci.rs\/virtuelni-muzej\/wp-content\/uploads\/sites\/2\/2026\/01\/ogar-zgrada-sumske-sekcije-sumska-6-Nove-05.webp\" alt=\"\" \/><img decoding=\"async\" src=\"https:\/\/kcpecinci.rs\/virtuelni-muzej\/wp-content\/uploads\/sites\/2\/2026\/01\/ogar-zgrada-sumske-sekcije-sumska-6-Nove-06.webp\" alt=\"\" \/><img decoding=\"async\" src=\"https:\/\/kcpecinci.rs\/virtuelni-muzej\/wp-content\/uploads\/sites\/2\/2026\/01\/ogar-zgrada-sumske-sekcije-sumska-6-Nove-08.webp\" alt=\"\" \/><img decoding=\"async\" src=\"https:\/\/kcpecinci.rs\/virtuelni-muzej\/wp-content\/uploads\/sites\/2\/2026\/01\/ogar-zgrada-sumske-sekcije-sumska-6-Nove-07.webp\" alt=\"\" \/><img decoding=\"async\" src=\"https:\/\/kcpecinci.rs\/virtuelni-muzej\/wp-content\/uploads\/sites\/2\/2026\/01\/ogar-zgrada-sumske-sekcije-sumska-6-Nove-09.webp\" alt=\"\" \/><\/noscript><\/div>\n<\/div>\n<\/div>\n<\/div>\n\n\n\n<h2 class=\"wp-block-heading\">Video<\/h2>\n\n\n\n<figure class=\"wp-block-embed is-type-video is-provider-youtube wp-block-embed-youtube wp-embed-aspect-16-9 wp-has-aspect-ratio\"><div class=\"wp-block-embed__wrapper\">\n<iframe loading=\"lazy\" title=\"\u0412\u0418\u0420\u0422\u0423\u0415\u041b\u041d\u0418 \u041c\u0423\u0417\u0415\u0408: \u041e\u0433\u0430\u0440, \u0417\u0433\u0440\u0430\u0434\u0430 \u0448\u0443\u043c\u0441\u043a\u0435 \u0441\u0435\u043a\u0446\u0438\u0458\u0435\" width=\"500\" height=\"281\" src=\"https:\/\/www.youtube.com\/embed\/uy0RzBTcasc?feature=oembed\" frameborder=\"0\" allow=\"accelerometer; autoplay; clipboard-write; encrypted-media; gyroscope; picture-in-picture; web-share\" referrerpolicy=\"strict-origin-when-cross-origin\" allowfullscreen><\/iframe>\n<\/div><\/figure>\n","protected":false},"excerpt":{"rendered":"<p>Zgrada \u0160umske sekcije nalazi se u Ogaru i predstavlja nepokretno kulturno dobro Republike Srbije, pod za\u0161titom Zavoda za za\u0161titu spomenika kulture Sremska Mitrovica. Istorijski zna\u010daj objekta proizilazi iz perioda Narodnooslobodila\u010dke borbe naroda Jugoslavije, jer je u njemu odr\u017ean prvi vojno-politi\u010dki kurs na oslobo\u0111enoj teritoriji Vojvodine. Tokom organizovanja kursa bilo je te\u0161ko prona\u0107i ljude sa op\u0161tim [&hellip;]<\/p>\n","protected":false},"featured_media":1192,"template":"","meta":{"_acf_changed":true},"mesto":[38],"nivo-zakonske-zastite":[51],"vrsta-spomenika":[56],"class_list":["post-1184","kulturno_dobro","type-kulturno_dobro","status-publish","has-post-thumbnail","hentry","mesto-ogar","nivo-zakonske-zastite-nepokretno-kulturno-dobro","vrsta-spomenika-gradjanska-arhitektura"],"acf":[],"mb":[],"yoast_head":"<!-- This site is optimized with the Yoast SEO plugin v26.8 - https:\/\/yoast.com\/product\/yoast-seo-wordpress\/ -->\n<title>Zgrada \u0161umske sekcije - Virtuelni muzej nepokretnog kulturnog nasle\u0111a u Donjem Sremu<\/title>\n<meta name=\"robots\" content=\"index, follow, max-snippet:-1, max-image-preview:large, max-video-preview:-1\" \/>\n<link rel=\"canonical\" href=\"https:\/\/kcpecinci.rs\/virtuelni-muzej\/kulturno_dobro\/ogar-zgrada-sumske-sekcije-ulica-sumska-broj-6\/\" \/>\n<meta property=\"og:locale\" content=\"sr_RS\" \/>\n<meta property=\"og:type\" content=\"article\" \/>\n<meta property=\"og:title\" content=\"Zgrada \u0161umske sekcije - Virtuelni muzej nepokretnog kulturnog nasle\u0111a u Donjem Sremu\" \/>\n<meta property=\"og:description\" content=\"Zgrada \u0160umske sekcije nalazi se u Ogaru i predstavlja nepokretno kulturno dobro Republike Srbije, pod za\u0161titom Zavoda za za\u0161titu spomenika kulture Sremska Mitrovica. Istorijski zna\u010daj objekta proizilazi iz perioda Narodnooslobodila\u010dke borbe naroda Jugoslavije, jer je u njemu odr\u017ean prvi vojno-politi\u010dki kurs na oslobo\u0111enoj teritoriji Vojvodine. Tokom organizovanja kursa bilo je te\u0161ko prona\u0107i ljude sa op\u0161tim [&hellip;]\" \/>\n<meta property=\"og:url\" content=\"https:\/\/kcpecinci.rs\/virtuelni-muzej\/kulturno_dobro\/ogar-zgrada-sumske-sekcije-ulica-sumska-broj-6\/\" \/>\n<meta property=\"og:site_name\" content=\"Virtuelni muzej nepokretnog kulturnog nasle\u0111a u Donjem Sremu\" \/>\n<meta property=\"article:modified_time\" content=\"2026-02-17T14:52:28+00:00\" \/>\n<meta property=\"og:image\" content=\"https:\/\/kcpecinci.rs\/virtuelni-muzej\/wp-content\/uploads\/sites\/2\/2026\/01\/ogar-zgrada-sumske-sekcije-sumska-6-Stare-02.webp\" \/>\n\t<meta property=\"og:image:width\" content=\"1600\" \/>\n\t<meta property=\"og:image:height\" content=\"1200\" \/>\n\t<meta property=\"og:image:type\" content=\"image\/webp\" \/>\n<meta name=\"twitter:card\" content=\"summary_large_image\" \/>\n<meta name=\"twitter:label1\" content=\"\u041f\u0440\u043e\u0446\u0435\u045a\u0435\u043d\u043e \u0432\u0440\u0435\u043c\u0435 \u0447\u0438\u0442\u0430\u045a\u0430\" \/>\n\t<meta name=\"twitter:data1\" content=\"3 \u043c\u0438\u043d\u0443\u0442\u0430\" \/>\n<script type=\"application\/ld+json\" class=\"yoast-schema-graph\">{\"@context\":\"https:\/\/schema.org\",\"@graph\":[{\"@type\":\"WebPage\",\"@id\":\"https:\/\/kcpecinci.rs\/virtuelni-muzej\/kulturno_dobro\/ogar-zgrada-sumske-sekcije-ulica-sumska-broj-6\/\",\"url\":\"https:\/\/kcpecinci.rs\/virtuelni-muzej\/kulturno_dobro\/ogar-zgrada-sumske-sekcije-ulica-sumska-broj-6\/\",\"name\":\"Zgrada \u0161umske sekcije - Virtuelni muzej nepokretnog kulturnog nasle\u0111a u Donjem Sremu\",\"isPartOf\":{\"@id\":\"https:\/\/kcpecinci.rs\/virtuelni-muzej\/#website\"},\"primaryImageOfPage\":{\"@id\":\"https:\/\/kcpecinci.rs\/virtuelni-muzej\/kulturno_dobro\/ogar-zgrada-sumske-sekcije-ulica-sumska-broj-6\/#primaryimage\"},\"image\":{\"@id\":\"https:\/\/kcpecinci.rs\/virtuelni-muzej\/kulturno_dobro\/ogar-zgrada-sumske-sekcije-ulica-sumska-broj-6\/#primaryimage\"},\"thumbnailUrl\":\"https:\/\/kcpecinci.rs\/virtuelni-muzej\/wp-content\/uploads\/sites\/2\/2026\/01\/ogar-zgrada-sumske-sekcije-sumska-6-Stare-02.webp\",\"datePublished\":\"2026-01-31T18:00:56+00:00\",\"dateModified\":\"2026-02-17T14:52:28+00:00\",\"breadcrumb\":{\"@id\":\"https:\/\/kcpecinci.rs\/virtuelni-muzej\/kulturno_dobro\/ogar-zgrada-sumske-sekcije-ulica-sumska-broj-6\/#breadcrumb\"},\"inLanguage\":\"sr-RS\",\"potentialAction\":[{\"@type\":\"ReadAction\",\"target\":[\"https:\/\/kcpecinci.rs\/virtuelni-muzej\/kulturno_dobro\/ogar-zgrada-sumske-sekcije-ulica-sumska-broj-6\/\"]}]},{\"@type\":\"ImageObject\",\"inLanguage\":\"sr-RS\",\"@id\":\"https:\/\/kcpecinci.rs\/virtuelni-muzej\/kulturno_dobro\/ogar-zgrada-sumske-sekcije-ulica-sumska-broj-6\/#primaryimage\",\"url\":\"https:\/\/kcpecinci.rs\/virtuelni-muzej\/wp-content\/uploads\/sites\/2\/2026\/01\/ogar-zgrada-sumske-sekcije-sumska-6-Stare-02.webp\",\"contentUrl\":\"https:\/\/kcpecinci.rs\/virtuelni-muzej\/wp-content\/uploads\/sites\/2\/2026\/01\/ogar-zgrada-sumske-sekcije-sumska-6-Stare-02.webp\",\"width\":1600,\"height\":1200},{\"@type\":\"BreadcrumbList\",\"@id\":\"https:\/\/kcpecinci.rs\/virtuelni-muzej\/kulturno_dobro\/ogar-zgrada-sumske-sekcije-ulica-sumska-broj-6\/#breadcrumb\",\"itemListElement\":[{\"@type\":\"ListItem\",\"position\":1,\"name\":\"\u041f\u043e\u0447\u0435\u0442\u043d\u0430\",\"item\":\"https:\/\/kcpecinci.rs\/virtuelni-muzej\/\"},{\"@type\":\"ListItem\",\"position\":2,\"name\":\"Kulturna dobra\",\"item\":\"https:\/\/kcpecinci.rs\/virtuelni-muzej\/kulturno_dobro\/\"},{\"@type\":\"ListItem\",\"position\":3,\"name\":\"Zgrada \u0161umske sekcije\"}]},{\"@type\":\"WebSite\",\"@id\":\"https:\/\/kcpecinci.rs\/virtuelni-muzej\/#website\",\"url\":\"https:\/\/kcpecinci.rs\/virtuelni-muzej\/\",\"name\":\"Virtuelni muzej nepokretnog kulturnog nasle\u0111a u Donjem Sremu\",\"description\":\"Pri\u010de i spomenici Donjeg Srema\",\"publisher\":{\"@id\":\"https:\/\/kcpecinci.rs\/virtuelni-muzej\/#organization\"},\"potentialAction\":[{\"@type\":\"SearchAction\",\"target\":{\"@type\":\"EntryPoint\",\"urlTemplate\":\"https:\/\/kcpecinci.rs\/virtuelni-muzej\/?s={search_term_string}\"},\"query-input\":{\"@type\":\"PropertyValueSpecification\",\"valueRequired\":true,\"valueName\":\"search_term_string\"}}],\"inLanguage\":\"sr-RS\"},{\"@type\":\"Organization\",\"@id\":\"https:\/\/kcpecinci.rs\/virtuelni-muzej\/#organization\",\"name\":\"Virtuelni muzej nepokretnog kulturnog nasle\u0111a u Donjem Sremu\",\"url\":\"https:\/\/kcpecinci.rs\/virtuelni-muzej\/\",\"logo\":{\"@type\":\"ImageObject\",\"inLanguage\":\"sr-RS\",\"@id\":\"https:\/\/kcpecinci.rs\/virtuelni-muzej\/#\/schema\/logo\/image\/\",\"url\":\"https:\/\/kcpecinci.rs\/virtuelni-muzej\/wp-content\/uploads\/sites\/2\/2026\/02\/logo-nobg.png\",\"contentUrl\":\"https:\/\/kcpecinci.rs\/virtuelni-muzej\/wp-content\/uploads\/sites\/2\/2026\/02\/logo-nobg.png\",\"width\":542,\"height\":443,\"caption\":\"Virtuelni muzej nepokretnog kulturnog nasle\u0111a u Donjem Sremu\"},\"image\":{\"@id\":\"https:\/\/kcpecinci.rs\/virtuelni-muzej\/#\/schema\/logo\/image\/\"}}]}<\/script>\n<!-- \/ Yoast SEO plugin. -->","yoast_head_json":{"title":"Zgrada \u0161umske sekcije - Virtuelni muzej nepokretnog kulturnog nasle\u0111a u Donjem Sremu","robots":{"index":"index","follow":"follow","max-snippet":"max-snippet:-1","max-image-preview":"max-image-preview:large","max-video-preview":"max-video-preview:-1"},"canonical":"https:\/\/kcpecinci.rs\/virtuelni-muzej\/kulturno_dobro\/ogar-zgrada-sumske-sekcije-ulica-sumska-broj-6\/","og_locale":"sr_RS","og_type":"article","og_title":"Zgrada \u0161umske sekcije - Virtuelni muzej nepokretnog kulturnog nasle\u0111a u Donjem Sremu","og_description":"Zgrada \u0160umske sekcije nalazi se u Ogaru i predstavlja nepokretno kulturno dobro Republike Srbije, pod za\u0161titom Zavoda za za\u0161titu spomenika kulture Sremska Mitrovica. Istorijski zna\u010daj objekta proizilazi iz perioda Narodnooslobodila\u010dke borbe naroda Jugoslavije, jer je u njemu odr\u017ean prvi vojno-politi\u010dki kurs na oslobo\u0111enoj teritoriji Vojvodine. Tokom organizovanja kursa bilo je te\u0161ko prona\u0107i ljude sa op\u0161tim [&hellip;]","og_url":"https:\/\/kcpecinci.rs\/virtuelni-muzej\/kulturno_dobro\/ogar-zgrada-sumske-sekcije-ulica-sumska-broj-6\/","og_site_name":"Virtuelni muzej nepokretnog kulturnog nasle\u0111a u Donjem Sremu","article_modified_time":"2026-02-17T14:52:28+00:00","og_image":[{"width":1600,"height":1200,"url":"https:\/\/kcpecinci.rs\/virtuelni-muzej\/wp-content\/uploads\/sites\/2\/2026\/01\/ogar-zgrada-sumske-sekcije-sumska-6-Stare-02.webp","type":"image\/webp"}],"twitter_card":"summary_large_image","twitter_misc":{"\u041f\u0440\u043e\u0446\u0435\u045a\u0435\u043d\u043e \u0432\u0440\u0435\u043c\u0435 \u0447\u0438\u0442\u0430\u045a\u0430":"3 \u043c\u0438\u043d\u0443\u0442\u0430"},"schema":{"@context":"https:\/\/schema.org","@graph":[{"@type":"WebPage","@id":"https:\/\/kcpecinci.rs\/virtuelni-muzej\/kulturno_dobro\/ogar-zgrada-sumske-sekcije-ulica-sumska-broj-6\/","url":"https:\/\/kcpecinci.rs\/virtuelni-muzej\/kulturno_dobro\/ogar-zgrada-sumske-sekcije-ulica-sumska-broj-6\/","name":"Zgrada \u0161umske sekcije - Virtuelni muzej nepokretnog kulturnog nasle\u0111a u Donjem Sremu","isPartOf":{"@id":"https:\/\/kcpecinci.rs\/virtuelni-muzej\/#website"},"primaryImageOfPage":{"@id":"https:\/\/kcpecinci.rs\/virtuelni-muzej\/kulturno_dobro\/ogar-zgrada-sumske-sekcije-ulica-sumska-broj-6\/#primaryimage"},"image":{"@id":"https:\/\/kcpecinci.rs\/virtuelni-muzej\/kulturno_dobro\/ogar-zgrada-sumske-sekcije-ulica-sumska-broj-6\/#primaryimage"},"thumbnailUrl":"https:\/\/kcpecinci.rs\/virtuelni-muzej\/wp-content\/uploads\/sites\/2\/2026\/01\/ogar-zgrada-sumske-sekcije-sumska-6-Stare-02.webp","datePublished":"2026-01-31T18:00:56+00:00","dateModified":"2026-02-17T14:52:28+00:00","breadcrumb":{"@id":"https:\/\/kcpecinci.rs\/virtuelni-muzej\/kulturno_dobro\/ogar-zgrada-sumske-sekcije-ulica-sumska-broj-6\/#breadcrumb"},"inLanguage":"sr-RS","potentialAction":[{"@type":"ReadAction","target":["https:\/\/kcpecinci.rs\/virtuelni-muzej\/kulturno_dobro\/ogar-zgrada-sumske-sekcije-ulica-sumska-broj-6\/"]}]},{"@type":"ImageObject","inLanguage":"sr-RS","@id":"https:\/\/kcpecinci.rs\/virtuelni-muzej\/kulturno_dobro\/ogar-zgrada-sumske-sekcije-ulica-sumska-broj-6\/#primaryimage","url":"https:\/\/kcpecinci.rs\/virtuelni-muzej\/wp-content\/uploads\/sites\/2\/2026\/01\/ogar-zgrada-sumske-sekcije-sumska-6-Stare-02.webp","contentUrl":"https:\/\/kcpecinci.rs\/virtuelni-muzej\/wp-content\/uploads\/sites\/2\/2026\/01\/ogar-zgrada-sumske-sekcije-sumska-6-Stare-02.webp","width":1600,"height":1200},{"@type":"BreadcrumbList","@id":"https:\/\/kcpecinci.rs\/virtuelni-muzej\/kulturno_dobro\/ogar-zgrada-sumske-sekcije-ulica-sumska-broj-6\/#breadcrumb","itemListElement":[{"@type":"ListItem","position":1,"name":"\u041f\u043e\u0447\u0435\u0442\u043d\u0430","item":"https:\/\/kcpecinci.rs\/virtuelni-muzej\/"},{"@type":"ListItem","position":2,"name":"Kulturna dobra","item":"https:\/\/kcpecinci.rs\/virtuelni-muzej\/kulturno_dobro\/"},{"@type":"ListItem","position":3,"name":"Zgrada \u0161umske sekcije"}]},{"@type":"WebSite","@id":"https:\/\/kcpecinci.rs\/virtuelni-muzej\/#website","url":"https:\/\/kcpecinci.rs\/virtuelni-muzej\/","name":"Virtuelni muzej nepokretnog kulturnog nasle\u0111a u Donjem Sremu","description":"Pri\u010de i spomenici Donjeg Srema","publisher":{"@id":"https:\/\/kcpecinci.rs\/virtuelni-muzej\/#organization"},"potentialAction":[{"@type":"SearchAction","target":{"@type":"EntryPoint","urlTemplate":"https:\/\/kcpecinci.rs\/virtuelni-muzej\/?s={search_term_string}"},"query-input":{"@type":"PropertyValueSpecification","valueRequired":true,"valueName":"search_term_string"}}],"inLanguage":"sr-RS"},{"@type":"Organization","@id":"https:\/\/kcpecinci.rs\/virtuelni-muzej\/#organization","name":"Virtuelni muzej nepokretnog kulturnog nasle\u0111a u Donjem Sremu","url":"https:\/\/kcpecinci.rs\/virtuelni-muzej\/","logo":{"@type":"ImageObject","inLanguage":"sr-RS","@id":"https:\/\/kcpecinci.rs\/virtuelni-muzej\/#\/schema\/logo\/image\/","url":"https:\/\/kcpecinci.rs\/virtuelni-muzej\/wp-content\/uploads\/sites\/2\/2026\/02\/logo-nobg.png","contentUrl":"https:\/\/kcpecinci.rs\/virtuelni-muzej\/wp-content\/uploads\/sites\/2\/2026\/02\/logo-nobg.png","width":542,"height":443,"caption":"Virtuelni muzej nepokretnog kulturnog nasle\u0111a u Donjem Sremu"},"image":{"@id":"https:\/\/kcpecinci.rs\/virtuelni-muzej\/#\/schema\/logo\/image\/"}}]}},"mfb_rest_fields":["title","yoast_head","yoast_head_json"],"_links":{"self":[{"href":"https:\/\/kcpecinci.rs\/virtuelni-muzej\/wp-json\/wp\/v2\/kulturno_dobro\/1184","targetHints":{"allow":["GET"]}}],"collection":[{"href":"https:\/\/kcpecinci.rs\/virtuelni-muzej\/wp-json\/wp\/v2\/kulturno_dobro"}],"about":[{"href":"https:\/\/kcpecinci.rs\/virtuelni-muzej\/wp-json\/wp\/v2\/types\/kulturno_dobro"}],"wp:featuredmedia":[{"embeddable":true,"href":"https:\/\/kcpecinci.rs\/virtuelni-muzej\/wp-json\/wp\/v2\/media\/1192"}],"wp:attachment":[{"href":"https:\/\/kcpecinci.rs\/virtuelni-muzej\/wp-json\/wp\/v2\/media?parent=1184"}],"wp:term":[{"taxonomy":"mesto","embeddable":true,"href":"https:\/\/kcpecinci.rs\/virtuelni-muzej\/wp-json\/wp\/v2\/mesto?post=1184"},{"taxonomy":"nivo-zakonske-zastite","embeddable":true,"href":"https:\/\/kcpecinci.rs\/virtuelni-muzej\/wp-json\/wp\/v2\/nivo-zakonske-zastite?post=1184"},{"taxonomy":"vrsta-spomenika","embeddable":true,"href":"https:\/\/kcpecinci.rs\/virtuelni-muzej\/wp-json\/wp\/v2\/vrsta-spomenika?post=1184"}],"curies":[{"name":"wp","href":"https:\/\/api.w.org\/{rel}","templated":true}]}}