{"id":1168,"date":"2026-01-31T15:12:57","date_gmt":"2026-01-31T15:12:57","guid":{"rendered":"https:\/\/kcpecinci.rs\/virtuelni-muzej\/?post_type=kulturno_dobro&#038;p=1168"},"modified":"2026-02-17T14:40:10","modified_gmt":"2026-02-17T14:40:10","slug":"kuca-radovana-rankovica","status":"publish","type":"kulturno_dobro","link":"https:\/\/kcpecinci.rs\/virtuelni-muzej\/kulturno_dobro\/kuca-radovana-rankovica\/","title":{"rendered":"Ku\u0107a Radovana Rankovi\u0107a"},"content":{"rendered":"\n<p>Ku\u0107a Radovana Rankovi\u0107a predstavlja nepokretno kulturno dobro \u2013 spomenik kulture Republike Srbije i nalazi se u selu Sremski Mihaljevci. Objekat je progla\u0161en za kulturno dobro 1949. godine, a upisan u centralni registar 1999. godine.<\/p>\n\n\n\n<p>Istorijski zna\u010daj ku\u0107e proizilazi iz perioda fa\u0161isti\u010dke okupacije, kada je u njoj bila sme\u0161tena \u0161tamparija u kojoj se ilegalno \u0161tampao list \u201eIstina\u201c, organ Narodno-oslobodila\u010dke borbe. Ku\u0107a predstavlja spomenik borbe naroda za slobodu i nezavisnost i zbog toga je sa\u010duvana kao kulturno dobro.<\/p>\n\n\n\n<p>Dokument o progla\u0161enju ku\u0107e kulturnim dobrom izdat je u Beogradu 14. aprila 1949. godine, pod brojem 569\/49.<\/p>\n\n\n\n<h2 class=\"wp-block-heading\">Galerija<\/h2>\n\n\n\n<div class=\"wp-block-envira-envira-gallery\"><div id=\"envira-gallery-wrap-1706\" class=\"envira-gallery-wrap envira-gallery-theme-base envira-lightbox-theme-base\" itemscope itemtype=\"https:\/\/schema.org\/ImageGallery\"><div data-row-height=\"150\" data-gallery-theme=\"normal\" id=\"envira-gallery-1706\" class=\"envira-gallery-public envira-gallery-justified-public envira-gallery-0-columns envira-clear enviratope envira-gallery-css-animations\" data-envira-columns=\"0\"><div id=\"envira-gallery-item-1174\" class=\"envira-gallery-item enviratope-item envira-gallery-item-1 envira-lazy-load\" style=\"padding-left: 1px; padding-bottom: 1px; padding-right: 1px;\"  itemscope itemtype=\"https:\/\/schema.org\/ImageObject\"><div class=\"envira-gallery-item-inner\"><div class=\"envira-gallery-position-overlay  envira-gallery-top-left\"><\/div><div class=\"envira-gallery-position-overlay  envira-gallery-top-right\"><\/div><div class=\"envira-gallery-position-overlay  envira-gallery-bottom-left\"><\/div><div class=\"envira-gallery-position-overlay  envira-gallery-bottom-right\"><\/div><a href=\"https:\/\/kcpecinci.rs\/virtuelni-muzej\/wp-content\/uploads\/sites\/2\/2026\/01\/sremski-mihaljevci-kuca-radovana-rankovica-Nove-03.webp\" class=\"envira-gallery-1706 envira-gallery-link\" rel=\"enviragallery1706\" title=\"sremski-mihaljevci-kuca-radovana-rankovica-Nove-03\" data-envira-caption=\"sremski-mihaljevci-kuca-radovana-rankovica-Nove-03\" data-envira-retina=\"\" data-thumbnail=\"\"  itemprop=\"contentUrl\"><img decoding=\"async\" id=\"envira-gallery-image-1174\" class=\"envira-gallery-image envira-gallery-image-1 envira-normal envira-lazy\" data-envira-index=\"1\" src=\"https:\/\/kcpecinci.rs\/virtuelni-muzej\/wp-content\/uploads\/sites\/2\/2026\/01\/sremski-mihaljevci-kuca-radovana-rankovica-Nove-03-1024x768-640x480.webp\" data-envira-src=\"https:\/\/kcpecinci.rs\/virtuelni-muzej\/wp-content\/uploads\/sites\/2\/2026\/01\/sremski-mihaljevci-kuca-radovana-rankovica-Nove-03-1024x768-640x480.webp\" data-envira-gallery-id=\"1706\" data-envira-item-id=\"1174\" data-envira-caption=\"sremski-mihaljevci-kuca-radovana-rankovica-Nove-03\" alt=\"\" title=\"sremski-mihaljevci-kuca-radovana-rankovica-Nove-03\"  itemprop=\"thumbnailUrl\" data-envira-srcset=\"https:\/\/kcpecinci.rs\/virtuelni-muzej\/wp-content\/uploads\/sites\/2\/2026\/01\/sremski-mihaljevci-kuca-radovana-rankovica-Nove-03-1024x768-640x480.webp 400w,https:\/\/kcpecinci.rs\/virtuelni-muzej\/wp-content\/uploads\/sites\/2\/2026\/01\/sremski-mihaljevci-kuca-radovana-rankovica-Nove-03-1024x768-640x480.webp 2x\" data-envira-width=\"300\" data-envira-height=\"225\" srcset=\"data:image\/gif;base64,R0lGODlhAQABAIAAAP\/\/\/\/\/\/\/yH5BAEKAAEALAAAAAABAAEAAAICTAEAOw==\" data-safe-src=\"data:image\/gif;base64,R0lGODlhAQABAIAAAP\/\/\/\/\/\/\/yH5BAEKAAEALAAAAAABAAEAAAICTAEAOw==\" \/><\/a><\/div><\/div><div id=\"envira-gallery-item-1173\" class=\"envira-gallery-item enviratope-item envira-gallery-item-2 envira-lazy-load\" style=\"padding-left: 1px; padding-bottom: 1px; padding-right: 1px;\"  itemscope itemtype=\"https:\/\/schema.org\/ImageObject\"><div class=\"envira-gallery-item-inner\"><div class=\"envira-gallery-position-overlay  envira-gallery-top-left\"><\/div><div class=\"envira-gallery-position-overlay  envira-gallery-top-right\"><\/div><div class=\"envira-gallery-position-overlay  envira-gallery-bottom-left\"><\/div><div class=\"envira-gallery-position-overlay  envira-gallery-bottom-right\"><\/div><a href=\"https:\/\/kcpecinci.rs\/virtuelni-muzej\/wp-content\/uploads\/sites\/2\/2026\/01\/sremski-mihaljevci-kuca-radovana-rankovica-Nove-02.webp\" class=\"envira-gallery-1706 envira-gallery-link\" rel=\"enviragallery1706\" title=\"sremski-mihaljevci-kuca-radovana-rankovica-Nove-02\" data-envira-caption=\"sremski-mihaljevci-kuca-radovana-rankovica-Nove-02\" data-envira-retina=\"\" data-thumbnail=\"\"  itemprop=\"contentUrl\"><img decoding=\"async\" id=\"envira-gallery-image-1173\" class=\"envira-gallery-image envira-gallery-image-2 envira-normal envira-lazy\" data-envira-index=\"2\" src=\"https:\/\/kcpecinci.rs\/virtuelni-muzej\/wp-content\/uploads\/sites\/2\/2026\/01\/sremski-mihaljevci-kuca-radovana-rankovica-Nove-02-1024x768-640x480.webp\" data-envira-src=\"https:\/\/kcpecinci.rs\/virtuelni-muzej\/wp-content\/uploads\/sites\/2\/2026\/01\/sremski-mihaljevci-kuca-radovana-rankovica-Nove-02-1024x768-640x480.webp\" data-envira-gallery-id=\"1706\" data-envira-item-id=\"1173\" data-envira-caption=\"sremski-mihaljevci-kuca-radovana-rankovica-Nove-02\" alt=\"\" title=\"sremski-mihaljevci-kuca-radovana-rankovica-Nove-02\"  itemprop=\"thumbnailUrl\" data-envira-srcset=\"https:\/\/kcpecinci.rs\/virtuelni-muzej\/wp-content\/uploads\/sites\/2\/2026\/01\/sremski-mihaljevci-kuca-radovana-rankovica-Nove-02-1024x768-640x480.webp 400w,https:\/\/kcpecinci.rs\/virtuelni-muzej\/wp-content\/uploads\/sites\/2\/2026\/01\/sremski-mihaljevci-kuca-radovana-rankovica-Nove-02-1024x768-640x480.webp 2x\" data-envira-width=\"300\" data-envira-height=\"225\" srcset=\"data:image\/gif;base64,R0lGODlhAQABAIAAAP\/\/\/\/\/\/\/yH5BAEKAAEALAAAAAABAAEAAAICTAEAOw==\" data-safe-src=\"data:image\/gif;base64,R0lGODlhAQABAIAAAP\/\/\/\/\/\/\/yH5BAEKAAEALAAAAAABAAEAAAICTAEAOw==\" \/><\/a><\/div><\/div><div id=\"envira-gallery-item-1172\" class=\"envira-gallery-item enviratope-item envira-gallery-item-3 envira-lazy-load\" style=\"padding-left: 1px; padding-bottom: 1px; padding-right: 1px;\"  itemscope itemtype=\"https:\/\/schema.org\/ImageObject\"><div class=\"envira-gallery-item-inner\"><div class=\"envira-gallery-position-overlay  envira-gallery-top-left\"><\/div><div class=\"envira-gallery-position-overlay  envira-gallery-top-right\"><\/div><div class=\"envira-gallery-position-overlay  envira-gallery-bottom-left\"><\/div><div class=\"envira-gallery-position-overlay  envira-gallery-bottom-right\"><\/div><a href=\"https:\/\/kcpecinci.rs\/virtuelni-muzej\/wp-content\/uploads\/sites\/2\/2026\/01\/sremski-mihaljevci-kuca-radovana-rankovica-Nove-01.webp\" class=\"envira-gallery-1706 envira-gallery-link\" rel=\"enviragallery1706\" title=\"sremski-mihaljevci-kuca-radovana-rankovica-Nove-01\" data-envira-caption=\"sremski-mihaljevci-kuca-radovana-rankovica-Nove-01\" data-envira-retina=\"\" data-thumbnail=\"\"  itemprop=\"contentUrl\"><img decoding=\"async\" id=\"envira-gallery-image-1172\" class=\"envira-gallery-image envira-gallery-image-3 envira-normal envira-lazy\" data-envira-index=\"3\" src=\"https:\/\/kcpecinci.rs\/virtuelni-muzej\/wp-content\/uploads\/sites\/2\/2026\/01\/sremski-mihaljevci-kuca-radovana-rankovica-Nove-01-1024x768-640x480.webp\" data-envira-src=\"https:\/\/kcpecinci.rs\/virtuelni-muzej\/wp-content\/uploads\/sites\/2\/2026\/01\/sremski-mihaljevci-kuca-radovana-rankovica-Nove-01-1024x768-640x480.webp\" data-envira-gallery-id=\"1706\" data-envira-item-id=\"1172\" data-envira-caption=\"sremski-mihaljevci-kuca-radovana-rankovica-Nove-01\" alt=\"\" title=\"sremski-mihaljevci-kuca-radovana-rankovica-Nove-01\"  itemprop=\"thumbnailUrl\" data-envira-srcset=\"https:\/\/kcpecinci.rs\/virtuelni-muzej\/wp-content\/uploads\/sites\/2\/2026\/01\/sremski-mihaljevci-kuca-radovana-rankovica-Nove-01-1024x768-640x480.webp 400w,https:\/\/kcpecinci.rs\/virtuelni-muzej\/wp-content\/uploads\/sites\/2\/2026\/01\/sremski-mihaljevci-kuca-radovana-rankovica-Nove-01-1024x768-640x480.webp 2x\" data-envira-width=\"300\" data-envira-height=\"225\" srcset=\"data:image\/gif;base64,R0lGODlhAQABAIAAAP\/\/\/\/\/\/\/yH5BAEKAAEALAAAAAABAAEAAAICTAEAOw==\" data-safe-src=\"data:image\/gif;base64,R0lGODlhAQABAIAAAP\/\/\/\/\/\/\/yH5BAEKAAEALAAAAAABAAEAAAICTAEAOw==\" \/><\/a><\/div><\/div><\/div><\/div><noscript><img decoding=\"async\" src=\"https:\/\/kcpecinci.rs\/virtuelni-muzej\/wp-content\/uploads\/sites\/2\/2026\/01\/sremski-mihaljevci-kuca-radovana-rankovica-Nove-03.webp\" alt=\"\" \/><img decoding=\"async\" src=\"https:\/\/kcpecinci.rs\/virtuelni-muzej\/wp-content\/uploads\/sites\/2\/2026\/01\/sremski-mihaljevci-kuca-radovana-rankovica-Nove-02.webp\" alt=\"\" \/><img decoding=\"async\" src=\"https:\/\/kcpecinci.rs\/virtuelni-muzej\/wp-content\/uploads\/sites\/2\/2026\/01\/sremski-mihaljevci-kuca-radovana-rankovica-Nove-01.webp\" alt=\"\" \/><\/noscript><\/div>\n\n\n\n<h2 class=\"wp-block-heading\">Video<\/h2>\n\n\n\n<figure class=\"wp-block-embed is-type-video is-provider-youtube wp-block-embed-youtube wp-embed-aspect-16-9 wp-has-aspect-ratio\"><div class=\"wp-block-embed__wrapper\">\n<iframe loading=\"lazy\" title=\"VIRTUELNI MUZEJ: Sremski Mihaljevci, Ku\u0107a, \u0160imanova\u010dka broj 16\" width=\"500\" height=\"281\" src=\"https:\/\/www.youtube.com\/embed\/c8d0K318ROc?feature=oembed\" frameborder=\"0\" allow=\"accelerometer; autoplay; clipboard-write; encrypted-media; gyroscope; picture-in-picture; web-share\" referrerpolicy=\"strict-origin-when-cross-origin\" allowfullscreen><\/iframe>\n<\/div><\/figure>\n","protected":false},"excerpt":{"rendered":"<p>Ku\u0107a Radovana Rankovi\u0107a predstavlja nepokretno kulturno dobro \u2013 spomenik kulture Republike Srbije i nalazi se u selu Sremski Mihaljevci. Objekat je progla\u0161en za kulturno dobro 1949. godine, a upisan u centralni registar 1999. godine. Istorijski zna\u010daj ku\u0107e proizilazi iz perioda fa\u0161isti\u010dke okupacije, kada je u njoj bila sme\u0161tena \u0161tamparija u kojoj se ilegalno \u0161tampao list [&hellip;]<\/p>\n","protected":false},"featured_media":1174,"template":"","meta":{"_acf_changed":true},"mesto":[43],"nivo-zakonske-zastite":[51],"vrsta-spomenika":[56],"class_list":["post-1168","kulturno_dobro","type-kulturno_dobro","status-publish","has-post-thumbnail","hentry","mesto-sremski-mihaljevci","nivo-zakonske-zastite-nepokretno-kulturno-dobro","vrsta-spomenika-gradjanska-arhitektura"],"acf":[],"mb":[],"yoast_head":"<!-- This site is optimized with the Yoast SEO plugin v26.8 - https:\/\/yoast.com\/product\/yoast-seo-wordpress\/ -->\n<title>Ku\u0107a Radovana Rankovi\u0107a - Virtuelni muzej nepokretnog kulturnog nasle\u0111a u Donjem Sremu<\/title>\n<meta name=\"robots\" content=\"index, follow, max-snippet:-1, max-image-preview:large, max-video-preview:-1\" \/>\n<link rel=\"canonical\" href=\"https:\/\/kcpecinci.rs\/virtuelni-muzej\/kulturno_dobro\/kuca-radovana-rankovica\/\" \/>\n<meta property=\"og:locale\" content=\"sr_RS\" \/>\n<meta property=\"og:type\" content=\"article\" \/>\n<meta property=\"og:title\" content=\"Ku\u0107a Radovana Rankovi\u0107a - Virtuelni muzej nepokretnog kulturnog nasle\u0111a u Donjem Sremu\" \/>\n<meta property=\"og:description\" content=\"Ku\u0107a Radovana Rankovi\u0107a predstavlja nepokretno kulturno dobro \u2013 spomenik kulture Republike Srbije i nalazi se u selu Sremski Mihaljevci. Objekat je progla\u0161en za kulturno dobro 1949. godine, a upisan u centralni registar 1999. godine. Istorijski zna\u010daj ku\u0107e proizilazi iz perioda fa\u0161isti\u010dke okupacije, kada je u njoj bila sme\u0161tena \u0161tamparija u kojoj se ilegalno \u0161tampao list [&hellip;]\" \/>\n<meta property=\"og:url\" content=\"https:\/\/kcpecinci.rs\/virtuelni-muzej\/kulturno_dobro\/kuca-radovana-rankovica\/\" \/>\n<meta property=\"og:site_name\" content=\"Virtuelni muzej nepokretnog kulturnog nasle\u0111a u Donjem Sremu\" \/>\n<meta property=\"article:modified_time\" content=\"2026-02-17T14:40:10+00:00\" \/>\n<meta property=\"og:image\" content=\"https:\/\/kcpecinci.rs\/virtuelni-muzej\/wp-content\/uploads\/sites\/2\/2026\/01\/sremski-mihaljevci-kuca-radovana-rankovica-Nove-03.webp\" \/>\n\t<meta property=\"og:image:width\" content=\"1600\" \/>\n\t<meta property=\"og:image:height\" content=\"1200\" \/>\n\t<meta property=\"og:image:type\" content=\"image\/webp\" \/>\n<meta name=\"twitter:card\" content=\"summary_large_image\" \/>\n<meta name=\"twitter:label1\" content=\"Procenjeno vreme \u010ditanja\" \/>\n\t<meta name=\"twitter:data1\" content=\"1 minut\" \/>\n<script type=\"application\/ld+json\" class=\"yoast-schema-graph\">{\"@context\":\"https:\/\/schema.org\",\"@graph\":[{\"@type\":\"WebPage\",\"@id\":\"https:\/\/kcpecinci.rs\/virtuelni-muzej\/kulturno_dobro\/kuca-radovana-rankovica\/\",\"url\":\"https:\/\/kcpecinci.rs\/virtuelni-muzej\/kulturno_dobro\/kuca-radovana-rankovica\/\",\"name\":\"Ku\u0107a Radovana Rankovi\u0107a - Virtuelni muzej nepokretnog kulturnog nasle\u0111a u Donjem Sremu\",\"isPartOf\":{\"@id\":\"https:\/\/kcpecinci.rs\/virtuelni-muzej\/#website\"},\"primaryImageOfPage\":{\"@id\":\"https:\/\/kcpecinci.rs\/virtuelni-muzej\/kulturno_dobro\/kuca-radovana-rankovica\/#primaryimage\"},\"image\":{\"@id\":\"https:\/\/kcpecinci.rs\/virtuelni-muzej\/kulturno_dobro\/kuca-radovana-rankovica\/#primaryimage\"},\"thumbnailUrl\":\"https:\/\/kcpecinci.rs\/virtuelni-muzej\/wp-content\/uploads\/sites\/2\/2026\/01\/sremski-mihaljevci-kuca-radovana-rankovica-Nove-03.webp\",\"datePublished\":\"2026-01-31T15:12:57+00:00\",\"dateModified\":\"2026-02-17T14:40:10+00:00\",\"breadcrumb\":{\"@id\":\"https:\/\/kcpecinci.rs\/virtuelni-muzej\/kulturno_dobro\/kuca-radovana-rankovica\/#breadcrumb\"},\"inLanguage\":\"sr-RS\",\"potentialAction\":[{\"@type\":\"ReadAction\",\"target\":[\"https:\/\/kcpecinci.rs\/virtuelni-muzej\/kulturno_dobro\/kuca-radovana-rankovica\/\"]}]},{\"@type\":\"ImageObject\",\"inLanguage\":\"sr-RS\",\"@id\":\"https:\/\/kcpecinci.rs\/virtuelni-muzej\/kulturno_dobro\/kuca-radovana-rankovica\/#primaryimage\",\"url\":\"https:\/\/kcpecinci.rs\/virtuelni-muzej\/wp-content\/uploads\/sites\/2\/2026\/01\/sremski-mihaljevci-kuca-radovana-rankovica-Nove-03.webp\",\"contentUrl\":\"https:\/\/kcpecinci.rs\/virtuelni-muzej\/wp-content\/uploads\/sites\/2\/2026\/01\/sremski-mihaljevci-kuca-radovana-rankovica-Nove-03.webp\",\"width\":1600,\"height\":1200},{\"@type\":\"BreadcrumbList\",\"@id\":\"https:\/\/kcpecinci.rs\/virtuelni-muzej\/kulturno_dobro\/kuca-radovana-rankovica\/#breadcrumb\",\"itemListElement\":[{\"@type\":\"ListItem\",\"position\":1,\"name\":\"\u041f\u043e\u0447\u0435\u0442\u043d\u0430\",\"item\":\"https:\/\/kcpecinci.rs\/virtuelni-muzej\/\"},{\"@type\":\"ListItem\",\"position\":2,\"name\":\"Kulturna dobra\",\"item\":\"https:\/\/kcpecinci.rs\/virtuelni-muzej\/kulturno_dobro\/\"},{\"@type\":\"ListItem\",\"position\":3,\"name\":\"Ku\u0107a Radovana Rankovi\u0107a\"}]},{\"@type\":\"WebSite\",\"@id\":\"https:\/\/kcpecinci.rs\/virtuelni-muzej\/#website\",\"url\":\"https:\/\/kcpecinci.rs\/virtuelni-muzej\/\",\"name\":\"Virtuelni muzej nepokretnog kulturnog nasle\u0111a u Donjem Sremu\",\"description\":\"Pri\u010de i spomenici Donjeg Srema\",\"publisher\":{\"@id\":\"https:\/\/kcpecinci.rs\/virtuelni-muzej\/#organization\"},\"potentialAction\":[{\"@type\":\"SearchAction\",\"target\":{\"@type\":\"EntryPoint\",\"urlTemplate\":\"https:\/\/kcpecinci.rs\/virtuelni-muzej\/?s={search_term_string}\"},\"query-input\":{\"@type\":\"PropertyValueSpecification\",\"valueRequired\":true,\"valueName\":\"search_term_string\"}}],\"inLanguage\":\"sr-RS\"},{\"@type\":\"Organization\",\"@id\":\"https:\/\/kcpecinci.rs\/virtuelni-muzej\/#organization\",\"name\":\"Virtuelni muzej nepokretnog kulturnog nasle\u0111a u Donjem Sremu\",\"url\":\"https:\/\/kcpecinci.rs\/virtuelni-muzej\/\",\"logo\":{\"@type\":\"ImageObject\",\"inLanguage\":\"sr-RS\",\"@id\":\"https:\/\/kcpecinci.rs\/virtuelni-muzej\/#\/schema\/logo\/image\/\",\"url\":\"https:\/\/kcpecinci.rs\/virtuelni-muzej\/wp-content\/uploads\/sites\/2\/2026\/02\/logo-nobg.png\",\"contentUrl\":\"https:\/\/kcpecinci.rs\/virtuelni-muzej\/wp-content\/uploads\/sites\/2\/2026\/02\/logo-nobg.png\",\"width\":542,\"height\":443,\"caption\":\"Virtuelni muzej nepokretnog kulturnog nasle\u0111a u Donjem Sremu\"},\"image\":{\"@id\":\"https:\/\/kcpecinci.rs\/virtuelni-muzej\/#\/schema\/logo\/image\/\"}}]}<\/script>\n<!-- \/ Yoast SEO plugin. -->","yoast_head_json":{"title":"Ku\u0107a Radovana Rankovi\u0107a - Virtuelni muzej nepokretnog kulturnog nasle\u0111a u Donjem Sremu","robots":{"index":"index","follow":"follow","max-snippet":"max-snippet:-1","max-image-preview":"max-image-preview:large","max-video-preview":"max-video-preview:-1"},"canonical":"https:\/\/kcpecinci.rs\/virtuelni-muzej\/kulturno_dobro\/kuca-radovana-rankovica\/","og_locale":"sr_RS","og_type":"article","og_title":"Ku\u0107a Radovana Rankovi\u0107a - Virtuelni muzej nepokretnog kulturnog nasle\u0111a u Donjem Sremu","og_description":"Ku\u0107a Radovana Rankovi\u0107a predstavlja nepokretno kulturno dobro \u2013 spomenik kulture Republike Srbije i nalazi se u selu Sremski Mihaljevci. Objekat je progla\u0161en za kulturno dobro 1949. godine, a upisan u centralni registar 1999. godine. Istorijski zna\u010daj ku\u0107e proizilazi iz perioda fa\u0161isti\u010dke okupacije, kada je u njoj bila sme\u0161tena \u0161tamparija u kojoj se ilegalno \u0161tampao list [&hellip;]","og_url":"https:\/\/kcpecinci.rs\/virtuelni-muzej\/kulturno_dobro\/kuca-radovana-rankovica\/","og_site_name":"Virtuelni muzej nepokretnog kulturnog nasle\u0111a u Donjem Sremu","article_modified_time":"2026-02-17T14:40:10+00:00","og_image":[{"width":1600,"height":1200,"url":"https:\/\/kcpecinci.rs\/virtuelni-muzej\/wp-content\/uploads\/sites\/2\/2026\/01\/sremski-mihaljevci-kuca-radovana-rankovica-Nove-03.webp","type":"image\/webp"}],"twitter_card":"summary_large_image","twitter_misc":{"\u041f\u0440\u043e\u0446\u0435\u045a\u0435\u043d\u043e \u0432\u0440\u0435\u043c\u0435 \u0447\u0438\u0442\u0430\u045a\u0430":"1 minut"},"schema":{"@context":"https:\/\/schema.org","@graph":[{"@type":"WebPage","@id":"https:\/\/kcpecinci.rs\/virtuelni-muzej\/kulturno_dobro\/kuca-radovana-rankovica\/","url":"https:\/\/kcpecinci.rs\/virtuelni-muzej\/kulturno_dobro\/kuca-radovana-rankovica\/","name":"Ku\u0107a Radovana Rankovi\u0107a - Virtuelni muzej nepokretnog kulturnog nasle\u0111a u Donjem Sremu","isPartOf":{"@id":"https:\/\/kcpecinci.rs\/virtuelni-muzej\/#website"},"primaryImageOfPage":{"@id":"https:\/\/kcpecinci.rs\/virtuelni-muzej\/kulturno_dobro\/kuca-radovana-rankovica\/#primaryimage"},"image":{"@id":"https:\/\/kcpecinci.rs\/virtuelni-muzej\/kulturno_dobro\/kuca-radovana-rankovica\/#primaryimage"},"thumbnailUrl":"https:\/\/kcpecinci.rs\/virtuelni-muzej\/wp-content\/uploads\/sites\/2\/2026\/01\/sremski-mihaljevci-kuca-radovana-rankovica-Nove-03.webp","datePublished":"2026-01-31T15:12:57+00:00","dateModified":"2026-02-17T14:40:10+00:00","breadcrumb":{"@id":"https:\/\/kcpecinci.rs\/virtuelni-muzej\/kulturno_dobro\/kuca-radovana-rankovica\/#breadcrumb"},"inLanguage":"sr-RS","potentialAction":[{"@type":"ReadAction","target":["https:\/\/kcpecinci.rs\/virtuelni-muzej\/kulturno_dobro\/kuca-radovana-rankovica\/"]}]},{"@type":"ImageObject","inLanguage":"sr-RS","@id":"https:\/\/kcpecinci.rs\/virtuelni-muzej\/kulturno_dobro\/kuca-radovana-rankovica\/#primaryimage","url":"https:\/\/kcpecinci.rs\/virtuelni-muzej\/wp-content\/uploads\/sites\/2\/2026\/01\/sremski-mihaljevci-kuca-radovana-rankovica-Nove-03.webp","contentUrl":"https:\/\/kcpecinci.rs\/virtuelni-muzej\/wp-content\/uploads\/sites\/2\/2026\/01\/sremski-mihaljevci-kuca-radovana-rankovica-Nove-03.webp","width":1600,"height":1200},{"@type":"BreadcrumbList","@id":"https:\/\/kcpecinci.rs\/virtuelni-muzej\/kulturno_dobro\/kuca-radovana-rankovica\/#breadcrumb","itemListElement":[{"@type":"ListItem","position":1,"name":"Po\u010detna","item":"https:\/\/kcpecinci.rs\/virtuelni-muzej\/"},{"@type":"ListItem","position":2,"name":"Kulturna dobra","item":"https:\/\/kcpecinci.rs\/virtuelni-muzej\/kulturno_dobro\/"},{"@type":"ListItem","position":3,"name":"Ku\u0107a Radovana Rankovi\u0107a"}]},{"@type":"WebSite","@id":"https:\/\/kcpecinci.rs\/virtuelni-muzej\/#website","url":"https:\/\/kcpecinci.rs\/virtuelni-muzej\/","name":"Virtuelni muzej nepokretnog kulturnog nasle\u0111a u Donjem Sremu","description":"Pri\u010de i spomenici Donjeg Srema","publisher":{"@id":"https:\/\/kcpecinci.rs\/virtuelni-muzej\/#organization"},"potentialAction":[{"@type":"SearchAction","target":{"@type":"EntryPoint","urlTemplate":"https:\/\/kcpecinci.rs\/virtuelni-muzej\/?s={search_term_string}"},"query-input":{"@type":"PropertyValueSpecification","valueRequired":true,"valueName":"search_term_string"}}],"inLanguage":"sr-RS"},{"@type":"Organization","@id":"https:\/\/kcpecinci.rs\/virtuelni-muzej\/#organization","name":"Virtuelni muzej nepokretnog kulturnog nasle\u0111a u Donjem Sremu","url":"https:\/\/kcpecinci.rs\/virtuelni-muzej\/","logo":{"@type":"ImageObject","inLanguage":"sr-RS","@id":"https:\/\/kcpecinci.rs\/virtuelni-muzej\/#\/schema\/logo\/image\/","url":"https:\/\/kcpecinci.rs\/virtuelni-muzej\/wp-content\/uploads\/sites\/2\/2026\/02\/logo-nobg.png","contentUrl":"https:\/\/kcpecinci.rs\/virtuelni-muzej\/wp-content\/uploads\/sites\/2\/2026\/02\/logo-nobg.png","width":542,"height":443,"caption":"Virtuelni muzej nepokretnog kulturnog nasle\u0111a u Donjem Sremu"},"image":{"@id":"https:\/\/kcpecinci.rs\/virtuelni-muzej\/#\/schema\/logo\/image\/"}}]}},"mfb_rest_fields":["title","yoast_head","yoast_head_json"],"_links":{"self":[{"href":"https:\/\/kcpecinci.rs\/virtuelni-muzej\/wp-json\/wp\/v2\/kulturno_dobro\/1168","targetHints":{"allow":["GET"]}}],"collection":[{"href":"https:\/\/kcpecinci.rs\/virtuelni-muzej\/wp-json\/wp\/v2\/kulturno_dobro"}],"about":[{"href":"https:\/\/kcpecinci.rs\/virtuelni-muzej\/wp-json\/wp\/v2\/types\/kulturno_dobro"}],"wp:featuredmedia":[{"embeddable":true,"href":"https:\/\/kcpecinci.rs\/virtuelni-muzej\/wp-json\/wp\/v2\/media\/1174"}],"wp:attachment":[{"href":"https:\/\/kcpecinci.rs\/virtuelni-muzej\/wp-json\/wp\/v2\/media?parent=1168"}],"wp:term":[{"taxonomy":"mesto","embeddable":true,"href":"https:\/\/kcpecinci.rs\/virtuelni-muzej\/wp-json\/wp\/v2\/mesto?post=1168"},{"taxonomy":"nivo-zakonske-zastite","embeddable":true,"href":"https:\/\/kcpecinci.rs\/virtuelni-muzej\/wp-json\/wp\/v2\/nivo-zakonske-zastite?post=1168"},{"taxonomy":"vrsta-spomenika","embeddable":true,"href":"https:\/\/kcpecinci.rs\/virtuelni-muzej\/wp-json\/wp\/v2\/vrsta-spomenika?post=1168"}],"curies":[{"name":"wp","href":"https:\/\/api.w.org\/{rel}","templated":true}]}}