{"id":1159,"date":"2026-01-31T15:08:02","date_gmt":"2026-01-31T15:08:02","guid":{"rendered":"https:\/\/kcpecinci.rs\/virtuelni-muzej\/?post_type=kulturno_dobro&#038;p=1159"},"modified":"2026-02-17T14:39:31","modified_gmt":"2026-02-17T14:39:31","slug":"kuca-zorice-vidakovic","status":"publish","type":"kulturno_dobro","link":"https:\/\/kcpecinci.rs\/virtuelni-muzej\/kulturno_dobro\/kuca-zorice-vidakovic\/","title":{"rendered":"Ku\u0107a Zorice Vidakovi\u0107"},"content":{"rendered":"\n<p>Ku\u0107a Zorice Vidakovi\u0107 nalazi se u Pe\u0107incima, u ulici Slobodana Baji\u0107a 32, i predstavlja nepokretno kulturno dobro \u2013 spomenik kulture Republike Srbije. Objekat je upisan u registar Zavoda za za\u0161titu spomenika kulture Sremska Mitrovica 1999. godine.<\/p>\n\n\n\n<p>Istorijski zna\u010daj ku\u0107e proizilazi iz perioda od 1942. do 1944. godine, kada je u njoj bilo sedi\u0161te Sreskog komiteta KPJ za srez rumski, kao i \u0161tamparija istog komiteta. U ovom razdoblju osnovan je Prvi MNOO sela Pe\u0107inaca.<\/p>\n\n\n\n<p>Arhitektura ku\u0107e tipi\u010dna je za ovaj kraj, a sa\u010duvana autenti\u010dnost celine i pojedinih prostorija daje objektu i etnolo\u0161ke vrednosti. Ku\u0107a je prizemna, stambena zgrada, izgra\u0111ena na regulacionoj liniji, pravougaone osnove, u\u017eom stranom okrenuta ulici. Trenutno objekat ima pet prostorija i dugi trem koji je pretrpeo zna\u010dajne promene. Ku\u0107a je gra\u0111ena od opeke i \u0107erpi\u010da sa produ\u017enim i blatnim malterom.<\/p>\n\n\n\n<p>Krovna konstrukcija je drvena, dvovodna, pokrivena biber crepom. Dvori\u0161ne fasade su glatko omalterisane, dok je najo\u010duvaniji deo objekta uli\u010dna, isto\u010dna fasada, renovirana 1900. godine. Pod uticajem gradske arhitekture fasada je bogato ukra\u0161ena malterskom plastikom, a prilikom adaptacije ugra\u0111ena je dekorativna stolarija. Ostali deo parcele popunjen je starijim stambenim objektom i razli\u010ditim ekonomskim gra\u0111evinama.<\/p>\n\n\n\n<p>Objekat je tipi\u010dan primer lokalne stambene arhitekture sa zna\u010dajnim istorijskim i etnolo\u0161kim vrednostima, \u0161to ga \u010dini va\u017enim za o\u010duvanje kulturne ba\u0161tine Pe\u0107inaca.<\/p>\n\n\n\n<h2 class=\"wp-block-heading\">Galerija<\/h2>\n\n\n\n<div data-wp-context=\"{ &quot;autoclose&quot;: false, &quot;accordionItems&quot;: [] }\" data-wp-interactive=\"core\/accordion\" role=\"group\" class=\"wp-block-accordion is-layout-flow wp-block-accordion-is-layout-flow\">\n<div data-wp-class--is-open=\"state.isOpen\" data-wp-context=\"{ &quot;id&quot;: &quot;accordion-item-1&quot;, &quot;openByDefault&quot;: false }\" data-wp-init=\"callbacks.initAccordionItems\" data-wp-on-window--hashchange=\"callbacks.hashChange\" class=\"wp-block-accordion-item is-layout-flow wp-block-accordion-item-is-layout-flow\">\n<h3 class=\"wp-block-accordion-heading\"><button aria-expanded=\"false\" aria-controls=\"accordion-item-1-panel\" data-wp-bind--aria-expanded=\"state.isOpen\" data-wp-on--click=\"actions.toggle\" data-wp-on--keydown=\"actions.handleKeyDown\" id=\"accordion-item-1\" type=\"button\" class=\"wp-block-accordion-heading__toggle\"><span class=\"wp-block-accordion-heading__toggle-icon\" aria-hidden=\"true\">+<\/span><span class=\"wp-block-accordion-heading__toggle-title\">Pogledaj sve fotografije<\/span><\/button><\/h3>\n\n\n\n<div inert aria-labelledby=\"accordion-item-1\" data-wp-bind--inert=\"!state.isOpen\" id=\"accordion-item-1-panel\" role=\"region\" class=\"wp-block-accordion-panel is-layout-flow wp-block-accordion-panel-is-layout-flow\">\n<div class=\"wp-block-envira-envira-gallery\"><div id=\"envira-gallery-wrap-1708\" class=\"envira-gallery-wrap envira-gallery-theme-base envira-lightbox-theme-base\" itemscope itemtype=\"https:\/\/schema.org\/ImageGallery\"><div data-row-height=\"150\" data-gallery-theme=\"normal\" id=\"envira-gallery-1708\" class=\"envira-gallery-public envira-gallery-justified-public envira-gallery-0-columns envira-clear enviratope envira-gallery-css-animations\" data-envira-columns=\"0\"><div id=\"envira-gallery-item-1164\" class=\"envira-gallery-item enviratope-item envira-gallery-item-1 envira-lazy-load\" style=\"padding-left: 1px; padding-bottom: 1px; padding-right: 1px;\"  itemscope itemtype=\"https:\/\/schema.org\/ImageObject\"><div class=\"envira-gallery-item-inner\"><div class=\"envira-gallery-position-overlay  envira-gallery-top-left\"><\/div><div class=\"envira-gallery-position-overlay  envira-gallery-top-right\"><\/div><div class=\"envira-gallery-position-overlay  envira-gallery-bottom-left\"><\/div><div class=\"envira-gallery-position-overlay  envira-gallery-bottom-right\"><\/div><a href=\"https:\/\/kcpecinci.rs\/virtuelni-muzej\/wp-content\/uploads\/sites\/2\/2026\/01\/pecinci-kuca-slobodana-bajica-32-Stare-01.webp\" class=\"envira-gallery-1708 envira-gallery-link\" rel=\"enviragallery1708\" title=\"pecinci-kuca-slobodana-bajica-32-Stare-01\" data-envira-caption=\"pecinci-kuca-slobodana-bajica-32-Stare-01\" data-envira-retina=\"\" data-thumbnail=\"\"  itemprop=\"contentUrl\"><img decoding=\"async\" id=\"envira-gallery-image-1164\" class=\"envira-gallery-image envira-gallery-image-1 envira-normal envira-lazy\" data-envira-index=\"1\" src=\"https:\/\/kcpecinci.rs\/virtuelni-muzej\/wp-content\/uploads\/sites\/2\/2026\/01\/pecinci-kuca-slobodana-bajica-32-Stare-01-1024x854-640x480.webp\" data-envira-src=\"https:\/\/kcpecinci.rs\/virtuelni-muzej\/wp-content\/uploads\/sites\/2\/2026\/01\/pecinci-kuca-slobodana-bajica-32-Stare-01-1024x854-640x480.webp\" data-envira-gallery-id=\"1708\" data-envira-item-id=\"1164\" data-envira-caption=\"pecinci-kuca-slobodana-bajica-32-Stare-01\" alt=\"\" title=\"pecinci-kuca-slobodana-bajica-32-Stare-01\"  itemprop=\"thumbnailUrl\" data-envira-srcset=\"https:\/\/kcpecinci.rs\/virtuelni-muzej\/wp-content\/uploads\/sites\/2\/2026\/01\/pecinci-kuca-slobodana-bajica-32-Stare-01-1024x854-640x480.webp 400w,https:\/\/kcpecinci.rs\/virtuelni-muzej\/wp-content\/uploads\/sites\/2\/2026\/01\/pecinci-kuca-slobodana-bajica-32-Stare-01-1024x854-640x480.webp 2x\" data-envira-width=\"300\" data-envira-height=\"250\" srcset=\"data:image\/gif;base64,R0lGODlhAQABAIAAAP\/\/\/\/\/\/\/yH5BAEKAAEALAAAAAABAAEAAAICTAEAOw==\" data-safe-src=\"data:image\/gif;base64,R0lGODlhAQABAIAAAP\/\/\/\/\/\/\/yH5BAEKAAEALAAAAAABAAEAAAICTAEAOw==\" \/><\/a><\/div><\/div><div id=\"envira-gallery-item-1165\" class=\"envira-gallery-item enviratope-item envira-gallery-item-2 envira-lazy-load\" style=\"padding-left: 1px; padding-bottom: 1px; padding-right: 1px;\"  itemscope itemtype=\"https:\/\/schema.org\/ImageObject\"><div class=\"envira-gallery-item-inner\"><div class=\"envira-gallery-position-overlay  envira-gallery-top-left\"><\/div><div class=\"envira-gallery-position-overlay  envira-gallery-top-right\"><\/div><div class=\"envira-gallery-position-overlay  envira-gallery-bottom-left\"><\/div><div class=\"envira-gallery-position-overlay  envira-gallery-bottom-right\"><\/div><a href=\"https:\/\/kcpecinci.rs\/virtuelni-muzej\/wp-content\/uploads\/sites\/2\/2026\/01\/pecinci-kuca-slobodana-bajica-32-Stare-02.webp\" class=\"envira-gallery-1708 envira-gallery-link\" rel=\"enviragallery1708\" title=\"pecinci-kuca-slobodana-bajica-32-Stare-02\" data-envira-caption=\"pecinci-kuca-slobodana-bajica-32-Stare-02\" data-envira-retina=\"\" data-thumbnail=\"\"  itemprop=\"contentUrl\"><img decoding=\"async\" id=\"envira-gallery-image-1165\" class=\"envira-gallery-image envira-gallery-image-2 envira-normal envira-lazy\" data-envira-index=\"2\" src=\"https:\/\/kcpecinci.rs\/virtuelni-muzej\/wp-content\/uploads\/sites\/2\/2026\/01\/pecinci-kuca-slobodana-bajica-32-Stare-02-1024x768-640x480.webp\" data-envira-src=\"https:\/\/kcpecinci.rs\/virtuelni-muzej\/wp-content\/uploads\/sites\/2\/2026\/01\/pecinci-kuca-slobodana-bajica-32-Stare-02-1024x768-640x480.webp\" data-envira-gallery-id=\"1708\" data-envira-item-id=\"1165\" data-envira-caption=\"pecinci-kuca-slobodana-bajica-32-Stare-02\" alt=\"\" title=\"pecinci-kuca-slobodana-bajica-32-Stare-02\"  itemprop=\"thumbnailUrl\" data-envira-srcset=\"https:\/\/kcpecinci.rs\/virtuelni-muzej\/wp-content\/uploads\/sites\/2\/2026\/01\/pecinci-kuca-slobodana-bajica-32-Stare-02-1024x768-640x480.webp 400w,https:\/\/kcpecinci.rs\/virtuelni-muzej\/wp-content\/uploads\/sites\/2\/2026\/01\/pecinci-kuca-slobodana-bajica-32-Stare-02-1024x768-640x480.webp 2x\" data-envira-width=\"300\" data-envira-height=\"225\" srcset=\"data:image\/gif;base64,R0lGODlhAQABAIAAAP\/\/\/\/\/\/\/yH5BAEKAAEALAAAAAABAAEAAAICTAEAOw==\" data-safe-src=\"data:image\/gif;base64,R0lGODlhAQABAIAAAP\/\/\/\/\/\/\/yH5BAEKAAEALAAAAAABAAEAAAICTAEAOw==\" \/><\/a><\/div><\/div><div id=\"envira-gallery-item-1166\" class=\"envira-gallery-item enviratope-item envira-gallery-item-3 envira-lazy-load\" style=\"padding-left: 1px; padding-bottom: 1px; padding-right: 1px;\"  itemscope itemtype=\"https:\/\/schema.org\/ImageObject\"><div class=\"envira-gallery-item-inner\"><div class=\"envira-gallery-position-overlay  envira-gallery-top-left\"><\/div><div class=\"envira-gallery-position-overlay  envira-gallery-top-right\"><\/div><div class=\"envira-gallery-position-overlay  envira-gallery-bottom-left\"><\/div><div class=\"envira-gallery-position-overlay  envira-gallery-bottom-right\"><\/div><a href=\"https:\/\/kcpecinci.rs\/virtuelni-muzej\/wp-content\/uploads\/sites\/2\/2026\/01\/pecinci-kuca-slobodana-bajica-32-Stare-03.webp\" class=\"envira-gallery-1708 envira-gallery-link\" rel=\"enviragallery1708\" title=\"pecinci-kuca-slobodana-bajica-32-Stare-03\" data-envira-caption=\"pecinci-kuca-slobodana-bajica-32-Stare-03\" data-envira-retina=\"\" data-thumbnail=\"\"  itemprop=\"contentUrl\"><img decoding=\"async\" id=\"envira-gallery-image-1166\" class=\"envira-gallery-image envira-gallery-image-3 envira-normal envira-lazy\" data-envira-index=\"3\" src=\"https:\/\/kcpecinci.rs\/virtuelni-muzej\/wp-content\/uploads\/sites\/2\/2026\/01\/pecinci-kuca-slobodana-bajica-32-Stare-03-730x1024-640x480.webp\" data-envira-src=\"https:\/\/kcpecinci.rs\/virtuelni-muzej\/wp-content\/uploads\/sites\/2\/2026\/01\/pecinci-kuca-slobodana-bajica-32-Stare-03-730x1024-640x480.webp\" data-envira-gallery-id=\"1708\" data-envira-item-id=\"1166\" data-envira-caption=\"pecinci-kuca-slobodana-bajica-32-Stare-03\" alt=\"\" title=\"pecinci-kuca-slobodana-bajica-32-Stare-03\"  itemprop=\"thumbnailUrl\" data-envira-srcset=\"https:\/\/kcpecinci.rs\/virtuelni-muzej\/wp-content\/uploads\/sites\/2\/2026\/01\/pecinci-kuca-slobodana-bajica-32-Stare-03-730x1024-640x480.webp 400w,https:\/\/kcpecinci.rs\/virtuelni-muzej\/wp-content\/uploads\/sites\/2\/2026\/01\/pecinci-kuca-slobodana-bajica-32-Stare-03-730x1024-640x480.webp 2x\" data-envira-width=\"214\" data-envira-height=\"300\" srcset=\"data:image\/gif;base64,R0lGODlhAQABAIAAAP\/\/\/\/\/\/\/yH5BAEKAAEALAAAAAABAAEAAAICTAEAOw==\" data-safe-src=\"data:image\/gif;base64,R0lGODlhAQABAIAAAP\/\/\/\/\/\/\/yH5BAEKAAEALAAAAAABAAEAAAICTAEAOw==\" \/><\/a><\/div><\/div><div id=\"envira-gallery-item-1162\" class=\"envira-gallery-item enviratope-item envira-gallery-item-4 envira-lazy-load\" style=\"padding-left: 1px; padding-bottom: 1px; padding-right: 1px;\"  itemscope itemtype=\"https:\/\/schema.org\/ImageObject\"><div class=\"envira-gallery-item-inner\"><div class=\"envira-gallery-position-overlay  envira-gallery-top-left\"><\/div><div class=\"envira-gallery-position-overlay  envira-gallery-top-right\"><\/div><div class=\"envira-gallery-position-overlay  envira-gallery-bottom-left\"><\/div><div class=\"envira-gallery-position-overlay  envira-gallery-bottom-right\"><\/div><a href=\"https:\/\/kcpecinci.rs\/virtuelni-muzej\/wp-content\/uploads\/sites\/2\/2026\/01\/pecinci-kuca-slobodana-bajica-32-Nove-06.webp\" class=\"envira-gallery-1708 envira-gallery-link\" rel=\"enviragallery1708\" title=\"pecinci-kuca-slobodana-bajica-32-Nove-06\" data-envira-caption=\"pecinci-kuca-slobodana-bajica-32-Nove-06\" data-envira-retina=\"\" data-thumbnail=\"\"  itemprop=\"contentUrl\"><img decoding=\"async\" id=\"envira-gallery-image-1162\" class=\"envira-gallery-image envira-gallery-image-4 envira-normal envira-lazy\" data-envira-index=\"4\" src=\"https:\/\/kcpecinci.rs\/virtuelni-muzej\/wp-content\/uploads\/sites\/2\/2026\/01\/pecinci-kuca-slobodana-bajica-32-Nove-06-1024x768-640x480.webp\" data-envira-src=\"https:\/\/kcpecinci.rs\/virtuelni-muzej\/wp-content\/uploads\/sites\/2\/2026\/01\/pecinci-kuca-slobodana-bajica-32-Nove-06-1024x768-640x480.webp\" data-envira-gallery-id=\"1708\" data-envira-item-id=\"1162\" data-envira-caption=\"pecinci-kuca-slobodana-bajica-32-Nove-06\" alt=\"\" title=\"pecinci-kuca-slobodana-bajica-32-Nove-06\"  itemprop=\"thumbnailUrl\" data-envira-srcset=\"https:\/\/kcpecinci.rs\/virtuelni-muzej\/wp-content\/uploads\/sites\/2\/2026\/01\/pecinci-kuca-slobodana-bajica-32-Nove-06-1024x768-640x480.webp 400w,https:\/\/kcpecinci.rs\/virtuelni-muzej\/wp-content\/uploads\/sites\/2\/2026\/01\/pecinci-kuca-slobodana-bajica-32-Nove-06-1024x768-640x480.webp 2x\" data-envira-width=\"300\" data-envira-height=\"225\" srcset=\"data:image\/gif;base64,R0lGODlhAQABAIAAAP\/\/\/\/\/\/\/yH5BAEKAAEALAAAAAABAAEAAAICTAEAOw==\" data-safe-src=\"data:image\/gif;base64,R0lGODlhAQABAIAAAP\/\/\/\/\/\/\/yH5BAEKAAEALAAAAAABAAEAAAICTAEAOw==\" \/><\/a><\/div><\/div><div id=\"envira-gallery-item-1161\" class=\"envira-gallery-item enviratope-item envira-gallery-item-5 envira-lazy-load\" style=\"padding-left: 1px; padding-bottom: 1px; padding-right: 1px;\"  itemscope itemtype=\"https:\/\/schema.org\/ImageObject\"><div class=\"envira-gallery-item-inner\"><div class=\"envira-gallery-position-overlay  envira-gallery-top-left\"><\/div><div class=\"envira-gallery-position-overlay  envira-gallery-top-right\"><\/div><div class=\"envira-gallery-position-overlay  envira-gallery-bottom-left\"><\/div><div class=\"envira-gallery-position-overlay  envira-gallery-bottom-right\"><\/div><a href=\"https:\/\/kcpecinci.rs\/virtuelni-muzej\/wp-content\/uploads\/sites\/2\/2026\/01\/pecinci-kuca-slobodana-bajica-32-Nove-05.webp\" class=\"envira-gallery-1708 envira-gallery-link\" rel=\"enviragallery1708\" title=\"pecinci-kuca-slobodana-bajica-32-Nove-05\" data-envira-caption=\"pecinci-kuca-slobodana-bajica-32-Nove-05\" data-envira-retina=\"\" data-thumbnail=\"\"  itemprop=\"contentUrl\"><img decoding=\"async\" id=\"envira-gallery-image-1161\" class=\"envira-gallery-image envira-gallery-image-5 envira-normal envira-lazy\" data-envira-index=\"5\" src=\"https:\/\/kcpecinci.rs\/virtuelni-muzej\/wp-content\/uploads\/sites\/2\/2026\/01\/pecinci-kuca-slobodana-bajica-32-Nove-05-1024x768-640x480.webp\" data-envira-src=\"https:\/\/kcpecinci.rs\/virtuelni-muzej\/wp-content\/uploads\/sites\/2\/2026\/01\/pecinci-kuca-slobodana-bajica-32-Nove-05-1024x768-640x480.webp\" data-envira-gallery-id=\"1708\" data-envira-item-id=\"1161\" data-envira-caption=\"pecinci-kuca-slobodana-bajica-32-Nove-05\" alt=\"\" title=\"pecinci-kuca-slobodana-bajica-32-Nove-05\"  itemprop=\"thumbnailUrl\" data-envira-srcset=\"https:\/\/kcpecinci.rs\/virtuelni-muzej\/wp-content\/uploads\/sites\/2\/2026\/01\/pecinci-kuca-slobodana-bajica-32-Nove-05-1024x768-640x480.webp 400w,https:\/\/kcpecinci.rs\/virtuelni-muzej\/wp-content\/uploads\/sites\/2\/2026\/01\/pecinci-kuca-slobodana-bajica-32-Nove-05-1024x768-640x480.webp 2x\" data-envira-width=\"300\" data-envira-height=\"225\" srcset=\"data:image\/gif;base64,R0lGODlhAQABAIAAAP\/\/\/\/\/\/\/yH5BAEKAAEALAAAAAABAAEAAAICTAEAOw==\" data-safe-src=\"data:image\/gif;base64,R0lGODlhAQABAIAAAP\/\/\/\/\/\/\/yH5BAEKAAEALAAAAAABAAEAAAICTAEAOw==\" \/><\/a><\/div><\/div><div id=\"envira-gallery-item-1160\" class=\"envira-gallery-item enviratope-item envira-gallery-item-6 envira-lazy-load\" style=\"padding-left: 1px; padding-bottom: 1px; padding-right: 1px;\"  itemscope itemtype=\"https:\/\/schema.org\/ImageObject\"><div class=\"envira-gallery-item-inner\"><div class=\"envira-gallery-position-overlay  envira-gallery-top-left\"><\/div><div class=\"envira-gallery-position-overlay  envira-gallery-top-right\"><\/div><div class=\"envira-gallery-position-overlay  envira-gallery-bottom-left\"><\/div><div class=\"envira-gallery-position-overlay  envira-gallery-bottom-right\"><\/div><a href=\"https:\/\/kcpecinci.rs\/virtuelni-muzej\/wp-content\/uploads\/sites\/2\/2026\/01\/pecinci-kuca-slobodana-bajica-32-Nove-04.webp\" class=\"envira-gallery-1708 envira-gallery-link\" rel=\"enviragallery1708\" title=\"pecinci-kuca-slobodana-bajica-32-Nove-04\" data-envira-caption=\"pecinci-kuca-slobodana-bajica-32-Nove-04\" data-envira-retina=\"\" data-thumbnail=\"\"  itemprop=\"contentUrl\"><img decoding=\"async\" id=\"envira-gallery-image-1160\" class=\"envira-gallery-image envira-gallery-image-6 envira-normal envira-lazy\" data-envira-index=\"6\" src=\"https:\/\/kcpecinci.rs\/virtuelni-muzej\/wp-content\/uploads\/sites\/2\/2026\/01\/pecinci-kuca-slobodana-bajica-32-Nove-04-1024x755-640x480.webp\" data-envira-src=\"https:\/\/kcpecinci.rs\/virtuelni-muzej\/wp-content\/uploads\/sites\/2\/2026\/01\/pecinci-kuca-slobodana-bajica-32-Nove-04-1024x755-640x480.webp\" data-envira-gallery-id=\"1708\" data-envira-item-id=\"1160\" data-envira-caption=\"pecinci-kuca-slobodana-bajica-32-Nove-04\" alt=\"\" title=\"pecinci-kuca-slobodana-bajica-32-Nove-04\"  itemprop=\"thumbnailUrl\" data-envira-srcset=\"https:\/\/kcpecinci.rs\/virtuelni-muzej\/wp-content\/uploads\/sites\/2\/2026\/01\/pecinci-kuca-slobodana-bajica-32-Nove-04-1024x755-640x480.webp 400w,https:\/\/kcpecinci.rs\/virtuelni-muzej\/wp-content\/uploads\/sites\/2\/2026\/01\/pecinci-kuca-slobodana-bajica-32-Nove-04-1024x755-640x480.webp 2x\" data-envira-width=\"300\" data-envira-height=\"221\" srcset=\"data:image\/gif;base64,R0lGODlhAQABAIAAAP\/\/\/\/\/\/\/yH5BAEKAAEALAAAAAABAAEAAAICTAEAOw==\" data-safe-src=\"data:image\/gif;base64,R0lGODlhAQABAIAAAP\/\/\/\/\/\/\/yH5BAEKAAEALAAAAAABAAEAAAICTAEAOw==\" \/><\/a><\/div><\/div><div id=\"envira-gallery-item-1163\" class=\"envira-gallery-item enviratope-item envira-gallery-item-7 envira-lazy-load\" style=\"padding-left: 1px; padding-bottom: 1px; padding-right: 1px;\"  itemscope itemtype=\"https:\/\/schema.org\/ImageObject\"><div class=\"envira-gallery-item-inner\"><div class=\"envira-gallery-position-overlay  envira-gallery-top-left\"><\/div><div class=\"envira-gallery-position-overlay  envira-gallery-top-right\"><\/div><div class=\"envira-gallery-position-overlay  envira-gallery-bottom-left\"><\/div><div class=\"envira-gallery-position-overlay  envira-gallery-bottom-right\"><\/div><a href=\"https:\/\/kcpecinci.rs\/virtuelni-muzej\/wp-content\/uploads\/sites\/2\/2026\/01\/pecinci-kuca-slobodana-bajica-32-Nove-07.webp\" class=\"envira-gallery-1708 envira-gallery-link\" rel=\"enviragallery1708\" title=\"pecinci-kuca-slobodana-bajica-32-Nove-07\" data-envira-caption=\"pecinci-kuca-slobodana-bajica-32-Nove-07\" data-envira-retina=\"\" data-thumbnail=\"\"  itemprop=\"contentUrl\"><img decoding=\"async\" id=\"envira-gallery-image-1163\" class=\"envira-gallery-image envira-gallery-image-7 envira-normal envira-lazy\" data-envira-index=\"7\" src=\"https:\/\/kcpecinci.rs\/virtuelni-muzej\/wp-content\/uploads\/sites\/2\/2026\/01\/pecinci-kuca-slobodana-bajica-32-Nove-07-1024x790-640x480.webp\" data-envira-src=\"https:\/\/kcpecinci.rs\/virtuelni-muzej\/wp-content\/uploads\/sites\/2\/2026\/01\/pecinci-kuca-slobodana-bajica-32-Nove-07-1024x790-640x480.webp\" data-envira-gallery-id=\"1708\" data-envira-item-id=\"1163\" data-envira-caption=\"pecinci-kuca-slobodana-bajica-32-Nove-07\" alt=\"\" title=\"pecinci-kuca-slobodana-bajica-32-Nove-07\"  itemprop=\"thumbnailUrl\" data-envira-srcset=\"https:\/\/kcpecinci.rs\/virtuelni-muzej\/wp-content\/uploads\/sites\/2\/2026\/01\/pecinci-kuca-slobodana-bajica-32-Nove-07-1024x790-640x480.webp 400w,https:\/\/kcpecinci.rs\/virtuelni-muzej\/wp-content\/uploads\/sites\/2\/2026\/01\/pecinci-kuca-slobodana-bajica-32-Nove-07-1024x790-640x480.webp 2x\" data-envira-width=\"300\" data-envira-height=\"232\" srcset=\"data:image\/gif;base64,R0lGODlhAQABAIAAAP\/\/\/\/\/\/\/yH5BAEKAAEALAAAAAABAAEAAAICTAEAOw==\" data-safe-src=\"data:image\/gif;base64,R0lGODlhAQABAIAAAP\/\/\/\/\/\/\/yH5BAEKAAEALAAAAAABAAEAAAICTAEAOw==\" \/><\/a><\/div><\/div><\/div><\/div><noscript><img decoding=\"async\" src=\"https:\/\/kcpecinci.rs\/virtuelni-muzej\/wp-content\/uploads\/sites\/2\/2026\/01\/pecinci-kuca-slobodana-bajica-32-Stare-01.webp\" alt=\"\" \/><img decoding=\"async\" src=\"https:\/\/kcpecinci.rs\/virtuelni-muzej\/wp-content\/uploads\/sites\/2\/2026\/01\/pecinci-kuca-slobodana-bajica-32-Stare-02.webp\" alt=\"\" \/><img decoding=\"async\" src=\"https:\/\/kcpecinci.rs\/virtuelni-muzej\/wp-content\/uploads\/sites\/2\/2026\/01\/pecinci-kuca-slobodana-bajica-32-Stare-03.webp\" alt=\"\" \/><img decoding=\"async\" src=\"https:\/\/kcpecinci.rs\/virtuelni-muzej\/wp-content\/uploads\/sites\/2\/2026\/01\/pecinci-kuca-slobodana-bajica-32-Nove-06.webp\" alt=\"\" \/><img decoding=\"async\" src=\"https:\/\/kcpecinci.rs\/virtuelni-muzej\/wp-content\/uploads\/sites\/2\/2026\/01\/pecinci-kuca-slobodana-bajica-32-Nove-05.webp\" alt=\"\" \/><img decoding=\"async\" src=\"https:\/\/kcpecinci.rs\/virtuelni-muzej\/wp-content\/uploads\/sites\/2\/2026\/01\/pecinci-kuca-slobodana-bajica-32-Nove-04.webp\" alt=\"\" \/><img decoding=\"async\" src=\"https:\/\/kcpecinci.rs\/virtuelni-muzej\/wp-content\/uploads\/sites\/2\/2026\/01\/pecinci-kuca-slobodana-bajica-32-Nove-07.webp\" alt=\"\" \/><\/noscript><\/div>\n<\/div>\n<\/div>\n<\/div>\n\n\n\n<h2 class=\"wp-block-heading\">Video<\/h2>\n\n\n\n<figure class=\"wp-block-embed is-type-video is-provider-youtube wp-block-embed-youtube wp-embed-aspect-16-9 wp-has-aspect-ratio\"><div class=\"wp-block-embed__wrapper\">\n<iframe loading=\"lazy\" title=\"\u0412\u0418\u0420\u0422\u0423\u0415\u041b\u041d\u0418 \u041c\u0423\u0417\u0415\u0408: \u041f\u0435\u045b\u0438\u043d\u0446\u0438, \u041a\u0443\u045b\u0430 \u0443 \u0443\u043b\u0438\u0446\u0438 \u0421\u043b\u043e\u0431\u043e\u0434\u0430\u043d\u0430 \u0411\u0430\u0458\u0438\u045b\u0430 32\" width=\"500\" height=\"281\" src=\"https:\/\/www.youtube.com\/embed\/Pp2fbXfEIT0?feature=oembed\" frameborder=\"0\" allow=\"accelerometer; autoplay; clipboard-write; encrypted-media; gyroscope; picture-in-picture; web-share\" referrerpolicy=\"strict-origin-when-cross-origin\" allowfullscreen><\/iframe>\n<\/div><\/figure>\n","protected":false},"excerpt":{"rendered":"<p>Ku\u0107a Zorice Vidakovi\u0107 nalazi se u Pe\u0107incima, u ulici Slobodana Baji\u0107a 32, i predstavlja nepokretno kulturno dobro \u2013 spomenik kulture Republike Srbije. Objekat je upisan u registar Zavoda za za\u0161titu spomenika kulture Sremska Mitrovica 1999. godine. Istorijski zna\u010daj ku\u0107e proizilazi iz perioda od 1942. do 1944. godine, kada je u njoj bilo sedi\u0161te Sreskog komiteta [&hellip;]<\/p>\n","protected":false},"featured_media":1162,"template":"","meta":{"_acf_changed":true},"mesto":[39],"nivo-zakonske-zastite":[50],"vrsta-spomenika":[56],"class_list":["post-1159","kulturno_dobro","type-kulturno_dobro","status-publish","has-post-thumbnail","hentry","mesto-pecinci","nivo-zakonske-zastite-veliki-znacaj","vrsta-spomenika-gradjanska-arhitektura"],"acf":[],"mb":[],"yoast_head":"<!-- This site is optimized with the Yoast SEO plugin v26.8 - https:\/\/yoast.com\/product\/yoast-seo-wordpress\/ -->\n<title>Ku\u0107a Zorice Vidakovi\u0107 - Virtuelni muzej nepokretnog kulturnog nasle\u0111a u Donjem Sremu<\/title>\n<meta name=\"robots\" content=\"index, follow, max-snippet:-1, max-image-preview:large, max-video-preview:-1\" \/>\n<link rel=\"canonical\" href=\"https:\/\/kcpecinci.rs\/virtuelni-muzej\/kulturno_dobro\/kuca-zorice-vidakovic\/\" \/>\n<meta property=\"og:locale\" content=\"sr_RS\" \/>\n<meta property=\"og:type\" content=\"article\" \/>\n<meta property=\"og:title\" content=\"Ku\u0107a Zorice Vidakovi\u0107 - Virtuelni muzej nepokretnog kulturnog nasle\u0111a u Donjem Sremu\" \/>\n<meta property=\"og:description\" content=\"Ku\u0107a Zorice Vidakovi\u0107 nalazi se u Pe\u0107incima, u ulici Slobodana Baji\u0107a 32, i predstavlja nepokretno kulturno dobro \u2013 spomenik kulture Republike Srbije. Objekat je upisan u registar Zavoda za za\u0161titu spomenika kulture Sremska Mitrovica 1999. godine. Istorijski zna\u010daj ku\u0107e proizilazi iz perioda od 1942. do 1944. godine, kada je u njoj bilo sedi\u0161te Sreskog komiteta [&hellip;]\" \/>\n<meta property=\"og:url\" content=\"https:\/\/kcpecinci.rs\/virtuelni-muzej\/kulturno_dobro\/kuca-zorice-vidakovic\/\" \/>\n<meta property=\"og:site_name\" content=\"Virtuelni muzej nepokretnog kulturnog nasle\u0111a u Donjem Sremu\" \/>\n<meta property=\"article:modified_time\" content=\"2026-02-17T14:39:31+00:00\" \/>\n<meta property=\"og:image\" content=\"https:\/\/kcpecinci.rs\/virtuelni-muzej\/wp-content\/uploads\/sites\/2\/2026\/01\/pecinci-kuca-slobodana-bajica-32-Nove-06.webp\" \/>\n\t<meta property=\"og:image:width\" content=\"1600\" \/>\n\t<meta property=\"og:image:height\" content=\"1200\" \/>\n\t<meta property=\"og:image:type\" content=\"image\/webp\" \/>\n<meta name=\"twitter:card\" content=\"summary_large_image\" \/>\n<meta name=\"twitter:label1\" content=\"\u041f\u0440\u043e\u0446\u0435\u045a\u0435\u043d\u043e \u0432\u0440\u0435\u043c\u0435 \u0447\u0438\u0442\u0430\u045a\u0430\" \/>\n\t<meta name=\"twitter:data1\" content=\"2 \u043c\u0438\u043d\u0443\u0442\u0430\" \/>\n<script type=\"application\/ld+json\" class=\"yoast-schema-graph\">{\"@context\":\"https:\/\/schema.org\",\"@graph\":[{\"@type\":\"WebPage\",\"@id\":\"https:\/\/kcpecinci.rs\/virtuelni-muzej\/kulturno_dobro\/kuca-zorice-vidakovic\/\",\"url\":\"https:\/\/kcpecinci.rs\/virtuelni-muzej\/kulturno_dobro\/kuca-zorice-vidakovic\/\",\"name\":\"Ku\u0107a Zorice Vidakovi\u0107 - Virtuelni muzej nepokretnog kulturnog nasle\u0111a u Donjem Sremu\",\"isPartOf\":{\"@id\":\"https:\/\/kcpecinci.rs\/virtuelni-muzej\/#website\"},\"primaryImageOfPage\":{\"@id\":\"https:\/\/kcpecinci.rs\/virtuelni-muzej\/kulturno_dobro\/kuca-zorice-vidakovic\/#primaryimage\"},\"image\":{\"@id\":\"https:\/\/kcpecinci.rs\/virtuelni-muzej\/kulturno_dobro\/kuca-zorice-vidakovic\/#primaryimage\"},\"thumbnailUrl\":\"https:\/\/kcpecinci.rs\/virtuelni-muzej\/wp-content\/uploads\/sites\/2\/2026\/01\/pecinci-kuca-slobodana-bajica-32-Nove-06.webp\",\"datePublished\":\"2026-01-31T15:08:02+00:00\",\"dateModified\":\"2026-02-17T14:39:31+00:00\",\"breadcrumb\":{\"@id\":\"https:\/\/kcpecinci.rs\/virtuelni-muzej\/kulturno_dobro\/kuca-zorice-vidakovic\/#breadcrumb\"},\"inLanguage\":\"sr-RS\",\"potentialAction\":[{\"@type\":\"ReadAction\",\"target\":[\"https:\/\/kcpecinci.rs\/virtuelni-muzej\/kulturno_dobro\/kuca-zorice-vidakovic\/\"]}]},{\"@type\":\"ImageObject\",\"inLanguage\":\"sr-RS\",\"@id\":\"https:\/\/kcpecinci.rs\/virtuelni-muzej\/kulturno_dobro\/kuca-zorice-vidakovic\/#primaryimage\",\"url\":\"https:\/\/kcpecinci.rs\/virtuelni-muzej\/wp-content\/uploads\/sites\/2\/2026\/01\/pecinci-kuca-slobodana-bajica-32-Nove-06.webp\",\"contentUrl\":\"https:\/\/kcpecinci.rs\/virtuelni-muzej\/wp-content\/uploads\/sites\/2\/2026\/01\/pecinci-kuca-slobodana-bajica-32-Nove-06.webp\",\"width\":1600,\"height\":1200},{\"@type\":\"BreadcrumbList\",\"@id\":\"https:\/\/kcpecinci.rs\/virtuelni-muzej\/kulturno_dobro\/kuca-zorice-vidakovic\/#breadcrumb\",\"itemListElement\":[{\"@type\":\"ListItem\",\"position\":1,\"name\":\"\u041f\u043e\u0447\u0435\u0442\u043d\u0430\",\"item\":\"https:\/\/kcpecinci.rs\/virtuelni-muzej\/\"},{\"@type\":\"ListItem\",\"position\":2,\"name\":\"Kulturna dobra\",\"item\":\"https:\/\/kcpecinci.rs\/virtuelni-muzej\/kulturno_dobro\/\"},{\"@type\":\"ListItem\",\"position\":3,\"name\":\"Ku\u0107a Zorice Vidakovi\u0107\"}]},{\"@type\":\"WebSite\",\"@id\":\"https:\/\/kcpecinci.rs\/virtuelni-muzej\/#website\",\"url\":\"https:\/\/kcpecinci.rs\/virtuelni-muzej\/\",\"name\":\"Virtuelni muzej nepokretnog kulturnog nasle\u0111a u Donjem Sremu\",\"description\":\"Pri\u010de i spomenici Donjeg Srema\",\"publisher\":{\"@id\":\"https:\/\/kcpecinci.rs\/virtuelni-muzej\/#organization\"},\"potentialAction\":[{\"@type\":\"SearchAction\",\"target\":{\"@type\":\"EntryPoint\",\"urlTemplate\":\"https:\/\/kcpecinci.rs\/virtuelni-muzej\/?s={search_term_string}\"},\"query-input\":{\"@type\":\"PropertyValueSpecification\",\"valueRequired\":true,\"valueName\":\"search_term_string\"}}],\"inLanguage\":\"sr-RS\"},{\"@type\":\"Organization\",\"@id\":\"https:\/\/kcpecinci.rs\/virtuelni-muzej\/#organization\",\"name\":\"Virtuelni muzej nepokretnog kulturnog nasle\u0111a u Donjem Sremu\",\"url\":\"https:\/\/kcpecinci.rs\/virtuelni-muzej\/\",\"logo\":{\"@type\":\"ImageObject\",\"inLanguage\":\"sr-RS\",\"@id\":\"https:\/\/kcpecinci.rs\/virtuelni-muzej\/#\/schema\/logo\/image\/\",\"url\":\"https:\/\/kcpecinci.rs\/virtuelni-muzej\/wp-content\/uploads\/sites\/2\/2026\/02\/logo-nobg.png\",\"contentUrl\":\"https:\/\/kcpecinci.rs\/virtuelni-muzej\/wp-content\/uploads\/sites\/2\/2026\/02\/logo-nobg.png\",\"width\":542,\"height\":443,\"caption\":\"Virtuelni muzej nepokretnog kulturnog nasle\u0111a u Donjem Sremu\"},\"image\":{\"@id\":\"https:\/\/kcpecinci.rs\/virtuelni-muzej\/#\/schema\/logo\/image\/\"}}]}<\/script>\n<!-- \/ Yoast SEO plugin. -->","yoast_head_json":{"title":"Ku\u0107a Zorice Vidakovi\u0107 - Virtuelni muzej nepokretnog kulturnog nasle\u0111a u Donjem Sremu","robots":{"index":"index","follow":"follow","max-snippet":"max-snippet:-1","max-image-preview":"max-image-preview:large","max-video-preview":"max-video-preview:-1"},"canonical":"https:\/\/kcpecinci.rs\/virtuelni-muzej\/kulturno_dobro\/kuca-zorice-vidakovic\/","og_locale":"sr_RS","og_type":"article","og_title":"Ku\u0107a Zorice Vidakovi\u0107 - Virtuelni muzej nepokretnog kulturnog nasle\u0111a u Donjem Sremu","og_description":"Ku\u0107a Zorice Vidakovi\u0107 nalazi se u Pe\u0107incima, u ulici Slobodana Baji\u0107a 32, i predstavlja nepokretno kulturno dobro \u2013 spomenik kulture Republike Srbije. Objekat je upisan u registar Zavoda za za\u0161titu spomenika kulture Sremska Mitrovica 1999. godine. Istorijski zna\u010daj ku\u0107e proizilazi iz perioda od 1942. do 1944. godine, kada je u njoj bilo sedi\u0161te Sreskog komiteta [&hellip;]","og_url":"https:\/\/kcpecinci.rs\/virtuelni-muzej\/kulturno_dobro\/kuca-zorice-vidakovic\/","og_site_name":"Virtuelni muzej nepokretnog kulturnog nasle\u0111a u Donjem Sremu","article_modified_time":"2026-02-17T14:39:31+00:00","og_image":[{"width":1600,"height":1200,"url":"https:\/\/kcpecinci.rs\/virtuelni-muzej\/wp-content\/uploads\/sites\/2\/2026\/01\/pecinci-kuca-slobodana-bajica-32-Nove-06.webp","type":"image\/webp"}],"twitter_card":"summary_large_image","twitter_misc":{"\u041f\u0440\u043e\u0446\u0435\u045a\u0435\u043d\u043e \u0432\u0440\u0435\u043c\u0435 \u0447\u0438\u0442\u0430\u045a\u0430":"2 \u043c\u0438\u043d\u0443\u0442\u0430"},"schema":{"@context":"https:\/\/schema.org","@graph":[{"@type":"WebPage","@id":"https:\/\/kcpecinci.rs\/virtuelni-muzej\/kulturno_dobro\/kuca-zorice-vidakovic\/","url":"https:\/\/kcpecinci.rs\/virtuelni-muzej\/kulturno_dobro\/kuca-zorice-vidakovic\/","name":"Ku\u0107a Zorice Vidakovi\u0107 - Virtuelni muzej nepokretnog kulturnog nasle\u0111a u Donjem Sremu","isPartOf":{"@id":"https:\/\/kcpecinci.rs\/virtuelni-muzej\/#website"},"primaryImageOfPage":{"@id":"https:\/\/kcpecinci.rs\/virtuelni-muzej\/kulturno_dobro\/kuca-zorice-vidakovic\/#primaryimage"},"image":{"@id":"https:\/\/kcpecinci.rs\/virtuelni-muzej\/kulturno_dobro\/kuca-zorice-vidakovic\/#primaryimage"},"thumbnailUrl":"https:\/\/kcpecinci.rs\/virtuelni-muzej\/wp-content\/uploads\/sites\/2\/2026\/01\/pecinci-kuca-slobodana-bajica-32-Nove-06.webp","datePublished":"2026-01-31T15:08:02+00:00","dateModified":"2026-02-17T14:39:31+00:00","breadcrumb":{"@id":"https:\/\/kcpecinci.rs\/virtuelni-muzej\/kulturno_dobro\/kuca-zorice-vidakovic\/#breadcrumb"},"inLanguage":"sr-RS","potentialAction":[{"@type":"ReadAction","target":["https:\/\/kcpecinci.rs\/virtuelni-muzej\/kulturno_dobro\/kuca-zorice-vidakovic\/"]}]},{"@type":"ImageObject","inLanguage":"sr-RS","@id":"https:\/\/kcpecinci.rs\/virtuelni-muzej\/kulturno_dobro\/kuca-zorice-vidakovic\/#primaryimage","url":"https:\/\/kcpecinci.rs\/virtuelni-muzej\/wp-content\/uploads\/sites\/2\/2026\/01\/pecinci-kuca-slobodana-bajica-32-Nove-06.webp","contentUrl":"https:\/\/kcpecinci.rs\/virtuelni-muzej\/wp-content\/uploads\/sites\/2\/2026\/01\/pecinci-kuca-slobodana-bajica-32-Nove-06.webp","width":1600,"height":1200},{"@type":"BreadcrumbList","@id":"https:\/\/kcpecinci.rs\/virtuelni-muzej\/kulturno_dobro\/kuca-zorice-vidakovic\/#breadcrumb","itemListElement":[{"@type":"ListItem","position":1,"name":"\u041f\u043e\u0447\u0435\u0442\u043d\u0430","item":"https:\/\/kcpecinci.rs\/virtuelni-muzej\/"},{"@type":"ListItem","position":2,"name":"Kulturna dobra","item":"https:\/\/kcpecinci.rs\/virtuelni-muzej\/kulturno_dobro\/"},{"@type":"ListItem","position":3,"name":"Ku\u0107a Zorice Vidakovi\u0107"}]},{"@type":"WebSite","@id":"https:\/\/kcpecinci.rs\/virtuelni-muzej\/#website","url":"https:\/\/kcpecinci.rs\/virtuelni-muzej\/","name":"Virtuelni muzej nepokretnog kulturnog nasle\u0111a u Donjem Sremu","description":"Pri\u010de i spomenici Donjeg Srema","publisher":{"@id":"https:\/\/kcpecinci.rs\/virtuelni-muzej\/#organization"},"potentialAction":[{"@type":"SearchAction","target":{"@type":"EntryPoint","urlTemplate":"https:\/\/kcpecinci.rs\/virtuelni-muzej\/?s={search_term_string}"},"query-input":{"@type":"PropertyValueSpecification","valueRequired":true,"valueName":"search_term_string"}}],"inLanguage":"sr-RS"},{"@type":"Organization","@id":"https:\/\/kcpecinci.rs\/virtuelni-muzej\/#organization","name":"Virtuelni muzej nepokretnog kulturnog nasle\u0111a u Donjem Sremu","url":"https:\/\/kcpecinci.rs\/virtuelni-muzej\/","logo":{"@type":"ImageObject","inLanguage":"sr-RS","@id":"https:\/\/kcpecinci.rs\/virtuelni-muzej\/#\/schema\/logo\/image\/","url":"https:\/\/kcpecinci.rs\/virtuelni-muzej\/wp-content\/uploads\/sites\/2\/2026\/02\/logo-nobg.png","contentUrl":"https:\/\/kcpecinci.rs\/virtuelni-muzej\/wp-content\/uploads\/sites\/2\/2026\/02\/logo-nobg.png","width":542,"height":443,"caption":"Virtuelni muzej nepokretnog kulturnog nasle\u0111a u Donjem Sremu"},"image":{"@id":"https:\/\/kcpecinci.rs\/virtuelni-muzej\/#\/schema\/logo\/image\/"}}]}},"mfb_rest_fields":["title","yoast_head","yoast_head_json"],"_links":{"self":[{"href":"https:\/\/kcpecinci.rs\/virtuelni-muzej\/wp-json\/wp\/v2\/kulturno_dobro\/1159","targetHints":{"allow":["GET"]}}],"collection":[{"href":"https:\/\/kcpecinci.rs\/virtuelni-muzej\/wp-json\/wp\/v2\/kulturno_dobro"}],"about":[{"href":"https:\/\/kcpecinci.rs\/virtuelni-muzej\/wp-json\/wp\/v2\/types\/kulturno_dobro"}],"wp:featuredmedia":[{"embeddable":true,"href":"https:\/\/kcpecinci.rs\/virtuelni-muzej\/wp-json\/wp\/v2\/media\/1162"}],"wp:attachment":[{"href":"https:\/\/kcpecinci.rs\/virtuelni-muzej\/wp-json\/wp\/v2\/media?parent=1159"}],"wp:term":[{"taxonomy":"mesto","embeddable":true,"href":"https:\/\/kcpecinci.rs\/virtuelni-muzej\/wp-json\/wp\/v2\/mesto?post=1159"},{"taxonomy":"nivo-zakonske-zastite","embeddable":true,"href":"https:\/\/kcpecinci.rs\/virtuelni-muzej\/wp-json\/wp\/v2\/nivo-zakonske-zastite?post=1159"},{"taxonomy":"vrsta-spomenika","embeddable":true,"href":"https:\/\/kcpecinci.rs\/virtuelni-muzej\/wp-json\/wp\/v2\/vrsta-spomenika?post=1159"}],"curies":[{"name":"wp","href":"https:\/\/api.w.org\/{rel}","templated":true}]}}