{"id":1146,"date":"2026-01-31T15:00:23","date_gmt":"2026-01-31T15:00:23","guid":{"rendered":"https:\/\/kcpecinci.rs\/virtuelni-muzej\/?post_type=kulturno_dobro&#038;p=1146"},"modified":"2026-02-17T14:55:25","modified_gmt":"2026-02-17T14:55:25","slug":"spomen-bista-narodnog-heroja-blade-obradovica-kamenog","status":"publish","type":"kulturno_dobro","link":"https:\/\/kcpecinci.rs\/virtuelni-muzej\/kulturno_dobro\/spomen-bista-narodnog-heroja-blade-obradovica-kamenog\/","title":{"rendered":"Spomen-bista narodnog heroja Vlade Obradovi\u0107a Kamenog"},"content":{"rendered":"\n<p>Spomen-bista se nalazi u mestu A\u0161anja i pod za\u0161titom je Zavoda za za\u0161titu spomenika kulture Sremska Mitrovica. Progla\u0161ena je nepokretnim kulturnim dobrom Republike Srbije zbog svog istorijskog zna\u010daja.<\/p>\n\n\n\n<p>Vlada Obradovi\u0107 Kameni (1912\u20132. jun 1944) bio je u\u010desnik Narodnooslobodila\u010dke borbe i narodni heroj Jugoslavije. Otac mu je preminuo kada je imao samo godinu dana, a sa nepunih jedanaest preselio se sa majkom u A\u0161anju, gde je radio na imu\u0107nim seoskim gazdinstvima. Od po\u010detka okupacije aktivno se borio protiv okupatorskih i kvislin\u0161kih vlasti. U jednoj neuspeloj akciji uhapsili su ga folksdoj\u010deri, ali je pobegao i vratio se u selo, gde se krio.<\/p>\n\n\n\n<p>Tre\u0107eg septembra 1941. godine stupio je u Posavski partizanski odred i odmah u\u010destvovao u borbama. Krajem 1942. godine sa Posavskim batljonom pre\u0161ao je u isto\u010dnu Bosnu i postao \u010dlan Saveza komunista Jugoslavije. Postao je komandir Druge vojvo\u0111anske udarne brigade i u\u010destvovao u borbama za oslobo\u0111enje Srebrenice, Vlasenice, Zvornika, kao i na Majevici i Bri\u010du. Vi\u0161e puta je ranjen, le\u010den i oporavljan u Sremu. Na jesen 1943. postao je \u010dlan Mesnog NO odbora, a kasnije komandir bataljona u Srbiji.<\/p>\n\n\n\n<p>Svoj poslednji borbeni zadatak izvr\u0161io je 2. juna 1944. godine, kada je poginuo u borbi sa grupom Nemaca na Galovi\u010dkom kanalu, izme\u0111u Karlov\u010di\u0107a, Mihaljevaca i \u0160imanovaca. Posle njegove pogibije, jedan bataljon \u0160este vojvo\u0111anske udarne brigade nosio je njegovo ime. Za narodnog heroja progla\u0161en je 5. jula 1951. godine.<\/p>\n\n\n\n<p>Spomen-bista je upisana u centralni registar 27. decembra 1999. godine pod brojem ZM 59, a u registar Zavoda za za\u0161titu spomenika kulture Sremska Mitrovica 6. decembra 1999. pod brojem 18.<\/p>\n\n\n\n<p>Vlada Obradovi\u0107-Kameni ro\u0111en je 1912. godine u selu Lipa u okolini Biha\u0107a. Kao de\u010dak, 1923. godine do\u0161ao je u Srem, u A\u0161anju, gde je \u010duvao svinje i radio kod seoskih gazda. Kada je zemlja okupirana, kao buntovan mladi\u0107 stupio je 3. septembra 1942. godine u Posavski partizanski odred. U odredu se isticao hrabro\u0161\u0107u kao pu\u0161komitraljezac. U prole\u0107e 1943. godine ranjen je u okolini Bosanske Ra\u010de i posle oporavka vratio se u A\u0161anju, koje je u to vreme bilo slobodna partizanska teritorija.<\/p>\n\n\n\n<p>Kada je osnovan Specijalni bataljon Glavnog \u0161taba NOV-e i PO Vojvodine, Vlada je stupio u njega kao komandir tre\u0107e \u010dete. Bataljon je u\u010destvovao u borbama protiv \u010detnika u \u0161umi Jasenska kod Kupinova i pratio vojno-politi\u010dke rukovodioce koje je Vrhovni \u0161tab uputio u Srbiju. Krajem novembra 1943. godine bataljon se vratio u Srem, a u januaru 1944. godine u\u0161ao je u sastav \u0160este Vojvo\u0111anske brigade kao Tre\u0107i bataljon.<\/p>\n\n\n\n<p>Spomen-bista u A\u0161anji podse\u0107a na \u017eivot, hrabrost i \u017ertvu Vlade Obradovi\u0107a Kamenog, istaknutog borca Narodnooslobodila\u010dke borbe i narodnog heroja Jugoslavije.<\/p>\n\n\n\n<h2 class=\"wp-block-heading has-x-large-font-size\">Galerija<\/h2>\n\n\n\n<div data-wp-context=\"{ &quot;autoclose&quot;: false, &quot;accordionItems&quot;: [] }\" data-wp-interactive=\"core\/accordion\" role=\"group\" class=\"wp-block-accordion is-layout-flow wp-block-accordion-is-layout-flow\">\n<div data-wp-class--is-open=\"state.isOpen\" data-wp-context=\"{ &quot;id&quot;: &quot;accordion-item-1&quot;, &quot;openByDefault&quot;: false }\" data-wp-init=\"callbacks.initAccordionItems\" data-wp-on-window--hashchange=\"callbacks.hashChange\" class=\"wp-block-accordion-item is-layout-flow wp-block-accordion-item-is-layout-flow\">\n<h3 class=\"wp-block-accordion-heading\"><button aria-expanded=\"false\" aria-controls=\"accordion-item-1-panel\" data-wp-bind--aria-expanded=\"state.isOpen\" data-wp-on--click=\"actions.toggle\" data-wp-on--keydown=\"actions.handleKeyDown\" id=\"accordion-item-1\" type=\"button\" class=\"wp-block-accordion-heading__toggle\"><span class=\"wp-block-accordion-heading__toggle-icon\" aria-hidden=\"true\">+<\/span><span class=\"wp-block-accordion-heading__toggle-title\">Pogledaj sve fotografije<\/span><\/button><\/h3>\n\n\n\n<div inert aria-labelledby=\"accordion-item-1\" data-wp-bind--inert=\"!state.isOpen\" id=\"accordion-item-1-panel\" role=\"region\" class=\"wp-block-accordion-panel is-layout-flow wp-block-accordion-panel-is-layout-flow\">\n<div class=\"wp-block-envira-envira-gallery\"><div id=\"envira-gallery-wrap-1710\" class=\"envira-gallery-wrap envira-gallery-theme-base envira-lightbox-theme-\" itemscope itemtype=\"https:\/\/schema.org\/ImageGallery\"><div data-row-height=\"150\" data-gallery-theme=\"normal\" id=\"envira-gallery-1710\" class=\"envira-gallery-public envira-gallery-justified-public envira-gallery-0-columns envira-clear enviratope envira-gallery-css-animations\" data-envira-columns=\"0\"><div id=\"envira-gallery-item-1156\" class=\"envira-gallery-item enviratope-item envira-gallery-item-1 envira-lazy-load\" style=\"padding-left: 1px; padding-bottom: 1px; padding-right: 1px;\"  itemscope itemtype=\"https:\/\/schema.org\/ImageObject\"><div class=\"envira-gallery-item-inner\"><div class=\"envira-gallery-position-overlay  envira-gallery-top-left\"><\/div><div class=\"envira-gallery-position-overlay  envira-gallery-top-right\"><\/div><div class=\"envira-gallery-position-overlay  envira-gallery-bottom-left\"><\/div><div class=\"envira-gallery-position-overlay  envira-gallery-bottom-right\"><\/div><a href=\"https:\/\/kcpecinci.rs\/virtuelni-muzej\/wp-content\/uploads\/sites\/2\/2026\/01\/asanja-spomen-bista-blade-obradovica-kamenog-Stare-03.webp\" class=\"envira-gallery-1710 envira-gallery-link\" rel=\"enviragallery1710\" title=\"asanja-spomen-bista-blade-obradovica-kamenog-Stare-03\" data-envira-caption=\"asanja-spomen-bista-blade-obradovica-kamenog-Stare-03\" data-envira-retina=\"\" data-thumbnail=\"\"  itemprop=\"contentUrl\"><img decoding=\"async\" id=\"envira-gallery-image-1156\" class=\"envira-gallery-image envira-gallery-image-1 envira-normal envira-lazy\" data-envira-index=\"1\" src=\"https:\/\/kcpecinci.rs\/virtuelni-muzej\/wp-content\/uploads\/sites\/2\/2026\/01\/asanja-spomen-bista-blade-obradovica-kamenog-Stare-03-640x480.webp\" data-envira-src=\"https:\/\/kcpecinci.rs\/virtuelni-muzej\/wp-content\/uploads\/sites\/2\/2026\/01\/asanja-spomen-bista-blade-obradovica-kamenog-Stare-03-640x480.webp\" data-envira-gallery-id=\"1710\" data-envira-item-id=\"1156\" data-envira-caption=\"asanja-spomen-bista-blade-obradovica-kamenog-Stare-03\" alt=\"\" title=\"asanja-spomen-bista-blade-obradovica-kamenog-Stare-03\"  itemprop=\"thumbnailUrl\" data-envira-srcset=\"https:\/\/kcpecinci.rs\/virtuelni-muzej\/wp-content\/uploads\/sites\/2\/2026\/01\/asanja-spomen-bista-blade-obradovica-kamenog-Stare-03-640x480.webp 400w,https:\/\/kcpecinci.rs\/virtuelni-muzej\/wp-content\/uploads\/sites\/2\/2026\/01\/asanja-spomen-bista-blade-obradovica-kamenog-Stare-03-640x480.webp 2x\" data-envira-width=\"215\" data-envira-height=\"300\" srcset=\"data:image\/gif;base64,R0lGODlhAQABAIAAAP\/\/\/\/\/\/\/yH5BAEKAAEALAAAAAABAAEAAAICTAEAOw==\" data-safe-src=\"data:image\/gif;base64,R0lGODlhAQABAIAAAP\/\/\/\/\/\/\/yH5BAEKAAEALAAAAAABAAEAAAICTAEAOw==\" \/><\/a><\/div><\/div><div id=\"envira-gallery-item-1155\" class=\"envira-gallery-item enviratope-item envira-gallery-item-2 envira-lazy-load\" style=\"padding-left: 1px; padding-bottom: 1px; padding-right: 1px;\"  itemscope itemtype=\"https:\/\/schema.org\/ImageObject\"><div class=\"envira-gallery-item-inner\"><div class=\"envira-gallery-position-overlay  envira-gallery-top-left\"><\/div><div class=\"envira-gallery-position-overlay  envira-gallery-top-right\"><\/div><div class=\"envira-gallery-position-overlay  envira-gallery-bottom-left\"><\/div><div class=\"envira-gallery-position-overlay  envira-gallery-bottom-right\"><\/div><a href=\"https:\/\/kcpecinci.rs\/virtuelni-muzej\/wp-content\/uploads\/sites\/2\/2026\/01\/asanja-spomen-bista-blade-obradovica-kamenog-Stare-02.webp\" class=\"envira-gallery-1710 envira-gallery-link\" rel=\"enviragallery1710\" title=\"asanja-spomen-bista-blade-obradovica-kamenog-Stare-02\" data-envira-caption=\"asanja-spomen-bista-blade-obradovica-kamenog-Stare-02\" data-envira-retina=\"\" data-thumbnail=\"\"  itemprop=\"contentUrl\"><img decoding=\"async\" id=\"envira-gallery-image-1155\" class=\"envira-gallery-image envira-gallery-image-2 envira-normal envira-lazy\" data-envira-index=\"2\" src=\"https:\/\/kcpecinci.rs\/virtuelni-muzej\/wp-content\/uploads\/sites\/2\/2026\/01\/asanja-spomen-bista-blade-obradovica-kamenog-Stare-02-640x480.webp\" data-envira-src=\"https:\/\/kcpecinci.rs\/virtuelni-muzej\/wp-content\/uploads\/sites\/2\/2026\/01\/asanja-spomen-bista-blade-obradovica-kamenog-Stare-02-640x480.webp\" data-envira-gallery-id=\"1710\" data-envira-item-id=\"1155\" data-envira-caption=\"asanja-spomen-bista-blade-obradovica-kamenog-Stare-02\" alt=\"\" title=\"asanja-spomen-bista-blade-obradovica-kamenog-Stare-02\"  itemprop=\"thumbnailUrl\" data-envira-srcset=\"https:\/\/kcpecinci.rs\/virtuelni-muzej\/wp-content\/uploads\/sites\/2\/2026\/01\/asanja-spomen-bista-blade-obradovica-kamenog-Stare-02-640x480.webp 400w,https:\/\/kcpecinci.rs\/virtuelni-muzej\/wp-content\/uploads\/sites\/2\/2026\/01\/asanja-spomen-bista-blade-obradovica-kamenog-Stare-02-640x480.webp 2x\" data-envira-width=\"210\" data-envira-height=\"300\" srcset=\"data:image\/gif;base64,R0lGODlhAQABAIAAAP\/\/\/\/\/\/\/yH5BAEKAAEALAAAAAABAAEAAAICTAEAOw==\" data-safe-src=\"data:image\/gif;base64,R0lGODlhAQABAIAAAP\/\/\/\/\/\/\/yH5BAEKAAEALAAAAAABAAEAAAICTAEAOw==\" \/><\/a><\/div><\/div><div id=\"envira-gallery-item-1153\" class=\"envira-gallery-item enviratope-item envira-gallery-item-3 envira-lazy-load\" style=\"padding-left: 1px; padding-bottom: 1px; padding-right: 1px;\"  itemscope itemtype=\"https:\/\/schema.org\/ImageObject\"><div class=\"envira-gallery-item-inner\"><div class=\"envira-gallery-position-overlay  envira-gallery-top-left\"><\/div><div class=\"envira-gallery-position-overlay  envira-gallery-top-right\"><\/div><div class=\"envira-gallery-position-overlay  envira-gallery-bottom-left\"><\/div><div class=\"envira-gallery-position-overlay  envira-gallery-bottom-right\"><\/div><a href=\"https:\/\/kcpecinci.rs\/virtuelni-muzej\/wp-content\/uploads\/sites\/2\/2026\/01\/asanja-spomen-bista-blade-obradovica-kamenog-Nove-09.webp\" class=\"envira-gallery-1710 envira-gallery-link\" rel=\"enviragallery1710\" title=\"asanja-spomen-bista-blade-obradovica-kamenog-Nove-09\" data-envira-caption=\"asanja-spomen-bista-blade-obradovica-kamenog-Nove-09\" data-envira-retina=\"\" data-thumbnail=\"\"  itemprop=\"contentUrl\"><img decoding=\"async\" id=\"envira-gallery-image-1153\" class=\"envira-gallery-image envira-gallery-image-3 envira-normal envira-lazy\" data-envira-index=\"3\" src=\"https:\/\/kcpecinci.rs\/virtuelni-muzej\/wp-content\/uploads\/sites\/2\/2026\/01\/asanja-spomen-bista-blade-obradovica-kamenog-Nove-09-768x1024-640x480.webp\" data-envira-src=\"https:\/\/kcpecinci.rs\/virtuelni-muzej\/wp-content\/uploads\/sites\/2\/2026\/01\/asanja-spomen-bista-blade-obradovica-kamenog-Nove-09-768x1024-640x480.webp\" data-envira-gallery-id=\"1710\" data-envira-item-id=\"1153\" data-envira-caption=\"asanja-spomen-bista-blade-obradovica-kamenog-Nove-09\" alt=\"\" title=\"asanja-spomen-bista-blade-obradovica-kamenog-Nove-09\"  itemprop=\"thumbnailUrl\" data-envira-srcset=\"https:\/\/kcpecinci.rs\/virtuelni-muzej\/wp-content\/uploads\/sites\/2\/2026\/01\/asanja-spomen-bista-blade-obradovica-kamenog-Nove-09-768x1024-640x480.webp 400w,https:\/\/kcpecinci.rs\/virtuelni-muzej\/wp-content\/uploads\/sites\/2\/2026\/01\/asanja-spomen-bista-blade-obradovica-kamenog-Nove-09-768x1024-640x480.webp 2x\" data-envira-width=\"225\" data-envira-height=\"300\" srcset=\"data:image\/gif;base64,R0lGODlhAQABAIAAAP\/\/\/\/\/\/\/yH5BAEKAAEALAAAAAABAAEAAAICTAEAOw==\" data-safe-src=\"data:image\/gif;base64,R0lGODlhAQABAIAAAP\/\/\/\/\/\/\/yH5BAEKAAEALAAAAAABAAEAAAICTAEAOw==\" \/><\/a><\/div><\/div><div id=\"envira-gallery-item-1154\" class=\"envira-gallery-item enviratope-item envira-gallery-item-4 envira-lazy-load\" style=\"padding-left: 1px; padding-bottom: 1px; padding-right: 1px;\"  itemscope itemtype=\"https:\/\/schema.org\/ImageObject\"><div class=\"envira-gallery-item-inner\"><div class=\"envira-gallery-position-overlay  envira-gallery-top-left\"><\/div><div class=\"envira-gallery-position-overlay  envira-gallery-top-right\"><\/div><div class=\"envira-gallery-position-overlay  envira-gallery-bottom-left\"><\/div><div class=\"envira-gallery-position-overlay  envira-gallery-bottom-right\"><\/div><a href=\"https:\/\/kcpecinci.rs\/virtuelni-muzej\/wp-content\/uploads\/sites\/2\/2026\/01\/asanja-spomen-bista-blade-obradovica-kamenog-Stare-01.webp\" class=\"envira-gallery-1710 envira-gallery-link\" rel=\"enviragallery1710\" title=\"asanja-spomen-bista-blade-obradovica-kamenog-Stare-01\" data-envira-caption=\"asanja-spomen-bista-blade-obradovica-kamenog-Stare-01\" data-envira-retina=\"\" data-thumbnail=\"\"  itemprop=\"contentUrl\"><img decoding=\"async\" id=\"envira-gallery-image-1154\" class=\"envira-gallery-image envira-gallery-image-4 envira-normal envira-lazy\" data-envira-index=\"4\" src=\"https:\/\/kcpecinci.rs\/virtuelni-muzej\/wp-content\/uploads\/sites\/2\/2026\/01\/asanja-spomen-bista-blade-obradovica-kamenog-Stare-01-1024x768-640x480.webp\" data-envira-src=\"https:\/\/kcpecinci.rs\/virtuelni-muzej\/wp-content\/uploads\/sites\/2\/2026\/01\/asanja-spomen-bista-blade-obradovica-kamenog-Stare-01-1024x768-640x480.webp\" data-envira-gallery-id=\"1710\" data-envira-item-id=\"1154\" data-envira-caption=\"asanja-spomen-bista-blade-obradovica-kamenog-Stare-01\" alt=\"\" title=\"asanja-spomen-bista-blade-obradovica-kamenog-Stare-01\"  itemprop=\"thumbnailUrl\" data-envira-srcset=\"https:\/\/kcpecinci.rs\/virtuelni-muzej\/wp-content\/uploads\/sites\/2\/2026\/01\/asanja-spomen-bista-blade-obradovica-kamenog-Stare-01-1024x768-640x480.webp 400w,https:\/\/kcpecinci.rs\/virtuelni-muzej\/wp-content\/uploads\/sites\/2\/2026\/01\/asanja-spomen-bista-blade-obradovica-kamenog-Stare-01-1024x768-640x480.webp 2x\" data-envira-width=\"300\" data-envira-height=\"225\" srcset=\"data:image\/gif;base64,R0lGODlhAQABAIAAAP\/\/\/\/\/\/\/yH5BAEKAAEALAAAAAABAAEAAAICTAEAOw==\" data-safe-src=\"data:image\/gif;base64,R0lGODlhAQABAIAAAP\/\/\/\/\/\/\/yH5BAEKAAEALAAAAAABAAEAAAICTAEAOw==\" \/><\/a><\/div><\/div><div id=\"envira-gallery-item-1152\" class=\"envira-gallery-item enviratope-item envira-gallery-item-5 envira-lazy-load\" style=\"padding-left: 1px; padding-bottom: 1px; padding-right: 1px;\"  itemscope itemtype=\"https:\/\/schema.org\/ImageObject\"><div class=\"envira-gallery-item-inner\"><div class=\"envira-gallery-position-overlay  envira-gallery-top-left\"><\/div><div class=\"envira-gallery-position-overlay  envira-gallery-top-right\"><\/div><div class=\"envira-gallery-position-overlay  envira-gallery-bottom-left\"><\/div><div class=\"envira-gallery-position-overlay  envira-gallery-bottom-right\"><\/div><a href=\"https:\/\/kcpecinci.rs\/virtuelni-muzej\/wp-content\/uploads\/sites\/2\/2026\/01\/asanja-spomen-bista-blade-obradovica-kamenog-Nove-08.webp\" class=\"envira-gallery-1710 envira-gallery-link\" rel=\"enviragallery1710\" title=\"asanja-spomen-bista-blade-obradovica-kamenog-Nove-08\" data-envira-caption=\"asanja-spomen-bista-blade-obradovica-kamenog-Nove-08\" data-envira-retina=\"\" data-thumbnail=\"\"  itemprop=\"contentUrl\"><img decoding=\"async\" id=\"envira-gallery-image-1152\" class=\"envira-gallery-image envira-gallery-image-5 envira-normal envira-lazy\" data-envira-index=\"5\" src=\"https:\/\/kcpecinci.rs\/virtuelni-muzej\/wp-content\/uploads\/sites\/2\/2026\/01\/asanja-spomen-bista-blade-obradovica-kamenog-Nove-08-768x1024-640x480.webp\" data-envira-src=\"https:\/\/kcpecinci.rs\/virtuelni-muzej\/wp-content\/uploads\/sites\/2\/2026\/01\/asanja-spomen-bista-blade-obradovica-kamenog-Nove-08-768x1024-640x480.webp\" data-envira-gallery-id=\"1710\" data-envira-item-id=\"1152\" data-envira-caption=\"asanja-spomen-bista-blade-obradovica-kamenog-Nove-08\" alt=\"\" title=\"asanja-spomen-bista-blade-obradovica-kamenog-Nove-08\"  itemprop=\"thumbnailUrl\" data-envira-srcset=\"https:\/\/kcpecinci.rs\/virtuelni-muzej\/wp-content\/uploads\/sites\/2\/2026\/01\/asanja-spomen-bista-blade-obradovica-kamenog-Nove-08-768x1024-640x480.webp 400w,https:\/\/kcpecinci.rs\/virtuelni-muzej\/wp-content\/uploads\/sites\/2\/2026\/01\/asanja-spomen-bista-blade-obradovica-kamenog-Nove-08-768x1024-640x480.webp 2x\" data-envira-width=\"225\" data-envira-height=\"300\" srcset=\"data:image\/gif;base64,R0lGODlhAQABAIAAAP\/\/\/\/\/\/\/yH5BAEKAAEALAAAAAABAAEAAAICTAEAOw==\" data-safe-src=\"data:image\/gif;base64,R0lGODlhAQABAIAAAP\/\/\/\/\/\/\/yH5BAEKAAEALAAAAAABAAEAAAICTAEAOw==\" \/><\/a><\/div><\/div><div id=\"envira-gallery-item-1151\" class=\"envira-gallery-item enviratope-item envira-gallery-item-6 envira-lazy-load\" style=\"padding-left: 1px; padding-bottom: 1px; padding-right: 1px;\"  itemscope itemtype=\"https:\/\/schema.org\/ImageObject\"><div class=\"envira-gallery-item-inner\"><div class=\"envira-gallery-position-overlay  envira-gallery-top-left\"><\/div><div class=\"envira-gallery-position-overlay  envira-gallery-top-right\"><\/div><div class=\"envira-gallery-position-overlay  envira-gallery-bottom-left\"><\/div><div class=\"envira-gallery-position-overlay  envira-gallery-bottom-right\"><\/div><a href=\"https:\/\/kcpecinci.rs\/virtuelni-muzej\/wp-content\/uploads\/sites\/2\/2026\/01\/asanja-spomen-bista-blade-obradovica-kamenog-Nove-07.webp\" class=\"envira-gallery-1710 envira-gallery-link\" rel=\"enviragallery1710\" title=\"asanja-spomen-bista-blade-obradovica-kamenog-Nove-07\" data-envira-caption=\"asanja-spomen-bista-blade-obradovica-kamenog-Nove-07\" data-envira-retina=\"\" data-thumbnail=\"\"  itemprop=\"contentUrl\"><img decoding=\"async\" id=\"envira-gallery-image-1151\" class=\"envira-gallery-image envira-gallery-image-6 envira-normal envira-lazy\" data-envira-index=\"6\" src=\"https:\/\/kcpecinci.rs\/virtuelni-muzej\/wp-content\/uploads\/sites\/2\/2026\/01\/asanja-spomen-bista-blade-obradovica-kamenog-Nove-07-768x1024-640x480.webp\" data-envira-src=\"https:\/\/kcpecinci.rs\/virtuelni-muzej\/wp-content\/uploads\/sites\/2\/2026\/01\/asanja-spomen-bista-blade-obradovica-kamenog-Nove-07-768x1024-640x480.webp\" data-envira-gallery-id=\"1710\" data-envira-item-id=\"1151\" data-envira-caption=\"asanja-spomen-bista-blade-obradovica-kamenog-Nove-07\" alt=\"\" title=\"asanja-spomen-bista-blade-obradovica-kamenog-Nove-07\"  itemprop=\"thumbnailUrl\" data-envira-srcset=\"https:\/\/kcpecinci.rs\/virtuelni-muzej\/wp-content\/uploads\/sites\/2\/2026\/01\/asanja-spomen-bista-blade-obradovica-kamenog-Nove-07-768x1024-640x480.webp 400w,https:\/\/kcpecinci.rs\/virtuelni-muzej\/wp-content\/uploads\/sites\/2\/2026\/01\/asanja-spomen-bista-blade-obradovica-kamenog-Nove-07-768x1024-640x480.webp 2x\" data-envira-width=\"225\" data-envira-height=\"300\" srcset=\"data:image\/gif;base64,R0lGODlhAQABAIAAAP\/\/\/\/\/\/\/yH5BAEKAAEALAAAAAABAAEAAAICTAEAOw==\" data-safe-src=\"data:image\/gif;base64,R0lGODlhAQABAIAAAP\/\/\/\/\/\/\/yH5BAEKAAEALAAAAAABAAEAAAICTAEAOw==\" \/><\/a><\/div><\/div><div id=\"envira-gallery-item-1150\" class=\"envira-gallery-item enviratope-item envira-gallery-item-7 envira-lazy-load\" style=\"padding-left: 1px; padding-bottom: 1px; padding-right: 1px;\"  itemscope itemtype=\"https:\/\/schema.org\/ImageObject\"><div class=\"envira-gallery-item-inner\"><div class=\"envira-gallery-position-overlay  envira-gallery-top-left\"><\/div><div class=\"envira-gallery-position-overlay  envira-gallery-top-right\"><\/div><div class=\"envira-gallery-position-overlay  envira-gallery-bottom-left\"><\/div><div class=\"envira-gallery-position-overlay  envira-gallery-bottom-right\"><\/div><a href=\"https:\/\/kcpecinci.rs\/virtuelni-muzej\/wp-content\/uploads\/sites\/2\/2026\/01\/asanja-spomen-bista-blade-obradovica-kamenog-Nove-06.webp\" class=\"envira-gallery-1710 envira-gallery-link\" rel=\"enviragallery1710\" title=\"asanja-spomen-bista-blade-obradovica-kamenog-Nove-06\" data-envira-caption=\"asanja-spomen-bista-blade-obradovica-kamenog-Nove-06\" data-envira-retina=\"\" data-thumbnail=\"\"  itemprop=\"contentUrl\"><img decoding=\"async\" id=\"envira-gallery-image-1150\" class=\"envira-gallery-image envira-gallery-image-7 envira-normal envira-lazy\" data-envira-index=\"7\" src=\"https:\/\/kcpecinci.rs\/virtuelni-muzej\/wp-content\/uploads\/sites\/2\/2026\/01\/asanja-spomen-bista-blade-obradovica-kamenog-Nove-06-1024x768-640x480.webp\" data-envira-src=\"https:\/\/kcpecinci.rs\/virtuelni-muzej\/wp-content\/uploads\/sites\/2\/2026\/01\/asanja-spomen-bista-blade-obradovica-kamenog-Nove-06-1024x768-640x480.webp\" data-envira-gallery-id=\"1710\" data-envira-item-id=\"1150\" data-envira-caption=\"asanja-spomen-bista-blade-obradovica-kamenog-Nove-06\" alt=\"\" title=\"asanja-spomen-bista-blade-obradovica-kamenog-Nove-06\"  itemprop=\"thumbnailUrl\" data-envira-srcset=\"https:\/\/kcpecinci.rs\/virtuelni-muzej\/wp-content\/uploads\/sites\/2\/2026\/01\/asanja-spomen-bista-blade-obradovica-kamenog-Nove-06-1024x768-640x480.webp 400w,https:\/\/kcpecinci.rs\/virtuelni-muzej\/wp-content\/uploads\/sites\/2\/2026\/01\/asanja-spomen-bista-blade-obradovica-kamenog-Nove-06-1024x768-640x480.webp 2x\" data-envira-width=\"300\" data-envira-height=\"225\" srcset=\"data:image\/gif;base64,R0lGODlhAQABAIAAAP\/\/\/\/\/\/\/yH5BAEKAAEALAAAAAABAAEAAAICTAEAOw==\" data-safe-src=\"data:image\/gif;base64,R0lGODlhAQABAIAAAP\/\/\/\/\/\/\/yH5BAEKAAEALAAAAAABAAEAAAICTAEAOw==\" \/><\/a><\/div><\/div><div id=\"envira-gallery-item-1149\" class=\"envira-gallery-item enviratope-item envira-gallery-item-8 envira-lazy-load\" style=\"padding-left: 1px; padding-bottom: 1px; padding-right: 1px;\"  itemscope itemtype=\"https:\/\/schema.org\/ImageObject\"><div class=\"envira-gallery-item-inner\"><div class=\"envira-gallery-position-overlay  envira-gallery-top-left\"><\/div><div class=\"envira-gallery-position-overlay  envira-gallery-top-right\"><\/div><div class=\"envira-gallery-position-overlay  envira-gallery-bottom-left\"><\/div><div class=\"envira-gallery-position-overlay  envira-gallery-bottom-right\"><\/div><a href=\"https:\/\/kcpecinci.rs\/virtuelni-muzej\/wp-content\/uploads\/sites\/2\/2026\/01\/asanja-spomen-bista-blade-obradovica-kamenog-Nove-05-e1769886115117.webp\" class=\"envira-gallery-1710 envira-gallery-link\" rel=\"enviragallery1710\" title=\"asanja-spomen-bista-blade-obradovica-kamenog-Nove-05\" data-envira-caption=\"asanja-spomen-bista-blade-obradovica-kamenog-Nove-05\" data-envira-retina=\"\" data-thumbnail=\"\"  itemprop=\"contentUrl\"><img decoding=\"async\" id=\"envira-gallery-image-1149\" class=\"envira-gallery-image envira-gallery-image-8 envira-normal envira-lazy\" data-envira-index=\"8\" src=\"https:\/\/kcpecinci.rs\/virtuelni-muzej\/wp-content\/uploads\/sites\/2\/2026\/01\/asanja-spomen-bista-blade-obradovica-kamenog-Nove-05-e1769886115117-683x1024-640x480.webp\" data-envira-src=\"https:\/\/kcpecinci.rs\/virtuelni-muzej\/wp-content\/uploads\/sites\/2\/2026\/01\/asanja-spomen-bista-blade-obradovica-kamenog-Nove-05-e1769886115117-683x1024-640x480.webp\" data-envira-gallery-id=\"1710\" data-envira-item-id=\"1149\" data-envira-caption=\"asanja-spomen-bista-blade-obradovica-kamenog-Nove-05\" alt=\"\" title=\"asanja-spomen-bista-blade-obradovica-kamenog-Nove-05\"  itemprop=\"thumbnailUrl\" data-envira-srcset=\"https:\/\/kcpecinci.rs\/virtuelni-muzej\/wp-content\/uploads\/sites\/2\/2026\/01\/asanja-spomen-bista-blade-obradovica-kamenog-Nove-05-e1769886115117-683x1024-640x480.webp 400w,https:\/\/kcpecinci.rs\/virtuelni-muzej\/wp-content\/uploads\/sites\/2\/2026\/01\/asanja-spomen-bista-blade-obradovica-kamenog-Nove-05-e1769886115117-683x1024-640x480.webp 2x\" data-envira-width=\"200\" data-envira-height=\"300\" srcset=\"data:image\/gif;base64,R0lGODlhAQABAIAAAP\/\/\/\/\/\/\/yH5BAEKAAEALAAAAAABAAEAAAICTAEAOw==\" data-safe-src=\"data:image\/gif;base64,R0lGODlhAQABAIAAAP\/\/\/\/\/\/\/yH5BAEKAAEALAAAAAABAAEAAAICTAEAOw==\" \/><\/a><\/div><\/div><div id=\"envira-gallery-item-1148\" class=\"envira-gallery-item enviratope-item envira-gallery-item-9 envira-lazy-load\" style=\"padding-left: 1px; padding-bottom: 1px; padding-right: 1px;\"  itemscope itemtype=\"https:\/\/schema.org\/ImageObject\"><div class=\"envira-gallery-item-inner\"><div class=\"envira-gallery-position-overlay  envira-gallery-top-left\"><\/div><div class=\"envira-gallery-position-overlay  envira-gallery-top-right\"><\/div><div class=\"envira-gallery-position-overlay  envira-gallery-bottom-left\"><\/div><div class=\"envira-gallery-position-overlay  envira-gallery-bottom-right\"><\/div><a href=\"https:\/\/kcpecinci.rs\/virtuelni-muzej\/wp-content\/uploads\/sites\/2\/2026\/01\/asanja-spomen-bista-blade-obradovica-kamenog-Nove-04-e1769886127959.webp\" class=\"envira-gallery-1710 envira-gallery-link\" rel=\"enviragallery1710\" title=\"asanja-spomen-bista-blade-obradovica-kamenog-Nove-04\" data-envira-caption=\"asanja-spomen-bista-blade-obradovica-kamenog-Nove-04\" data-envira-retina=\"\" data-thumbnail=\"\"  itemprop=\"contentUrl\"><img decoding=\"async\" id=\"envira-gallery-image-1148\" class=\"envira-gallery-image envira-gallery-image-9 envira-normal envira-lazy\" data-envira-index=\"9\" src=\"https:\/\/kcpecinci.rs\/virtuelni-muzej\/wp-content\/uploads\/sites\/2\/2026\/01\/asanja-spomen-bista-blade-obradovica-kamenog-Nove-04-e1769886127959-683x1024-640x480.webp\" data-envira-src=\"https:\/\/kcpecinci.rs\/virtuelni-muzej\/wp-content\/uploads\/sites\/2\/2026\/01\/asanja-spomen-bista-blade-obradovica-kamenog-Nove-04-e1769886127959-683x1024-640x480.webp\" data-envira-gallery-id=\"1710\" data-envira-item-id=\"1148\" data-envira-caption=\"asanja-spomen-bista-blade-obradovica-kamenog-Nove-04\" alt=\"\" title=\"asanja-spomen-bista-blade-obradovica-kamenog-Nove-04\"  itemprop=\"thumbnailUrl\" data-envira-srcset=\"https:\/\/kcpecinci.rs\/virtuelni-muzej\/wp-content\/uploads\/sites\/2\/2026\/01\/asanja-spomen-bista-blade-obradovica-kamenog-Nove-04-e1769886127959-683x1024-640x480.webp 400w,https:\/\/kcpecinci.rs\/virtuelni-muzej\/wp-content\/uploads\/sites\/2\/2026\/01\/asanja-spomen-bista-blade-obradovica-kamenog-Nove-04-e1769886127959-683x1024-640x480.webp 2x\" data-envira-width=\"200\" data-envira-height=\"300\" srcset=\"data:image\/gif;base64,R0lGODlhAQABAIAAAP\/\/\/\/\/\/\/yH5BAEKAAEALAAAAAABAAEAAAICTAEAOw==\" data-safe-src=\"data:image\/gif;base64,R0lGODlhAQABAIAAAP\/\/\/\/\/\/\/yH5BAEKAAEALAAAAAABAAEAAAICTAEAOw==\" \/><\/a><\/div><\/div><\/div><\/div><noscript><img decoding=\"async\" src=\"https:\/\/kcpecinci.rs\/virtuelni-muzej\/wp-content\/uploads\/sites\/2\/2026\/01\/asanja-spomen-bista-blade-obradovica-kamenog-Stare-03.webp\" alt=\"\" \/><img decoding=\"async\" src=\"https:\/\/kcpecinci.rs\/virtuelni-muzej\/wp-content\/uploads\/sites\/2\/2026\/01\/asanja-spomen-bista-blade-obradovica-kamenog-Stare-02.webp\" alt=\"\" \/><img decoding=\"async\" src=\"https:\/\/kcpecinci.rs\/virtuelni-muzej\/wp-content\/uploads\/sites\/2\/2026\/01\/asanja-spomen-bista-blade-obradovica-kamenog-Nove-09.webp\" alt=\"\" \/><img decoding=\"async\" src=\"https:\/\/kcpecinci.rs\/virtuelni-muzej\/wp-content\/uploads\/sites\/2\/2026\/01\/asanja-spomen-bista-blade-obradovica-kamenog-Stare-01.webp\" alt=\"\" \/><img decoding=\"async\" src=\"https:\/\/kcpecinci.rs\/virtuelni-muzej\/wp-content\/uploads\/sites\/2\/2026\/01\/asanja-spomen-bista-blade-obradovica-kamenog-Nove-08.webp\" alt=\"\" \/><img decoding=\"async\" src=\"https:\/\/kcpecinci.rs\/virtuelni-muzej\/wp-content\/uploads\/sites\/2\/2026\/01\/asanja-spomen-bista-blade-obradovica-kamenog-Nove-07.webp\" alt=\"\" \/><img decoding=\"async\" src=\"https:\/\/kcpecinci.rs\/virtuelni-muzej\/wp-content\/uploads\/sites\/2\/2026\/01\/asanja-spomen-bista-blade-obradovica-kamenog-Nove-06.webp\" alt=\"\" \/><img decoding=\"async\" src=\"https:\/\/kcpecinci.rs\/virtuelni-muzej\/wp-content\/uploads\/sites\/2\/2026\/01\/asanja-spomen-bista-blade-obradovica-kamenog-Nove-05-e1769886115117.webp\" alt=\"\" \/><img decoding=\"async\" src=\"https:\/\/kcpecinci.rs\/virtuelni-muzej\/wp-content\/uploads\/sites\/2\/2026\/01\/asanja-spomen-bista-blade-obradovica-kamenog-Nove-04-e1769886127959.webp\" alt=\"\" \/><\/noscript><\/div>\n\n\n\n<p><\/p>\n<\/div>\n<\/div>\n<\/div>\n\n\n\n<h2 class=\"wp-block-heading\">Video<\/h2>\n\n\n\n<figure class=\"wp-block-embed is-type-video is-provider-youtube wp-block-embed-youtube wp-embed-aspect-16-9 wp-has-aspect-ratio\"><div class=\"wp-block-embed__wrapper\">\n<iframe loading=\"lazy\" title=\"\u0412\u0418\u0420\u0422\u0423\u0415\u041b\u041d\u0418 \u041c\u0423\u0417\u0415\u0408: \u0410\u0448\u0430\u045a\u0430, \u0421\u043f\u043e\u043c\u0435\u043d \u0431\u0438\u0441\u0442\u0430 \u041d\u0430\u0440\u043e\u0434\u043d\u043e\u0433 \u0445\u0435\u0440\u043e\u0458\u0430 \u0412\u043b\u0430\u0434\u0435 \u041e\u0431\u0440\u0430\u0434\u043e\u0432\u0438\u045b\u0430 \u041a\u0430\u043c\u0435\u043d\u043e\u0433\" width=\"500\" height=\"281\" src=\"https:\/\/www.youtube.com\/embed\/b5JDImz5u-8?feature=oembed\" frameborder=\"0\" allow=\"accelerometer; autoplay; clipboard-write; encrypted-media; gyroscope; picture-in-picture; web-share\" referrerpolicy=\"strict-origin-when-cross-origin\" allowfullscreen><\/iframe>\n<\/div><\/figure>\n","protected":false},"excerpt":{"rendered":"<p>Spomen-bista se nalazi u mestu A\u0161anja i pod za\u0161titom je Zavoda za za\u0161titu spomenika kulture Sremska Mitrovica. Progla\u0161ena je nepokretnim kulturnim dobrom Republike Srbije zbog svog istorijskog zna\u010daja. Vlada Obradovi\u0107 Kameni (1912\u20132. jun 1944) bio je u\u010desnik Narodnooslobodila\u010dke borbe i narodni heroj Jugoslavije. Otac mu je preminuo kada je imao samo godinu dana, a sa [&hellip;]<\/p>\n","protected":false},"featured_media":1150,"template":"","meta":{"_acf_changed":true},"mesto":[31],"nivo-zakonske-zastite":[51],"vrsta-spomenika":[55],"class_list":["post-1146","kulturno_dobro","type-kulturno_dobro","status-publish","has-post-thumbnail","hentry","mesto-asanja","nivo-zakonske-zastite-nepokretno-kulturno-dobro","vrsta-spomenika-spomen-obelezje"],"acf":[],"mb":[],"yoast_head":"<!-- This site is optimized with the Yoast SEO plugin v26.8 - https:\/\/yoast.com\/product\/yoast-seo-wordpress\/ -->\n<title>Spomen-bista narodnog heroja Vlade Obradovi\u0107a Kamenog - Virtuelni muzej nepokretnog kulturnog nasle\u0111a u Donjem Sremu<\/title>\n<meta name=\"robots\" content=\"index, follow, max-snippet:-1, max-image-preview:large, max-video-preview:-1\" \/>\n<link rel=\"canonical\" href=\"https:\/\/kcpecinci.rs\/virtuelni-muzej\/kulturno_dobro\/spomen-bista-narodnog-heroja-blade-obradovica-kamenog\/\" \/>\n<meta property=\"og:locale\" content=\"sr_RS\" \/>\n<meta property=\"og:type\" content=\"article\" \/>\n<meta property=\"og:title\" content=\"Spomen-bista narodnog heroja Vlade Obradovi\u0107a Kamenog - Virtuelni muzej nepokretnog kulturnog nasle\u0111a u Donjem Sremu\" \/>\n<meta property=\"og:description\" content=\"Spomen-bista se nalazi u mestu A\u0161anja i pod za\u0161titom je Zavoda za za\u0161titu spomenika kulture Sremska Mitrovica. Progla\u0161ena je nepokretnim kulturnim dobrom Republike Srbije zbog svog istorijskog zna\u010daja. Vlada Obradovi\u0107 Kameni (1912\u20132. jun 1944) bio je u\u010desnik Narodnooslobodila\u010dke borbe i narodni heroj Jugoslavije. Otac mu je preminuo kada je imao samo godinu dana, a sa [&hellip;]\" \/>\n<meta property=\"og:url\" content=\"https:\/\/kcpecinci.rs\/virtuelni-muzej\/kulturno_dobro\/spomen-bista-narodnog-heroja-blade-obradovica-kamenog\/\" \/>\n<meta property=\"og:site_name\" content=\"Virtuelni muzej nepokretnog kulturnog nasle\u0111a u Donjem Sremu\" \/>\n<meta property=\"article:modified_time\" content=\"2026-02-17T14:55:25+00:00\" \/>\n<meta property=\"og:image\" content=\"https:\/\/kcpecinci.rs\/virtuelni-muzej\/wp-content\/uploads\/sites\/2\/2026\/01\/asanja-spomen-bista-blade-obradovica-kamenog-Nove-06.webp\" \/>\n\t<meta property=\"og:image:width\" content=\"1600\" \/>\n\t<meta property=\"og:image:height\" content=\"1200\" \/>\n\t<meta property=\"og:image:type\" content=\"image\/webp\" \/>\n<meta name=\"twitter:card\" content=\"summary_large_image\" \/>\n<meta name=\"twitter:label1\" content=\"\u041f\u0440\u043e\u0446\u0435\u045a\u0435\u043d\u043e \u0432\u0440\u0435\u043c\u0435 \u0447\u0438\u0442\u0430\u045a\u0430\" \/>\n\t<meta name=\"twitter:data1\" content=\"3 \u043c\u0438\u043d\u0443\u0442\u0430\" \/>\n<script type=\"application\/ld+json\" class=\"yoast-schema-graph\">{\"@context\":\"https:\/\/schema.org\",\"@graph\":[{\"@type\":\"WebPage\",\"@id\":\"https:\/\/kcpecinci.rs\/virtuelni-muzej\/kulturno_dobro\/spomen-bista-narodnog-heroja-blade-obradovica-kamenog\/\",\"url\":\"https:\/\/kcpecinci.rs\/virtuelni-muzej\/kulturno_dobro\/spomen-bista-narodnog-heroja-blade-obradovica-kamenog\/\",\"name\":\"Spomen-bista narodnog heroja Vlade Obradovi\u0107a Kamenog - Virtuelni muzej nepokretnog kulturnog nasle\u0111a u Donjem Sremu\",\"isPartOf\":{\"@id\":\"https:\/\/kcpecinci.rs\/virtuelni-muzej\/#website\"},\"primaryImageOfPage\":{\"@id\":\"https:\/\/kcpecinci.rs\/virtuelni-muzej\/kulturno_dobro\/spomen-bista-narodnog-heroja-blade-obradovica-kamenog\/#primaryimage\"},\"image\":{\"@id\":\"https:\/\/kcpecinci.rs\/virtuelni-muzej\/kulturno_dobro\/spomen-bista-narodnog-heroja-blade-obradovica-kamenog\/#primaryimage\"},\"thumbnailUrl\":\"https:\/\/kcpecinci.rs\/virtuelni-muzej\/wp-content\/uploads\/sites\/2\/2026\/01\/asanja-spomen-bista-blade-obradovica-kamenog-Nove-06.webp\",\"datePublished\":\"2026-01-31T15:00:23+00:00\",\"dateModified\":\"2026-02-17T14:55:25+00:00\",\"breadcrumb\":{\"@id\":\"https:\/\/kcpecinci.rs\/virtuelni-muzej\/kulturno_dobro\/spomen-bista-narodnog-heroja-blade-obradovica-kamenog\/#breadcrumb\"},\"inLanguage\":\"sr-RS\",\"potentialAction\":[{\"@type\":\"ReadAction\",\"target\":[\"https:\/\/kcpecinci.rs\/virtuelni-muzej\/kulturno_dobro\/spomen-bista-narodnog-heroja-blade-obradovica-kamenog\/\"]}]},{\"@type\":\"ImageObject\",\"inLanguage\":\"sr-RS\",\"@id\":\"https:\/\/kcpecinci.rs\/virtuelni-muzej\/kulturno_dobro\/spomen-bista-narodnog-heroja-blade-obradovica-kamenog\/#primaryimage\",\"url\":\"https:\/\/kcpecinci.rs\/virtuelni-muzej\/wp-content\/uploads\/sites\/2\/2026\/01\/asanja-spomen-bista-blade-obradovica-kamenog-Nove-06.webp\",\"contentUrl\":\"https:\/\/kcpecinci.rs\/virtuelni-muzej\/wp-content\/uploads\/sites\/2\/2026\/01\/asanja-spomen-bista-blade-obradovica-kamenog-Nove-06.webp\",\"width\":1600,\"height\":1200},{\"@type\":\"BreadcrumbList\",\"@id\":\"https:\/\/kcpecinci.rs\/virtuelni-muzej\/kulturno_dobro\/spomen-bista-narodnog-heroja-blade-obradovica-kamenog\/#breadcrumb\",\"itemListElement\":[{\"@type\":\"ListItem\",\"position\":1,\"name\":\"\u041f\u043e\u0447\u0435\u0442\u043d\u0430\",\"item\":\"https:\/\/kcpecinci.rs\/virtuelni-muzej\/\"},{\"@type\":\"ListItem\",\"position\":2,\"name\":\"Kulturna dobra\",\"item\":\"https:\/\/kcpecinci.rs\/virtuelni-muzej\/kulturno_dobro\/\"},{\"@type\":\"ListItem\",\"position\":3,\"name\":\"Spomen-bista narodnog heroja Vlade Obradovi\u0107a Kamenog\"}]},{\"@type\":\"WebSite\",\"@id\":\"https:\/\/kcpecinci.rs\/virtuelni-muzej\/#website\",\"url\":\"https:\/\/kcpecinci.rs\/virtuelni-muzej\/\",\"name\":\"Virtuelni muzej nepokretnog kulturnog nasle\u0111a u Donjem Sremu\",\"description\":\"Pri\u010de i spomenici Donjeg Srema\",\"publisher\":{\"@id\":\"https:\/\/kcpecinci.rs\/virtuelni-muzej\/#organization\"},\"potentialAction\":[{\"@type\":\"SearchAction\",\"target\":{\"@type\":\"EntryPoint\",\"urlTemplate\":\"https:\/\/kcpecinci.rs\/virtuelni-muzej\/?s={search_term_string}\"},\"query-input\":{\"@type\":\"PropertyValueSpecification\",\"valueRequired\":true,\"valueName\":\"search_term_string\"}}],\"inLanguage\":\"sr-RS\"},{\"@type\":\"Organization\",\"@id\":\"https:\/\/kcpecinci.rs\/virtuelni-muzej\/#organization\",\"name\":\"Virtuelni muzej nepokretnog kulturnog nasle\u0111a u Donjem Sremu\",\"url\":\"https:\/\/kcpecinci.rs\/virtuelni-muzej\/\",\"logo\":{\"@type\":\"ImageObject\",\"inLanguage\":\"sr-RS\",\"@id\":\"https:\/\/kcpecinci.rs\/virtuelni-muzej\/#\/schema\/logo\/image\/\",\"url\":\"https:\/\/kcpecinci.rs\/virtuelni-muzej\/wp-content\/uploads\/sites\/2\/2026\/02\/logo-nobg.png\",\"contentUrl\":\"https:\/\/kcpecinci.rs\/virtuelni-muzej\/wp-content\/uploads\/sites\/2\/2026\/02\/logo-nobg.png\",\"width\":542,\"height\":443,\"caption\":\"Virtuelni muzej nepokretnog kulturnog nasle\u0111a u Donjem Sremu\"},\"image\":{\"@id\":\"https:\/\/kcpecinci.rs\/virtuelni-muzej\/#\/schema\/logo\/image\/\"}}]}<\/script>\n<!-- \/ Yoast SEO plugin. -->","yoast_head_json":{"title":"Spomen-bista narodnog heroja Vlade Obradovi\u0107a Kamenog - Virtuelni muzej nepokretnog kulturnog nasle\u0111a u Donjem Sremu","robots":{"index":"index","follow":"follow","max-snippet":"max-snippet:-1","max-image-preview":"max-image-preview:large","max-video-preview":"max-video-preview:-1"},"canonical":"https:\/\/kcpecinci.rs\/virtuelni-muzej\/kulturno_dobro\/spomen-bista-narodnog-heroja-blade-obradovica-kamenog\/","og_locale":"sr_RS","og_type":"article","og_title":"Spomen-bista narodnog heroja Vlade Obradovi\u0107a Kamenog - Virtuelni muzej nepokretnog kulturnog nasle\u0111a u Donjem Sremu","og_description":"Spomen-bista se nalazi u mestu A\u0161anja i pod za\u0161titom je Zavoda za za\u0161titu spomenika kulture Sremska Mitrovica. Progla\u0161ena je nepokretnim kulturnim dobrom Republike Srbije zbog svog istorijskog zna\u010daja. Vlada Obradovi\u0107 Kameni (1912\u20132. jun 1944) bio je u\u010desnik Narodnooslobodila\u010dke borbe i narodni heroj Jugoslavije. Otac mu je preminuo kada je imao samo godinu dana, a sa [&hellip;]","og_url":"https:\/\/kcpecinci.rs\/virtuelni-muzej\/kulturno_dobro\/spomen-bista-narodnog-heroja-blade-obradovica-kamenog\/","og_site_name":"Virtuelni muzej nepokretnog kulturnog nasle\u0111a u Donjem Sremu","article_modified_time":"2026-02-17T14:55:25+00:00","og_image":[{"width":1600,"height":1200,"url":"https:\/\/kcpecinci.rs\/virtuelni-muzej\/wp-content\/uploads\/sites\/2\/2026\/01\/asanja-spomen-bista-blade-obradovica-kamenog-Nove-06.webp","type":"image\/webp"}],"twitter_card":"summary_large_image","twitter_misc":{"\u041f\u0440\u043e\u0446\u0435\u045a\u0435\u043d\u043e \u0432\u0440\u0435\u043c\u0435 \u0447\u0438\u0442\u0430\u045a\u0430":"3 \u043c\u0438\u043d\u0443\u0442\u0430"},"schema":{"@context":"https:\/\/schema.org","@graph":[{"@type":"WebPage","@id":"https:\/\/kcpecinci.rs\/virtuelni-muzej\/kulturno_dobro\/spomen-bista-narodnog-heroja-blade-obradovica-kamenog\/","url":"https:\/\/kcpecinci.rs\/virtuelni-muzej\/kulturno_dobro\/spomen-bista-narodnog-heroja-blade-obradovica-kamenog\/","name":"Spomen-bista narodnog heroja Vlade Obradovi\u0107a Kamenog - Virtuelni muzej nepokretnog kulturnog nasle\u0111a u Donjem Sremu","isPartOf":{"@id":"https:\/\/kcpecinci.rs\/virtuelni-muzej\/#website"},"primaryImageOfPage":{"@id":"https:\/\/kcpecinci.rs\/virtuelni-muzej\/kulturno_dobro\/spomen-bista-narodnog-heroja-blade-obradovica-kamenog\/#primaryimage"},"image":{"@id":"https:\/\/kcpecinci.rs\/virtuelni-muzej\/kulturno_dobro\/spomen-bista-narodnog-heroja-blade-obradovica-kamenog\/#primaryimage"},"thumbnailUrl":"https:\/\/kcpecinci.rs\/virtuelni-muzej\/wp-content\/uploads\/sites\/2\/2026\/01\/asanja-spomen-bista-blade-obradovica-kamenog-Nove-06.webp","datePublished":"2026-01-31T15:00:23+00:00","dateModified":"2026-02-17T14:55:25+00:00","breadcrumb":{"@id":"https:\/\/kcpecinci.rs\/virtuelni-muzej\/kulturno_dobro\/spomen-bista-narodnog-heroja-blade-obradovica-kamenog\/#breadcrumb"},"inLanguage":"sr-RS","potentialAction":[{"@type":"ReadAction","target":["https:\/\/kcpecinci.rs\/virtuelni-muzej\/kulturno_dobro\/spomen-bista-narodnog-heroja-blade-obradovica-kamenog\/"]}]},{"@type":"ImageObject","inLanguage":"sr-RS","@id":"https:\/\/kcpecinci.rs\/virtuelni-muzej\/kulturno_dobro\/spomen-bista-narodnog-heroja-blade-obradovica-kamenog\/#primaryimage","url":"https:\/\/kcpecinci.rs\/virtuelni-muzej\/wp-content\/uploads\/sites\/2\/2026\/01\/asanja-spomen-bista-blade-obradovica-kamenog-Nove-06.webp","contentUrl":"https:\/\/kcpecinci.rs\/virtuelni-muzej\/wp-content\/uploads\/sites\/2\/2026\/01\/asanja-spomen-bista-blade-obradovica-kamenog-Nove-06.webp","width":1600,"height":1200},{"@type":"BreadcrumbList","@id":"https:\/\/kcpecinci.rs\/virtuelni-muzej\/kulturno_dobro\/spomen-bista-narodnog-heroja-blade-obradovica-kamenog\/#breadcrumb","itemListElement":[{"@type":"ListItem","position":1,"name":"\u041f\u043e\u0447\u0435\u0442\u043d\u0430","item":"https:\/\/kcpecinci.rs\/virtuelni-muzej\/"},{"@type":"ListItem","position":2,"name":"Kulturna dobra","item":"https:\/\/kcpecinci.rs\/virtuelni-muzej\/kulturno_dobro\/"},{"@type":"ListItem","position":3,"name":"Spomen-bista narodnog heroja Vlade Obradovi\u0107a Kamenog"}]},{"@type":"WebSite","@id":"https:\/\/kcpecinci.rs\/virtuelni-muzej\/#website","url":"https:\/\/kcpecinci.rs\/virtuelni-muzej\/","name":"Virtuelni muzej nepokretnog kulturnog nasle\u0111a u Donjem Sremu","description":"Pri\u010de i spomenici Donjeg Srema","publisher":{"@id":"https:\/\/kcpecinci.rs\/virtuelni-muzej\/#organization"},"potentialAction":[{"@type":"SearchAction","target":{"@type":"EntryPoint","urlTemplate":"https:\/\/kcpecinci.rs\/virtuelni-muzej\/?s={search_term_string}"},"query-input":{"@type":"PropertyValueSpecification","valueRequired":true,"valueName":"search_term_string"}}],"inLanguage":"sr-RS"},{"@type":"Organization","@id":"https:\/\/kcpecinci.rs\/virtuelni-muzej\/#organization","name":"Virtuelni muzej nepokretnog kulturnog nasle\u0111a u Donjem Sremu","url":"https:\/\/kcpecinci.rs\/virtuelni-muzej\/","logo":{"@type":"ImageObject","inLanguage":"sr-RS","@id":"https:\/\/kcpecinci.rs\/virtuelni-muzej\/#\/schema\/logo\/image\/","url":"https:\/\/kcpecinci.rs\/virtuelni-muzej\/wp-content\/uploads\/sites\/2\/2026\/02\/logo-nobg.png","contentUrl":"https:\/\/kcpecinci.rs\/virtuelni-muzej\/wp-content\/uploads\/sites\/2\/2026\/02\/logo-nobg.png","width":542,"height":443,"caption":"Virtuelni muzej nepokretnog kulturnog nasle\u0111a u Donjem Sremu"},"image":{"@id":"https:\/\/kcpecinci.rs\/virtuelni-muzej\/#\/schema\/logo\/image\/"}}]}},"mfb_rest_fields":["title","yoast_head","yoast_head_json"],"_links":{"self":[{"href":"https:\/\/kcpecinci.rs\/virtuelni-muzej\/wp-json\/wp\/v2\/kulturno_dobro\/1146","targetHints":{"allow":["GET"]}}],"collection":[{"href":"https:\/\/kcpecinci.rs\/virtuelni-muzej\/wp-json\/wp\/v2\/kulturno_dobro"}],"about":[{"href":"https:\/\/kcpecinci.rs\/virtuelni-muzej\/wp-json\/wp\/v2\/types\/kulturno_dobro"}],"wp:featuredmedia":[{"embeddable":true,"href":"https:\/\/kcpecinci.rs\/virtuelni-muzej\/wp-json\/wp\/v2\/media\/1150"}],"wp:attachment":[{"href":"https:\/\/kcpecinci.rs\/virtuelni-muzej\/wp-json\/wp\/v2\/media?parent=1146"}],"wp:term":[{"taxonomy":"mesto","embeddable":true,"href":"https:\/\/kcpecinci.rs\/virtuelni-muzej\/wp-json\/wp\/v2\/mesto?post=1146"},{"taxonomy":"nivo-zakonske-zastite","embeddable":true,"href":"https:\/\/kcpecinci.rs\/virtuelni-muzej\/wp-json\/wp\/v2\/nivo-zakonske-zastite?post=1146"},{"taxonomy":"vrsta-spomenika","embeddable":true,"href":"https:\/\/kcpecinci.rs\/virtuelni-muzej\/wp-json\/wp\/v2\/vrsta-spomenika?post=1146"}],"curies":[{"name":"wp","href":"https:\/\/api.w.org\/{rel}","templated":true}]}}